{"id":710,"date":"2017-05-01T12:48:08","date_gmt":"2017-05-01T10:48:08","guid":{"rendered":"http:\/\/tus.eschringen.de\/wordpress\/?post_type=tribe_events&#038;p=710"},"modified":"2017-05-01T12:48:08","modified_gmt":"2017-05-01T10:48:08","slug":"tus-eschringen-tuerkiyem-sulzbach","status":"publish","type":"tribe_events","link":"https:\/\/tus.eschringen.de\/wordpress\/event\/tus-eschringen-tuerkiyem-sulzbach\/","title":{"rendered":"TuS Eschringen &#8211; T\u00fcrkiyem Sulzbach"},"content":{"rendered":"<p><strong>1. Mannschaft:<\/strong><\/p>\n<p><strong>Bezirksliga Saarbr\u00fccken &#8211; Sonntag<\/strong><strong>, 25.10.2015, 15.00 Uhr, Sportplatz Eschringen<\/strong><\/p>\n<p>TuS Eschringen &#8211; T\u00fcrkiyem Sulzbach\u00a0<strong> 1:2<\/strong> (0:1)<\/p>\n<p><strong>Spielbericht:<\/strong><\/p>\n<p>Das Spiel passte sich den tristen Witterungsbedingungen an. Wenig Erbauliches gab es in der ersten Halbzeit f\u00fcr die gerade mal 50 anwesenden Zuschauer zu sehen. Das TuS-Team, geschw\u00e4cht durch insgesamt neun verletzungsbedingte Ausf\u00e4lle bzw. gesperrte Spieler, fand nicht ins Spiel. Erst in der 44. Spielminute gelang der erste Torschuss. T\u00fcrkiyem Sulzbach machte es allerdings auch nicht viel besser. Eine F\u00fchrung zur Halbzeit hatte eigentlich kein Team verdient. Dennoch fiel ein Tor. Dem F\u00fchrungstreffer der G\u00e4ste nach 20 Minuten gingen drei ungl\u00fcckliche Situationen voraus. Zun\u00e4chst war man sich bei einem lang geschlagenen Ball im Mittelfeld mit drei Spielern nicht einig, wer diesen annehmen sollte und schlie\u00dflich tat es keiner. Anschlie\u00dfend wurde der gegnerische St\u00fcrmer von unserem Verteidiger ungl\u00fccklich angeschossen, so dass der Ball dem Spieler in den Lauf prallte. Letztlich kam unser Torwart zu sp\u00e4t heraus, schoss den gegnerischen St\u00fcrmer erneut an und von dort prallte der Ball ins Tor.<br \/>\nIn der zweiten Halbzeit machte es der TuS zun\u00e4chst besser. Man erspielte sich direkt zwei Torchancen, die aber nicht genutzt werden konnten. Nach vorne fehlte einfach die Durchschlagskraft. So zeigte man sich auch in der Folge bem\u00fcht, konnte sich aber nicht entscheidend in Szene setzen. Ein Konter von T\u00fcrkiyem Sulzbach f\u00fchrte schlie\u00dflich zum vorentscheidenden 0:2. Kurz vor Ende der Partie konnte Timo Schultheiss mit einem abgef\u00e4lschten Freisto\u00df noch einmal auf 1:2 verk\u00fcrzen. Trotz der langen Nachspielzeit des souver\u00e4nen Schiedsrichters Hartmut Reiber reichte es f\u00fcr unser Team aber nicht mehr zum Ausgleich.<br \/>\nIn den kommenden Wochen hei\u00dft es aufgrund der personellen Verluste zusammenzur\u00fccken und nach M\u00f6glichkeit noch den einen oder anderen Punkt mitzunehmen. Nach der Winterpause d\u00fcrfte sich die Situation dann wieder entspannen.<\/p>\n<p><strong>Tore:<\/strong><\/p>\n<p><strong>1:2<\/strong> Timo Schultheis<\/p>\n","protected":false},"excerpt":{"rendered":"<p>1. Mannschaft: Bezirksliga Saarbr\u00fccken &#8211; Sonntag, 25.10.2015, 15.00 Uhr, Sportplatz Eschringen TuS Eschringen &#8211; T\u00fcrkiyem Sulzbach\u00a0 1:2 (0:1) Spielbericht: Das Spiel passte sich den tristen Witterungsbedingungen an. Wenig Erbauliches gab es in der ersten Halbzeit f\u00fcr die gerade mal 50 anwesenden Zuschauer zu sehen. Das TuS-Team, geschw\u00e4cht durch insgesamt neun verletzungsbedingte Ausf\u00e4lle bzw. gesperrte Spieler, &#8230; <\/p>\n<p class=\"read-more-container\"><a title=\"TuS Eschringen &#8211; T\u00fcrkiyem Sulzbach\" class=\"read-more button\" href=\"https:\/\/tus.eschringen.de\/wordpress\/event\/tus-eschringen-tuerkiyem-sulzbach\/#more-710\" aria-label=\"Mehr Informationen \u00fcber TuS Eschringen &#8211; T\u00fcrkiyem Sulzbach\">alles lesen<\/a><\/p>\n","protected":false},"author":1,"featured_media":0,"template":"","meta":{"generate_page_header":"","_tribe_events_status":"","_tribe_events_status_reason":"","footnotes":""},"tags":[],"tribe_events_cat":[],"class_list":["post-710","tribe_events","type-tribe_events","status-publish","hentry"],"yoast_head":"<!-- This site is optimized with the Yoast SEO plugin v27.5 - https:\/\/yoast.com\/product\/yoast-seo-wordpress\/ -->\n<title>TuS Eschringen - T\u00fcrkiyem Sulzbach - TuS Eschringen<\/title>\n<meta name=\"robots\" content=\"index, follow, max-snippet:-1, max-image-preview:large, max-video-preview:-1\" \/>\n<link rel=\"canonical\" href=\"https:\/\/tus.eschringen.de\/wordpress\/event\/tus-eschringen-tuerkiyem-sulzbach\/\" \/>\n<meta property=\"og:locale\" content=\"de_DE\" \/>\n<meta property=\"og:type\" content=\"article\" \/>\n<meta property=\"og:title\" content=\"TuS Eschringen - T\u00fcrkiyem Sulzbach - TuS Eschringen\" \/>\n<meta property=\"og:description\" content=\"1. Mannschaft: Bezirksliga Saarbr\u00fccken &#8211; Sonntag, 25.10.2015, 15.00 Uhr, Sportplatz Eschringen TuS Eschringen &#8211; T\u00fcrkiyem Sulzbach\u00a0 1:2 (0:1) Spielbericht: Das Spiel passte sich den tristen Witterungsbedingungen an. Wenig Erbauliches gab es in der ersten Halbzeit f\u00fcr die gerade mal 50 anwesenden Zuschauer zu sehen. Das TuS-Team, geschw\u00e4cht durch insgesamt neun verletzungsbedingte Ausf\u00e4lle bzw. gesperrte Spieler, ... alles lesen\" \/>\n<meta property=\"og:url\" content=\"https:\/\/tus.eschringen.de\/wordpress\/event\/tus-eschringen-tuerkiyem-sulzbach\/\" \/>\n<meta property=\"og:site_name\" content=\"TuS Eschringen\" \/>\n<meta property=\"article:publisher\" content=\"https:\/\/www.facebook.com\/TuS.Eschringen\/\" \/>\n<meta name=\"twitter:card\" content=\"summary_large_image\" \/>\n<meta name=\"twitter:label1\" content=\"Gesch\u00e4tzte Lesezeit\" \/>\n\t<meta name=\"twitter:data1\" content=\"2\u00a0Minuten\" \/>\n<script type=\"application\/ld+json\" class=\"yoast-schema-graph\">{\"@context\":\"https:\\\/\\\/schema.org\",\"@graph\":[{\"@type\":\"WebPage\",\"@id\":\"https:\\\/\\\/tus.eschringen.de\\\/wordpress\\\/event\\\/tus-eschringen-tuerkiyem-sulzbach\\\/\",\"url\":\"https:\\\/\\\/tus.eschringen.de\\\/wordpress\\\/event\\\/tus-eschringen-tuerkiyem-sulzbach\\\/\",\"name\":\"TuS Eschringen - T\u00fcrkiyem Sulzbach - TuS Eschringen\",\"isPartOf\":{\"@id\":\"https:\\\/\\\/tus.eschringen.de\\\/wordpress\\\/#website\"},\"datePublished\":\"2017-05-01T10:48:08+00:00\",\"breadcrumb\":{\"@id\":\"https:\\\/\\\/tus.eschringen.de\\\/wordpress\\\/event\\\/tus-eschringen-tuerkiyem-sulzbach\\\/#breadcrumb\"},\"inLanguage\":\"de\",\"potentialAction\":[{\"@type\":\"ReadAction\",\"target\":[\"https:\\\/\\\/tus.eschringen.de\\\/wordpress\\\/event\\\/tus-eschringen-tuerkiyem-sulzbach\\\/\"]}]},{\"@type\":\"BreadcrumbList\",\"@id\":\"https:\\\/\\\/tus.eschringen.de\\\/wordpress\\\/event\\\/tus-eschringen-tuerkiyem-sulzbach\\\/#breadcrumb\",\"itemListElement\":[{\"@type\":\"ListItem\",\"position\":1,\"name\":\"Startseite\",\"item\":\"https:\\\/\\\/tus.eschringen.de\\\/wordpress\\\/\"},{\"@type\":\"ListItem\",\"position\":2,\"name\":\"Veranstaltungen\",\"item\":\"https:\\\/\\\/tus.eschringen.de\\\/wordpress\\\/events\\\/\"},{\"@type\":\"ListItem\",\"position\":3,\"name\":\"TuS Eschringen &#8211; T\u00fcrkiyem Sulzbach\"}]},{\"@type\":\"WebSite\",\"@id\":\"https:\\\/\\\/tus.eschringen.de\\\/wordpress\\\/#website\",\"url\":\"https:\\\/\\\/tus.eschringen.de\\\/wordpress\\\/\",\"name\":\"TuS Eschringen\",\"description\":\"\",\"publisher\":{\"@id\":\"https:\\\/\\\/tus.eschringen.de\\\/wordpress\\\/#organization\"},\"potentialAction\":[{\"@type\":\"SearchAction\",\"target\":{\"@type\":\"EntryPoint\",\"urlTemplate\":\"https:\\\/\\\/tus.eschringen.de\\\/wordpress\\\/?s={search_term_string}\"},\"query-input\":{\"@type\":\"PropertyValueSpecification\",\"valueRequired\":true,\"valueName\":\"search_term_string\"}}],\"inLanguage\":\"de\"},{\"@type\":\"Organization\",\"@id\":\"https:\\\/\\\/tus.eschringen.de\\\/wordpress\\\/#organization\",\"name\":\"TuS Eschringen\",\"url\":\"https:\\\/\\\/tus.eschringen.de\\\/wordpress\\\/\",\"logo\":{\"@type\":\"ImageObject\",\"inLanguage\":\"de\",\"@id\":\"https:\\\/\\\/tus.eschringen.de\\\/wordpress\\\/#\\\/schema\\\/logo\\\/image\\\/\",\"url\":\"https:\\\/\\\/i0.wp.com\\\/tus.eschringen.de\\\/wordpress\\\/wp-content\\\/uploads\\\/2025\\\/07\\\/Web_kopf.jpg?fit=1260%2C240&ssl=1\",\"contentUrl\":\"https:\\\/\\\/i0.wp.com\\\/tus.eschringen.de\\\/wordpress\\\/wp-content\\\/uploads\\\/2025\\\/07\\\/Web_kopf.jpg?fit=1260%2C240&ssl=1\",\"width\":1260,\"height\":240,\"caption\":\"TuS Eschringen\"},\"image\":{\"@id\":\"https:\\\/\\\/tus.eschringen.de\\\/wordpress\\\/#\\\/schema\\\/logo\\\/image\\\/\"},\"sameAs\":[\"https:\\\/\\\/www.facebook.com\\\/TuS.Eschringen\\\/\",\"https:\\\/\\\/www.instagram.com\\\/tus.eschringen\\\/\"]}]}<\/script>\n<!-- \/ Yoast SEO plugin. -->","yoast_head_json":{"title":"TuS Eschringen - T\u00fcrkiyem Sulzbach - TuS Eschringen","robots":{"index":"index","follow":"follow","max-snippet":"max-snippet:-1","max-image-preview":"max-image-preview:large","max-video-preview":"max-video-preview:-1"},"canonical":"https:\/\/tus.eschringen.de\/wordpress\/event\/tus-eschringen-tuerkiyem-sulzbach\/","og_locale":"de_DE","og_type":"article","og_title":"TuS Eschringen - T\u00fcrkiyem Sulzbach - TuS Eschringen","og_description":"1. Mannschaft: Bezirksliga Saarbr\u00fccken &#8211; Sonntag, 25.10.2015, 15.00 Uhr, Sportplatz Eschringen TuS Eschringen &#8211; T\u00fcrkiyem Sulzbach\u00a0 1:2 (0:1) Spielbericht: Das Spiel passte sich den tristen Witterungsbedingungen an. Wenig Erbauliches gab es in der ersten Halbzeit f\u00fcr die gerade mal 50 anwesenden Zuschauer zu sehen. Das TuS-Team, geschw\u00e4cht durch insgesamt neun verletzungsbedingte Ausf\u00e4lle bzw. gesperrte Spieler, ... alles lesen","og_url":"https:\/\/tus.eschringen.de\/wordpress\/event\/tus-eschringen-tuerkiyem-sulzbach\/","og_site_name":"TuS Eschringen","article_publisher":"https:\/\/www.facebook.com\/TuS.Eschringen\/","twitter_card":"summary_large_image","twitter_misc":{"Gesch\u00e4tzte Lesezeit":"2\u00a0Minuten"},"schema":{"@context":"https:\/\/schema.org","@graph":[{"@type":"WebPage","@id":"https:\/\/tus.eschringen.de\/wordpress\/event\/tus-eschringen-tuerkiyem-sulzbach\/","url":"https:\/\/tus.eschringen.de\/wordpress\/event\/tus-eschringen-tuerkiyem-sulzbach\/","name":"TuS Eschringen - T\u00fcrkiyem Sulzbach - TuS Eschringen","isPartOf":{"@id":"https:\/\/tus.eschringen.de\/wordpress\/#website"},"datePublished":"2017-05-01T10:48:08+00:00","breadcrumb":{"@id":"https:\/\/tus.eschringen.de\/wordpress\/event\/tus-eschringen-tuerkiyem-sulzbach\/#breadcrumb"},"inLanguage":"de","potentialAction":[{"@type":"ReadAction","target":["https:\/\/tus.eschringen.de\/wordpress\/event\/tus-eschringen-tuerkiyem-sulzbach\/"]}]},{"@type":"BreadcrumbList","@id":"https:\/\/tus.eschringen.de\/wordpress\/event\/tus-eschringen-tuerkiyem-sulzbach\/#breadcrumb","itemListElement":[{"@type":"ListItem","position":1,"name":"Startseite","item":"https:\/\/tus.eschringen.de\/wordpress\/"},{"@type":"ListItem","position":2,"name":"Veranstaltungen","item":"https:\/\/tus.eschringen.de\/wordpress\/events\/"},{"@type":"ListItem","position":3,"name":"TuS Eschringen &#8211; T\u00fcrkiyem Sulzbach"}]},{"@type":"WebSite","@id":"https:\/\/tus.eschringen.de\/wordpress\/#website","url":"https:\/\/tus.eschringen.de\/wordpress\/","name":"TuS Eschringen","description":"","publisher":{"@id":"https:\/\/tus.eschringen.de\/wordpress\/#organization"},"potentialAction":[{"@type":"SearchAction","target":{"@type":"EntryPoint","urlTemplate":"https:\/\/tus.eschringen.de\/wordpress\/?s={search_term_string}"},"query-input":{"@type":"PropertyValueSpecification","valueRequired":true,"valueName":"search_term_string"}}],"inLanguage":"de"},{"@type":"Organization","@id":"https:\/\/tus.eschringen.de\/wordpress\/#organization","name":"TuS Eschringen","url":"https:\/\/tus.eschringen.de\/wordpress\/","logo":{"@type":"ImageObject","inLanguage":"de","@id":"https:\/\/tus.eschringen.de\/wordpress\/#\/schema\/logo\/image\/","url":"https:\/\/i0.wp.com\/tus.eschringen.de\/wordpress\/wp-content\/uploads\/2025\/07\/Web_kopf.jpg?fit=1260%2C240&ssl=1","contentUrl":"https:\/\/i0.wp.com\/tus.eschringen.de\/wordpress\/wp-content\/uploads\/2025\/07\/Web_kopf.jpg?fit=1260%2C240&ssl=1","width":1260,"height":240,"caption":"TuS Eschringen"},"image":{"@id":"https:\/\/tus.eschringen.de\/wordpress\/#\/schema\/logo\/image\/"},"sameAs":["https:\/\/www.facebook.com\/TuS.Eschringen\/","https:\/\/www.instagram.com\/tus.eschringen\/"]}]}},"jetpack_sharing_enabled":true,"_links":{"self":[{"href":"https:\/\/tus.eschringen.de\/wordpress\/wp-json\/wp\/v2\/tribe_events\/710","targetHints":{"allow":["GET"]}}],"collection":[{"href":"https:\/\/tus.eschringen.de\/wordpress\/wp-json\/wp\/v2\/tribe_events"}],"about":[{"href":"https:\/\/tus.eschringen.de\/wordpress\/wp-json\/wp\/v2\/types\/tribe_events"}],"author":[{"embeddable":true,"href":"https:\/\/tus.eschringen.de\/wordpress\/wp-json\/wp\/v2\/users\/1"}],"version-history":[{"count":1,"href":"https:\/\/tus.eschringen.de\/wordpress\/wp-json\/wp\/v2\/tribe_events\/710\/revisions"}],"predecessor-version":[{"id":711,"href":"https:\/\/tus.eschringen.de\/wordpress\/wp-json\/wp\/v2\/tribe_events\/710\/revisions\/711"}],"wp:attachment":[{"href":"https:\/\/tus.eschringen.de\/wordpress\/wp-json\/wp\/v2\/media?parent=710"}],"wp:term":[{"taxonomy":"post_tag","embeddable":true,"href":"https:\/\/tus.eschringen.de\/wordpress\/wp-json\/wp\/v2\/tags?post=710"},{"taxonomy":"tribe_events_cat","embeddable":true,"href":"https:\/\/tus.eschringen.de\/wordpress\/wp-json\/wp\/v2\/tribe_events_cat?post=710"}],"curies":[{"name":"wp","href":"https:\/\/api.w.org\/{rel}","templated":true}]}}