{"id":674,"date":"2017-05-01T11:25:24","date_gmt":"2017-05-01T09:25:24","guid":{"rendered":"http:\/\/tus.eschringen.de\/wordpress\/?post_type=tribe_events&#038;p=674"},"modified":"2017-05-01T11:25:24","modified_gmt":"2017-05-01T09:25:24","slug":"sv-buebingen-2-tus-eschringen","status":"publish","type":"tribe_events","link":"https:\/\/tus.eschringen.de\/wordpress\/event\/sv-buebingen-2-tus-eschringen\/","title":{"rendered":"SV B\u00fcbingen 2 &#8211; TuS Eschringen"},"content":{"rendered":"<p><strong>1. Mannschaft:<\/strong><\/p>\n<p><strong>Bezirksliga Saarbr\u00fccken<\/strong> &#8211;<strong> Sonntag<\/strong><strong>, 20.9.2015, 13.15 Uhr, Sportplatz B\u00fcbingen<\/strong><\/p>\n<p>SV B\u00fcbingen 2 &#8211; TuS Eschringen\u00a0 <strong>1:3 <\/strong>(0:1)<\/p>\n<p><strong>Spielbericht:<\/strong><\/p>\n<p>Der TuS bleibt in der Erfolgsspur. Nach dem \u00dcberraschungscoup gegen Rockershausen gelang es unserer Mannschaft in B\u00fcbingen nachzulegen. Das aber war ein hartes St\u00fcck Arbeit.<br \/>\nVon Beginn an zeigten beide Mannschaften den Willen nach vorne zu spielen. Sowohl B\u00fcbingen als auch Eschringen gelang es, nach gegnerischem Ballverlust schnell nach vorne umzuschalten. Die daraus resultierenden Spielsituationen wurden allerdings nicht erfolgreich abgeschlossen, genau wie einige aussichtsreiche Standards. Die einzige Ausnahme f\u00fchrte zum 0:1 Halbzeitstand. Nach einer scharfen Hereingabe von der rechten Seite kam unser Goalgetter Philipp Wilhelm aus kurzer Distanz an den Ball und dr\u00fcckte ihn unhaltbar \u00fcber die Linie.<br \/>\nIn Halbzeit zwei hatte unsere Mannschaft dann etwas leichteres Spiel. Die Heimmannschaft r\u00fcckte aufgrund des R\u00fcckstands verst\u00e4rkt auf, was zu zahlreichen guten Kontergelegenheiten f\u00fchrte. Ein in Richtung Tor getretener Freisto\u00df von Johann Kronwid erreichte den Kopf von Philipp Wilhelm, der lie\u00df ihn \u00fcber den Scheitel rutschen und verl\u00e4ngerte somit wiederum unhaltbar ins lange Eck. Da kurz vorher ein Spieler der Heimmannschaft mit Rot den Platz verlassen musste, h\u00e4tte man das Spiel jetzt locker nach Hause schaukeln k\u00f6nnen. Das gelang jedoch nicht. B\u00fcbingen verfiel im Angesicht der drohenden Niederlage immer mehr in Hektik, was sich in Undiszipliniertheiten gegen den Schiedsrichter und unsere Spieler \u00e4u\u00dferte. Anstatt die Ruhe zu bewahren lie\u00df sich unsere Mannschaft davon anstecken. In der 67. Spielminute kam B\u00fcbingen mit 10 Mann zum Anschlusstreffer. In der Folge und insbesondere als unser Spieler Johann Kronwid nach wiederholtem Foulspiel 10 Minuten vor dem Ende vom Platz musste, geriet der Sieg noch in Gefahr. Dies auch deshalb, weil unser Team die sich bietenden \u00dcberzahlsituationen teilweise kl\u00e4glich vergab. Ruhe kehrte f\u00fcr Spieler und Fans erst wieder ein, als Florian Hoffmann einen Konter \u00fcber die rechte Seite mit einem trockenen Schuss ins linke untere Eck abschloss und somit den Sieg sicherstellte.<br \/>\nUnser TuS machte es sich in Halbzeit zwei unn\u00f6tig schwer, fuhr insgesamt aber verdienterma\u00dfen den zweiten Sieg in Folge ein. Die hohe Spielkultur macht Spielern und Zuschauern Spa\u00df und weckt Hoffnungen auf mehr. Sicherlich auch der Verdienst unseres Trainers Timo T\u00f6ttel. Weiter so Jungs!!!<\/p>\n<p>Torsch\u00fctzen:<br \/>\n<strong>0:1<\/strong> (25.) Philipp Wilhelm<br \/>\n<strong>0:2<\/strong> (57.) Philipp Wilhelm<br \/>\n1:2 (67.) Zianc Ahmed<br \/>\n<strong>1:3<\/strong> (85.) Florian Hoffmann<\/p>\n","protected":false},"excerpt":{"rendered":"<p>1. Mannschaft: Bezirksliga Saarbr\u00fccken &#8211; Sonntag, 20.9.2015, 13.15 Uhr, Sportplatz B\u00fcbingen SV B\u00fcbingen 2 &#8211; TuS Eschringen\u00a0 1:3 (0:1) Spielbericht: Der TuS bleibt in der Erfolgsspur. Nach dem \u00dcberraschungscoup gegen Rockershausen gelang es unserer Mannschaft in B\u00fcbingen nachzulegen. Das aber war ein hartes St\u00fcck Arbeit. Von Beginn an zeigten beide Mannschaften den Willen nach vorne &#8230; <\/p>\n<p class=\"read-more-container\"><a title=\"SV B\u00fcbingen 2 &#8211; TuS Eschringen\" class=\"read-more button\" href=\"https:\/\/tus.eschringen.de\/wordpress\/event\/sv-buebingen-2-tus-eschringen\/#more-674\" aria-label=\"Mehr Informationen \u00fcber SV B\u00fcbingen 2 &#8211; TuS Eschringen\">alles lesen<\/a><\/p>\n","protected":false},"author":1,"featured_media":0,"template":"","meta":{"generate_page_header":"","_tribe_events_status":"","_tribe_events_status_reason":"","footnotes":""},"tags":[],"tribe_events_cat":[],"class_list":["post-674","tribe_events","type-tribe_events","status-publish","hentry"],"yoast_head":"<!-- This site is optimized with the Yoast SEO plugin v27.5 - https:\/\/yoast.com\/product\/yoast-seo-wordpress\/ -->\n<title>SV B\u00fcbingen 2 - TuS Eschringen - TuS Eschringen<\/title>\n<meta name=\"robots\" content=\"index, follow, max-snippet:-1, max-image-preview:large, max-video-preview:-1\" \/>\n<link rel=\"canonical\" href=\"https:\/\/tus.eschringen.de\/wordpress\/event\/sv-buebingen-2-tus-eschringen\/\" \/>\n<meta property=\"og:locale\" content=\"de_DE\" \/>\n<meta property=\"og:type\" content=\"article\" \/>\n<meta property=\"og:title\" content=\"SV B\u00fcbingen 2 - TuS Eschringen - TuS Eschringen\" \/>\n<meta property=\"og:description\" content=\"1. Mannschaft: Bezirksliga Saarbr\u00fccken &#8211; Sonntag, 20.9.2015, 13.15 Uhr, Sportplatz B\u00fcbingen SV B\u00fcbingen 2 &#8211; TuS Eschringen\u00a0 1:3 (0:1) Spielbericht: Der TuS bleibt in der Erfolgsspur. Nach dem \u00dcberraschungscoup gegen Rockershausen gelang es unserer Mannschaft in B\u00fcbingen nachzulegen. Das aber war ein hartes St\u00fcck Arbeit. Von Beginn an zeigten beide Mannschaften den Willen nach vorne ... alles lesen\" \/>\n<meta property=\"og:url\" content=\"https:\/\/tus.eschringen.de\/wordpress\/event\/sv-buebingen-2-tus-eschringen\/\" \/>\n<meta property=\"og:site_name\" content=\"TuS Eschringen\" \/>\n<meta property=\"article:publisher\" content=\"https:\/\/www.facebook.com\/TuS.Eschringen\/\" \/>\n<meta name=\"twitter:card\" content=\"summary_large_image\" \/>\n<meta name=\"twitter:label1\" content=\"Gesch\u00e4tzte Lesezeit\" \/>\n\t<meta name=\"twitter:data1\" content=\"2\u00a0Minuten\" \/>\n<script type=\"application\/ld+json\" class=\"yoast-schema-graph\">{\"@context\":\"https:\\\/\\\/schema.org\",\"@graph\":[{\"@type\":\"WebPage\",\"@id\":\"https:\\\/\\\/tus.eschringen.de\\\/wordpress\\\/event\\\/sv-buebingen-2-tus-eschringen\\\/\",\"url\":\"https:\\\/\\\/tus.eschringen.de\\\/wordpress\\\/event\\\/sv-buebingen-2-tus-eschringen\\\/\",\"name\":\"SV B\u00fcbingen 2 - TuS Eschringen - TuS Eschringen\",\"isPartOf\":{\"@id\":\"https:\\\/\\\/tus.eschringen.de\\\/wordpress\\\/#website\"},\"datePublished\":\"2017-05-01T09:25:24+00:00\",\"breadcrumb\":{\"@id\":\"https:\\\/\\\/tus.eschringen.de\\\/wordpress\\\/event\\\/sv-buebingen-2-tus-eschringen\\\/#breadcrumb\"},\"inLanguage\":\"de\",\"potentialAction\":[{\"@type\":\"ReadAction\",\"target\":[\"https:\\\/\\\/tus.eschringen.de\\\/wordpress\\\/event\\\/sv-buebingen-2-tus-eschringen\\\/\"]}]},{\"@type\":\"BreadcrumbList\",\"@id\":\"https:\\\/\\\/tus.eschringen.de\\\/wordpress\\\/event\\\/sv-buebingen-2-tus-eschringen\\\/#breadcrumb\",\"itemListElement\":[{\"@type\":\"ListItem\",\"position\":1,\"name\":\"Startseite\",\"item\":\"https:\\\/\\\/tus.eschringen.de\\\/wordpress\\\/\"},{\"@type\":\"ListItem\",\"position\":2,\"name\":\"Veranstaltungen\",\"item\":\"https:\\\/\\\/tus.eschringen.de\\\/wordpress\\\/events\\\/\"},{\"@type\":\"ListItem\",\"position\":3,\"name\":\"SV B\u00fcbingen 2 &#8211; TuS Eschringen\"}]},{\"@type\":\"WebSite\",\"@id\":\"https:\\\/\\\/tus.eschringen.de\\\/wordpress\\\/#website\",\"url\":\"https:\\\/\\\/tus.eschringen.de\\\/wordpress\\\/\",\"name\":\"TuS Eschringen\",\"description\":\"\",\"publisher\":{\"@id\":\"https:\\\/\\\/tus.eschringen.de\\\/wordpress\\\/#organization\"},\"potentialAction\":[{\"@type\":\"SearchAction\",\"target\":{\"@type\":\"EntryPoint\",\"urlTemplate\":\"https:\\\/\\\/tus.eschringen.de\\\/wordpress\\\/?s={search_term_string}\"},\"query-input\":{\"@type\":\"PropertyValueSpecification\",\"valueRequired\":true,\"valueName\":\"search_term_string\"}}],\"inLanguage\":\"de\"},{\"@type\":\"Organization\",\"@id\":\"https:\\\/\\\/tus.eschringen.de\\\/wordpress\\\/#organization\",\"name\":\"TuS Eschringen\",\"url\":\"https:\\\/\\\/tus.eschringen.de\\\/wordpress\\\/\",\"logo\":{\"@type\":\"ImageObject\",\"inLanguage\":\"de\",\"@id\":\"https:\\\/\\\/tus.eschringen.de\\\/wordpress\\\/#\\\/schema\\\/logo\\\/image\\\/\",\"url\":\"https:\\\/\\\/i0.wp.com\\\/tus.eschringen.de\\\/wordpress\\\/wp-content\\\/uploads\\\/2025\\\/07\\\/Web_kopf.jpg?fit=1260%2C240&ssl=1\",\"contentUrl\":\"https:\\\/\\\/i0.wp.com\\\/tus.eschringen.de\\\/wordpress\\\/wp-content\\\/uploads\\\/2025\\\/07\\\/Web_kopf.jpg?fit=1260%2C240&ssl=1\",\"width\":1260,\"height\":240,\"caption\":\"TuS Eschringen\"},\"image\":{\"@id\":\"https:\\\/\\\/tus.eschringen.de\\\/wordpress\\\/#\\\/schema\\\/logo\\\/image\\\/\"},\"sameAs\":[\"https:\\\/\\\/www.facebook.com\\\/TuS.Eschringen\\\/\",\"https:\\\/\\\/www.instagram.com\\\/tus.eschringen\\\/\"]}]}<\/script>\n<!-- \/ Yoast SEO plugin. -->","yoast_head_json":{"title":"SV B\u00fcbingen 2 - TuS Eschringen - TuS Eschringen","robots":{"index":"index","follow":"follow","max-snippet":"max-snippet:-1","max-image-preview":"max-image-preview:large","max-video-preview":"max-video-preview:-1"},"canonical":"https:\/\/tus.eschringen.de\/wordpress\/event\/sv-buebingen-2-tus-eschringen\/","og_locale":"de_DE","og_type":"article","og_title":"SV B\u00fcbingen 2 - TuS Eschringen - TuS Eschringen","og_description":"1. Mannschaft: Bezirksliga Saarbr\u00fccken &#8211; Sonntag, 20.9.2015, 13.15 Uhr, Sportplatz B\u00fcbingen SV B\u00fcbingen 2 &#8211; TuS Eschringen\u00a0 1:3 (0:1) Spielbericht: Der TuS bleibt in der Erfolgsspur. Nach dem \u00dcberraschungscoup gegen Rockershausen gelang es unserer Mannschaft in B\u00fcbingen nachzulegen. Das aber war ein hartes St\u00fcck Arbeit. Von Beginn an zeigten beide Mannschaften den Willen nach vorne ... alles lesen","og_url":"https:\/\/tus.eschringen.de\/wordpress\/event\/sv-buebingen-2-tus-eschringen\/","og_site_name":"TuS Eschringen","article_publisher":"https:\/\/www.facebook.com\/TuS.Eschringen\/","twitter_card":"summary_large_image","twitter_misc":{"Gesch\u00e4tzte Lesezeit":"2\u00a0Minuten"},"schema":{"@context":"https:\/\/schema.org","@graph":[{"@type":"WebPage","@id":"https:\/\/tus.eschringen.de\/wordpress\/event\/sv-buebingen-2-tus-eschringen\/","url":"https:\/\/tus.eschringen.de\/wordpress\/event\/sv-buebingen-2-tus-eschringen\/","name":"SV B\u00fcbingen 2 - TuS Eschringen - TuS Eschringen","isPartOf":{"@id":"https:\/\/tus.eschringen.de\/wordpress\/#website"},"datePublished":"2017-05-01T09:25:24+00:00","breadcrumb":{"@id":"https:\/\/tus.eschringen.de\/wordpress\/event\/sv-buebingen-2-tus-eschringen\/#breadcrumb"},"inLanguage":"de","potentialAction":[{"@type":"ReadAction","target":["https:\/\/tus.eschringen.de\/wordpress\/event\/sv-buebingen-2-tus-eschringen\/"]}]},{"@type":"BreadcrumbList","@id":"https:\/\/tus.eschringen.de\/wordpress\/event\/sv-buebingen-2-tus-eschringen\/#breadcrumb","itemListElement":[{"@type":"ListItem","position":1,"name":"Startseite","item":"https:\/\/tus.eschringen.de\/wordpress\/"},{"@type":"ListItem","position":2,"name":"Veranstaltungen","item":"https:\/\/tus.eschringen.de\/wordpress\/events\/"},{"@type":"ListItem","position":3,"name":"SV B\u00fcbingen 2 &#8211; TuS Eschringen"}]},{"@type":"WebSite","@id":"https:\/\/tus.eschringen.de\/wordpress\/#website","url":"https:\/\/tus.eschringen.de\/wordpress\/","name":"TuS Eschringen","description":"","publisher":{"@id":"https:\/\/tus.eschringen.de\/wordpress\/#organization"},"potentialAction":[{"@type":"SearchAction","target":{"@type":"EntryPoint","urlTemplate":"https:\/\/tus.eschringen.de\/wordpress\/?s={search_term_string}"},"query-input":{"@type":"PropertyValueSpecification","valueRequired":true,"valueName":"search_term_string"}}],"inLanguage":"de"},{"@type":"Organization","@id":"https:\/\/tus.eschringen.de\/wordpress\/#organization","name":"TuS Eschringen","url":"https:\/\/tus.eschringen.de\/wordpress\/","logo":{"@type":"ImageObject","inLanguage":"de","@id":"https:\/\/tus.eschringen.de\/wordpress\/#\/schema\/logo\/image\/","url":"https:\/\/i0.wp.com\/tus.eschringen.de\/wordpress\/wp-content\/uploads\/2025\/07\/Web_kopf.jpg?fit=1260%2C240&ssl=1","contentUrl":"https:\/\/i0.wp.com\/tus.eschringen.de\/wordpress\/wp-content\/uploads\/2025\/07\/Web_kopf.jpg?fit=1260%2C240&ssl=1","width":1260,"height":240,"caption":"TuS Eschringen"},"image":{"@id":"https:\/\/tus.eschringen.de\/wordpress\/#\/schema\/logo\/image\/"},"sameAs":["https:\/\/www.facebook.com\/TuS.Eschringen\/","https:\/\/www.instagram.com\/tus.eschringen\/"]}]}},"jetpack_sharing_enabled":true,"_links":{"self":[{"href":"https:\/\/tus.eschringen.de\/wordpress\/wp-json\/wp\/v2\/tribe_events\/674","targetHints":{"allow":["GET"]}}],"collection":[{"href":"https:\/\/tus.eschringen.de\/wordpress\/wp-json\/wp\/v2\/tribe_events"}],"about":[{"href":"https:\/\/tus.eschringen.de\/wordpress\/wp-json\/wp\/v2\/types\/tribe_events"}],"author":[{"embeddable":true,"href":"https:\/\/tus.eschringen.de\/wordpress\/wp-json\/wp\/v2\/users\/1"}],"version-history":[{"count":1,"href":"https:\/\/tus.eschringen.de\/wordpress\/wp-json\/wp\/v2\/tribe_events\/674\/revisions"}],"predecessor-version":[{"id":675,"href":"https:\/\/tus.eschringen.de\/wordpress\/wp-json\/wp\/v2\/tribe_events\/674\/revisions\/675"}],"wp:attachment":[{"href":"https:\/\/tus.eschringen.de\/wordpress\/wp-json\/wp\/v2\/media?parent=674"}],"wp:term":[{"taxonomy":"post_tag","embeddable":true,"href":"https:\/\/tus.eschringen.de\/wordpress\/wp-json\/wp\/v2\/tags?post=674"},{"taxonomy":"tribe_events_cat","embeddable":true,"href":"https:\/\/tus.eschringen.de\/wordpress\/wp-json\/wp\/v2\/tribe_events_cat?post=674"}],"curies":[{"name":"wp","href":"https:\/\/api.w.org\/{rel}","templated":true}]}}