{"id":6259,"date":"2025-07-30T22:06:26","date_gmt":"2025-07-30T20:06:26","guid":{"rendered":"https:\/\/tus.eschringen.de\/wordpress\/event\/tus-eschringen-sc-friedrichsthal-6\/"},"modified":"2025-08-25T13:32:55","modified_gmt":"2025-08-25T11:32:55","slug":"tus-eschringen-sc-friedrichsthal-6","status":"publish","type":"tribe_events","link":"https:\/\/tus.eschringen.de\/wordpress\/event\/tus-eschringen-sc-friedrichsthal-6\/","title":{"rendered":"TuS Eschringen &#8211; SC Friedrichsthal"},"content":{"rendered":"<p>Landesliga S\u00fcd<\/p>\n<p>6. Spieltag<\/p>\n<p>TuS Eschringen &#8211; SC Friedrichsthal <strong><span style=\"color: #ff0000;\">1:5<\/span><\/strong> (1:2)<\/p>\n<p>Torsch\u00fctzen:<\/p>\n<p>0:1 Yannis Meyer (8. Min)<br \/>\n0:2 Maximilian Geid (11. Min)<br \/>\n<strong><span style=\"color: #ff0000;\">1:2<\/span> Lucas Forte (20. Min, FE)<\/strong><br \/>\n1:3 Marco Caligiuri (51. Min)<br \/>\n1:4 Maximilian Geid (73. Min, HE)<br \/>\n1:5 Max M\u00e4s (74. Min)<\/p>\n<p>Spielbericht:<\/p>\n<p><strong>Lebloser Auftritt beendet Heimserie<\/strong><\/p>\n<p>Seit mehr als einem Jahr war unsere 1. Mannschaft in den Heimspielen der Landesliga S\u00fcd ungeschlagen. Diese Serie endete am Sonntag mit einer 1:5-Niederlage gegen Friedrichsthal.<br \/>\nVon Beginn an vermittelte unser Team den Eindruck, weder k\u00f6rperlich noch geistig auf dem Platz zu sein. Viele Unkonzentriertheiten und Fehlp\u00e4sse im Spielaufbau sowie eine mangelhafte Zweikampff\u00fchrung sprachen f\u00fcr sich. Auch ein fr\u00fcher Lattentreffer der G\u00e4ste f\u00fchrte nicht zu einem Aufwachen unserer Elf. So war es nicht verwunderlich, dass der TuS nach gerade einmal gespielten 11 Minuten mit 0:2 zur\u00fccklag. Hoffnung keimte in der 20. Spielminute auf, als Lucas Forte einen Foulelfmeter zum Anschlusstreffer verwandelte. Im weiteren Verlauf der ersten Halbzeit passten sich die G\u00e4ste unserem schwachen Niveau an und das Spiel schleppte sich in die Pause. Kurz vor dem Halbzeitpfiff hatte Friedrichsthal allerdings noch einen Pfostentreffer zu verzeichnen. F\u00fcr unser Team war das Beste am Spiel, dass es nur 1:2 stand.<br \/>\nWer nach dem Wechsel eine Wende erwartet hatte, wurde schnell auf den Boden der Tatsachen zur\u00fcckgeholt. Bereits in der 51. Spielminute legten die G\u00e4ste das 1:3 nach. Alle Bem\u00fchungen unserer Mannschaft, das Spiel noch einmal zu drehen, verpufften wirkungslos. Unsere Spieler versuchten sich immer wieder in erfolglosen Einzelaktionen, anstatt den Ball im Zusammenspiel laufen zu lassen. Eine Viertelstunde vor Schluss f\u00fchrte ein Doppelschlag von Friedrichsthal zur endg\u00fcltigen Entscheidung.<br \/>\nSo wird es schwer, die Landesliga zu halten. Es darf gehofft werden, dass die deutliche Niederlage ein Weckruf zur rechten Zeit war.<\/p>\n","protected":false},"excerpt":{"rendered":"<p>Landesliga S\u00fcd 6. Spieltag TuS Eschringen &#8211; SC Friedrichsthal 1:5 (1:2) Torsch\u00fctzen: 0:1 Yannis Meyer (8. Min) 0:2 Maximilian Geid (11. Min) 1:2 Lucas Forte (20. Min, FE) 1:3 Marco Caligiuri (51. Min) 1:4 Maximilian Geid (73. Min, HE) 1:5 Max M\u00e4s (74. Min) Spielbericht: Lebloser Auftritt beendet Heimserie Seit mehr als einem Jahr war &#8230; <\/p>\n<p class=\"read-more-container\"><a title=\"TuS Eschringen &#8211; SC Friedrichsthal\" class=\"read-more button\" href=\"https:\/\/tus.eschringen.de\/wordpress\/event\/tus-eschringen-sc-friedrichsthal-6\/#more-6259\" aria-label=\"Mehr Informationen \u00fcber TuS Eschringen &#8211; SC Friedrichsthal\">alles lesen<\/a><\/p>\n","protected":false},"author":1,"featured_media":0,"template":"","meta":{"generate_page_header":"","_tribe_events_status":"","_tribe_events_status_reason":"","footnotes":""},"tags":[],"tribe_events_cat":[11],"class_list":["post-6259","tribe_events","type-tribe_events","status-publish","hentry","tribe_events_cat-landesliga-sued","cat_landesliga-sued"],"yoast_head":"<!-- This site is optimized with the Yoast SEO plugin v27.4 - https:\/\/yoast.com\/product\/yoast-seo-wordpress\/ -->\n<title>TuS Eschringen - SC Friedrichsthal - TuS Eschringen<\/title>\n<meta name=\"robots\" content=\"index, follow, max-snippet:-1, max-image-preview:large, max-video-preview:-1\" \/>\n<link rel=\"canonical\" href=\"https:\/\/tus.eschringen.de\/wordpress\/event\/tus-eschringen-sc-friedrichsthal-6\/\" \/>\n<meta property=\"og:locale\" content=\"de_DE\" \/>\n<meta property=\"og:type\" content=\"article\" \/>\n<meta property=\"og:title\" content=\"TuS Eschringen - SC Friedrichsthal - TuS Eschringen\" \/>\n<meta property=\"og:description\" content=\"Landesliga S\u00fcd 6. Spieltag TuS Eschringen &#8211; SC Friedrichsthal 1:5 (1:2) Torsch\u00fctzen: 0:1 Yannis Meyer (8. Min) 0:2 Maximilian Geid (11. Min) 1:2 Lucas Forte (20. Min, FE) 1:3 Marco Caligiuri (51. Min) 1:4 Maximilian Geid (73. Min, HE) 1:5 Max M\u00e4s (74. Min) Spielbericht: Lebloser Auftritt beendet Heimserie Seit mehr als einem Jahr war ... alles lesen\" \/>\n<meta property=\"og:url\" content=\"https:\/\/tus.eschringen.de\/wordpress\/event\/tus-eschringen-sc-friedrichsthal-6\/\" \/>\n<meta property=\"og:site_name\" content=\"TuS Eschringen\" \/>\n<meta property=\"article:publisher\" content=\"https:\/\/www.facebook.com\/TuS.Eschringen\/\" \/>\n<meta property=\"article:modified_time\" content=\"2025-08-25T11:32:55+00:00\" \/>\n<meta name=\"twitter:card\" content=\"summary_large_image\" \/>\n<meta name=\"twitter:label1\" content=\"Gesch\u00e4tzte Lesezeit\" \/>\n\t<meta name=\"twitter:data1\" content=\"2\u00a0Minuten\" \/>\n<script type=\"application\/ld+json\" class=\"yoast-schema-graph\">{\"@context\":\"https:\\\/\\\/schema.org\",\"@graph\":[{\"@type\":\"WebPage\",\"@id\":\"https:\\\/\\\/tus.eschringen.de\\\/wordpress\\\/event\\\/tus-eschringen-sc-friedrichsthal-6\\\/\",\"url\":\"https:\\\/\\\/tus.eschringen.de\\\/wordpress\\\/event\\\/tus-eschringen-sc-friedrichsthal-6\\\/\",\"name\":\"TuS Eschringen - SC Friedrichsthal - TuS Eschringen\",\"isPartOf\":{\"@id\":\"https:\\\/\\\/tus.eschringen.de\\\/wordpress\\\/#website\"},\"datePublished\":\"2025-07-30T20:06:26+00:00\",\"dateModified\":\"2025-08-25T11:32:55+00:00\",\"breadcrumb\":{\"@id\":\"https:\\\/\\\/tus.eschringen.de\\\/wordpress\\\/event\\\/tus-eschringen-sc-friedrichsthal-6\\\/#breadcrumb\"},\"inLanguage\":\"de\",\"potentialAction\":[{\"@type\":\"ReadAction\",\"target\":[\"https:\\\/\\\/tus.eschringen.de\\\/wordpress\\\/event\\\/tus-eschringen-sc-friedrichsthal-6\\\/\"]}]},{\"@type\":\"BreadcrumbList\",\"@id\":\"https:\\\/\\\/tus.eschringen.de\\\/wordpress\\\/event\\\/tus-eschringen-sc-friedrichsthal-6\\\/#breadcrumb\",\"itemListElement\":[{\"@type\":\"ListItem\",\"position\":1,\"name\":\"Startseite\",\"item\":\"https:\\\/\\\/tus.eschringen.de\\\/wordpress\\\/\"},{\"@type\":\"ListItem\",\"position\":2,\"name\":\"Veranstaltungen\",\"item\":\"https:\\\/\\\/tus.eschringen.de\\\/wordpress\\\/events\\\/\"},{\"@type\":\"ListItem\",\"position\":3,\"name\":\"TuS Eschringen &#8211; SC Friedrichsthal\"}]},{\"@type\":\"WebSite\",\"@id\":\"https:\\\/\\\/tus.eschringen.de\\\/wordpress\\\/#website\",\"url\":\"https:\\\/\\\/tus.eschringen.de\\\/wordpress\\\/\",\"name\":\"TuS Eschringen\",\"description\":\"\",\"publisher\":{\"@id\":\"https:\\\/\\\/tus.eschringen.de\\\/wordpress\\\/#organization\"},\"potentialAction\":[{\"@type\":\"SearchAction\",\"target\":{\"@type\":\"EntryPoint\",\"urlTemplate\":\"https:\\\/\\\/tus.eschringen.de\\\/wordpress\\\/?s={search_term_string}\"},\"query-input\":{\"@type\":\"PropertyValueSpecification\",\"valueRequired\":true,\"valueName\":\"search_term_string\"}}],\"inLanguage\":\"de\"},{\"@type\":\"Organization\",\"@id\":\"https:\\\/\\\/tus.eschringen.de\\\/wordpress\\\/#organization\",\"name\":\"TuS Eschringen\",\"url\":\"https:\\\/\\\/tus.eschringen.de\\\/wordpress\\\/\",\"logo\":{\"@type\":\"ImageObject\",\"inLanguage\":\"de\",\"@id\":\"https:\\\/\\\/tus.eschringen.de\\\/wordpress\\\/#\\\/schema\\\/logo\\\/image\\\/\",\"url\":\"https:\\\/\\\/i0.wp.com\\\/tus.eschringen.de\\\/wordpress\\\/wp-content\\\/uploads\\\/2025\\\/07\\\/Web_kopf.jpg?fit=1260%2C240&ssl=1\",\"contentUrl\":\"https:\\\/\\\/i0.wp.com\\\/tus.eschringen.de\\\/wordpress\\\/wp-content\\\/uploads\\\/2025\\\/07\\\/Web_kopf.jpg?fit=1260%2C240&ssl=1\",\"width\":1260,\"height\":240,\"caption\":\"TuS Eschringen\"},\"image\":{\"@id\":\"https:\\\/\\\/tus.eschringen.de\\\/wordpress\\\/#\\\/schema\\\/logo\\\/image\\\/\"},\"sameAs\":[\"https:\\\/\\\/www.facebook.com\\\/TuS.Eschringen\\\/\",\"https:\\\/\\\/www.instagram.com\\\/tus.eschringen\\\/\"]}]}<\/script>\n<!-- \/ Yoast SEO plugin. -->","yoast_head_json":{"title":"TuS Eschringen - SC Friedrichsthal - TuS Eschringen","robots":{"index":"index","follow":"follow","max-snippet":"max-snippet:-1","max-image-preview":"max-image-preview:large","max-video-preview":"max-video-preview:-1"},"canonical":"https:\/\/tus.eschringen.de\/wordpress\/event\/tus-eschringen-sc-friedrichsthal-6\/","og_locale":"de_DE","og_type":"article","og_title":"TuS Eschringen - SC Friedrichsthal - TuS Eschringen","og_description":"Landesliga S\u00fcd 6. Spieltag TuS Eschringen &#8211; SC Friedrichsthal 1:5 (1:2) Torsch\u00fctzen: 0:1 Yannis Meyer (8. Min) 0:2 Maximilian Geid (11. Min) 1:2 Lucas Forte (20. Min, FE) 1:3 Marco Caligiuri (51. Min) 1:4 Maximilian Geid (73. Min, HE) 1:5 Max M\u00e4s (74. Min) Spielbericht: Lebloser Auftritt beendet Heimserie Seit mehr als einem Jahr war ... alles lesen","og_url":"https:\/\/tus.eschringen.de\/wordpress\/event\/tus-eschringen-sc-friedrichsthal-6\/","og_site_name":"TuS Eschringen","article_publisher":"https:\/\/www.facebook.com\/TuS.Eschringen\/","article_modified_time":"2025-08-25T11:32:55+00:00","twitter_card":"summary_large_image","twitter_misc":{"Gesch\u00e4tzte Lesezeit":"2\u00a0Minuten"},"schema":{"@context":"https:\/\/schema.org","@graph":[{"@type":"WebPage","@id":"https:\/\/tus.eschringen.de\/wordpress\/event\/tus-eschringen-sc-friedrichsthal-6\/","url":"https:\/\/tus.eschringen.de\/wordpress\/event\/tus-eschringen-sc-friedrichsthal-6\/","name":"TuS Eschringen - SC Friedrichsthal - TuS Eschringen","isPartOf":{"@id":"https:\/\/tus.eschringen.de\/wordpress\/#website"},"datePublished":"2025-07-30T20:06:26+00:00","dateModified":"2025-08-25T11:32:55+00:00","breadcrumb":{"@id":"https:\/\/tus.eschringen.de\/wordpress\/event\/tus-eschringen-sc-friedrichsthal-6\/#breadcrumb"},"inLanguage":"de","potentialAction":[{"@type":"ReadAction","target":["https:\/\/tus.eschringen.de\/wordpress\/event\/tus-eschringen-sc-friedrichsthal-6\/"]}]},{"@type":"BreadcrumbList","@id":"https:\/\/tus.eschringen.de\/wordpress\/event\/tus-eschringen-sc-friedrichsthal-6\/#breadcrumb","itemListElement":[{"@type":"ListItem","position":1,"name":"Startseite","item":"https:\/\/tus.eschringen.de\/wordpress\/"},{"@type":"ListItem","position":2,"name":"Veranstaltungen","item":"https:\/\/tus.eschringen.de\/wordpress\/events\/"},{"@type":"ListItem","position":3,"name":"TuS Eschringen &#8211; SC Friedrichsthal"}]},{"@type":"WebSite","@id":"https:\/\/tus.eschringen.de\/wordpress\/#website","url":"https:\/\/tus.eschringen.de\/wordpress\/","name":"TuS Eschringen","description":"","publisher":{"@id":"https:\/\/tus.eschringen.de\/wordpress\/#organization"},"potentialAction":[{"@type":"SearchAction","target":{"@type":"EntryPoint","urlTemplate":"https:\/\/tus.eschringen.de\/wordpress\/?s={search_term_string}"},"query-input":{"@type":"PropertyValueSpecification","valueRequired":true,"valueName":"search_term_string"}}],"inLanguage":"de"},{"@type":"Organization","@id":"https:\/\/tus.eschringen.de\/wordpress\/#organization","name":"TuS Eschringen","url":"https:\/\/tus.eschringen.de\/wordpress\/","logo":{"@type":"ImageObject","inLanguage":"de","@id":"https:\/\/tus.eschringen.de\/wordpress\/#\/schema\/logo\/image\/","url":"https:\/\/i0.wp.com\/tus.eschringen.de\/wordpress\/wp-content\/uploads\/2025\/07\/Web_kopf.jpg?fit=1260%2C240&ssl=1","contentUrl":"https:\/\/i0.wp.com\/tus.eschringen.de\/wordpress\/wp-content\/uploads\/2025\/07\/Web_kopf.jpg?fit=1260%2C240&ssl=1","width":1260,"height":240,"caption":"TuS Eschringen"},"image":{"@id":"https:\/\/tus.eschringen.de\/wordpress\/#\/schema\/logo\/image\/"},"sameAs":["https:\/\/www.facebook.com\/TuS.Eschringen\/","https:\/\/www.instagram.com\/tus.eschringen\/"]}]}},"jetpack_sharing_enabled":true,"_links":{"self":[{"href":"https:\/\/tus.eschringen.de\/wordpress\/wp-json\/wp\/v2\/tribe_events\/6259","targetHints":{"allow":["GET"]}}],"collection":[{"href":"https:\/\/tus.eschringen.de\/wordpress\/wp-json\/wp\/v2\/tribe_events"}],"about":[{"href":"https:\/\/tus.eschringen.de\/wordpress\/wp-json\/wp\/v2\/types\/tribe_events"}],"author":[{"embeddable":true,"href":"https:\/\/tus.eschringen.de\/wordpress\/wp-json\/wp\/v2\/users\/1"}],"version-history":[{"count":4,"href":"https:\/\/tus.eschringen.de\/wordpress\/wp-json\/wp\/v2\/tribe_events\/6259\/revisions"}],"predecessor-version":[{"id":6410,"href":"https:\/\/tus.eschringen.de\/wordpress\/wp-json\/wp\/v2\/tribe_events\/6259\/revisions\/6410"}],"wp:attachment":[{"href":"https:\/\/tus.eschringen.de\/wordpress\/wp-json\/wp\/v2\/media?parent=6259"}],"wp:term":[{"taxonomy":"post_tag","embeddable":true,"href":"https:\/\/tus.eschringen.de\/wordpress\/wp-json\/wp\/v2\/tags?post=6259"},{"taxonomy":"tribe_events_cat","embeddable":true,"href":"https:\/\/tus.eschringen.de\/wordpress\/wp-json\/wp\/v2\/tribe_events_cat?post=6259"}],"curies":[{"name":"wp","href":"https:\/\/api.w.org\/{rel}","templated":true}]}}