{"id":6099,"date":"2025-07-05T07:03:19","date_gmt":"2025-07-05T05:03:19","guid":{"rendered":"https:\/\/tus.eschringen.de\/wordpress\/?post_type=tribe_events&#038;p=6099"},"modified":"2025-08-07T13:11:03","modified_gmt":"2025-08-07T11:11:03","slug":"sv-wehrden-tus-eschringen","status":"publish","type":"tribe_events","link":"https:\/\/tus.eschringen.de\/wordpress\/event\/sv-wehrden-tus-eschringen\/","title":{"rendered":"SV Wehrden &#8211; TuS Eschringen"},"content":{"rendered":"<p><strong>Kreispokal 1. Runde<\/strong><\/p>\n<p>SV Wehrden &#8211; TuS Eschringen <span style=\"color: #ff0000;\"><strong>1:6<\/strong><\/span>\u00a0(0:3)<\/p>\n<p>Torsch\u00fctzen:<\/p>\n<p><span style=\"color: #ff0000;\"><strong>0:1<\/strong><\/span> Sebastian Beck (17. Min, FE)<br \/>\n<span style=\"color: #ff0000;\"><strong>0:2<\/strong><\/span> Lucas Paul Daniel Forte (36. Min)<br \/>\n<span style=\"color: #ff0000;\"><strong>0:3<\/strong><\/span> Fabrizio Mazzola (40. Min)<br \/>\n<span style=\"color: #ff0000;\"><strong>0:4<\/strong><\/span> Sebastian Beck (60. Min)<br \/>\n<span style=\"color: #ff0000;\"><strong>0:5<\/strong><\/span> Fabrizio Mazzola (70. Min)<br \/>\n<span style=\"color: #ff0000;\"><strong>0:6<\/strong><\/span> Fabrizio Mazzola (75. Min)<br \/>\n1:6 Istvan Madarasz (86. Min)<\/p>\n<p>Spielbericht:<\/p>\n<p><strong>TuS \u00fcbersteht die 1. Runde des S\u00fcdsaar-Pokals problemlos<\/strong><\/p>\n<p>Ein Mix aus 1. und 2. Mannschaft hatte wenig M\u00fche, den Gastgeber vom SV Wehrden in Schach zu halten. Eine durchschnittliche Leistung reichte aus, um dem Tabellenf\u00fchrer der Kreisliga A K\u00f6llertal\/Warndt mit 1:6 (0:3) die Grenzen aufzuzeigen. Erfreulicherweise taten sich zwei Spieler als Torsch\u00fctzen hervor, die normalerweise dem Kader der zweiten Mannschaft angeh\u00f6ren. So trafen Fabrizio Mazzola dreimal und Sebastian Beck zweimal. Daneben konnte unser Neuzugang Lucas Forte den ersten Pflichtspieltreffer f\u00fcr den TuS erzielen.<br \/>\nIn der zweiten Runde trifft unsere Mannschaft zu Hause auf den Ligakonkurrenten aus Ludweiler. Das Spiel findet am Mittwoch, dem 20. August, um 19:00 Uhr, in Eschringen statt.<\/p>\n<p><img data-recalc-dims=\"1\" loading=\"lazy\" decoding=\"async\" class=\"alignnone size-full wp-image-6320 aligncenter\" src=\"https:\/\/i0.wp.com\/tus.eschringen.de\/wordpress\/wp-content\/uploads\/2025\/08\/2025_08_06_2.jpg?resize=1000%2C1000&#038;ssl=1\" alt=\"\" width=\"1000\" height=\"1000\" srcset=\"https:\/\/i0.wp.com\/tus.eschringen.de\/wordpress\/wp-content\/uploads\/2025\/08\/2025_08_06_2.jpg?w=1000&amp;ssl=1 1000w, https:\/\/i0.wp.com\/tus.eschringen.de\/wordpress\/wp-content\/uploads\/2025\/08\/2025_08_06_2.jpg?resize=150%2C150&amp;ssl=1 150w, https:\/\/i0.wp.com\/tus.eschringen.de\/wordpress\/wp-content\/uploads\/2025\/08\/2025_08_06_2.jpg?resize=300%2C300&amp;ssl=1 300w, https:\/\/i0.wp.com\/tus.eschringen.de\/wordpress\/wp-content\/uploads\/2025\/08\/2025_08_06_2.jpg?resize=768%2C768&amp;ssl=1 768w\" sizes=\"auto, (max-width: 1000px) 100vw, 1000px\" \/><\/p>\n","protected":false},"excerpt":{"rendered":"<p>Kreispokal 1. Runde SV Wehrden &#8211; TuS Eschringen 1:6\u00a0(0:3) Torsch\u00fctzen: 0:1 Sebastian Beck (17. Min, FE) 0:2 Lucas Paul Daniel Forte (36. Min) 0:3 Fabrizio Mazzola (40. Min) 0:4 Sebastian Beck (60. Min) 0:5 Fabrizio Mazzola (70. Min) 0:6 Fabrizio Mazzola (75. Min) 1:6 Istvan Madarasz (86. Min) Spielbericht: TuS \u00fcbersteht die 1. Runde des &#8230; <\/p>\n<p class=\"read-more-container\"><a title=\"SV Wehrden &#8211; TuS Eschringen\" class=\"read-more button\" href=\"https:\/\/tus.eschringen.de\/wordpress\/event\/sv-wehrden-tus-eschringen\/#more-6099\" aria-label=\"Mehr Informationen \u00fcber SV Wehrden &#8211; TuS Eschringen\">alles lesen<\/a><\/p>\n","protected":false},"author":1,"featured_media":0,"template":"","meta":{"generate_page_header":"","_tribe_events_status":"","_tribe_events_status_reason":"","footnotes":""},"tags":[],"tribe_events_cat":[4],"class_list":["post-6099","tribe_events","type-tribe_events","status-publish","hentry","tribe_events_cat-sparkassenpokal","cat_sparkassenpokal"],"yoast_head":"<!-- This site is optimized with the Yoast SEO plugin v27.4 - https:\/\/yoast.com\/product\/yoast-seo-wordpress\/ -->\n<title>SV Wehrden - TuS Eschringen - TuS Eschringen<\/title>\n<meta name=\"robots\" content=\"index, follow, max-snippet:-1, max-image-preview:large, max-video-preview:-1\" \/>\n<link rel=\"canonical\" href=\"https:\/\/tus.eschringen.de\/wordpress\/event\/sv-wehrden-tus-eschringen\/\" \/>\n<meta property=\"og:locale\" content=\"de_DE\" \/>\n<meta property=\"og:type\" content=\"article\" \/>\n<meta property=\"og:title\" content=\"SV Wehrden - TuS Eschringen - TuS Eschringen\" \/>\n<meta property=\"og:description\" content=\"Kreispokal 1. Runde SV Wehrden &#8211; TuS Eschringen 1:6\u00a0(0:3) Torsch\u00fctzen: 0:1 Sebastian Beck (17. Min, FE) 0:2 Lucas Paul Daniel Forte (36. Min) 0:3 Fabrizio Mazzola (40. Min) 0:4 Sebastian Beck (60. Min) 0:5 Fabrizio Mazzola (70. Min) 0:6 Fabrizio Mazzola (75. Min) 1:6 Istvan Madarasz (86. Min) Spielbericht: TuS \u00fcbersteht die 1. Runde des ... alles lesen\" \/>\n<meta property=\"og:url\" content=\"https:\/\/tus.eschringen.de\/wordpress\/event\/sv-wehrden-tus-eschringen\/\" \/>\n<meta property=\"og:site_name\" content=\"TuS Eschringen\" \/>\n<meta property=\"article:publisher\" content=\"https:\/\/www.facebook.com\/TuS.Eschringen\/\" \/>\n<meta property=\"article:modified_time\" content=\"2025-08-07T11:11:03+00:00\" \/>\n<meta property=\"og:image\" content=\"https:\/\/tus.eschringen.de\/wordpress\/wp-content\/uploads\/2025\/08\/2025_08_06_2.jpg\" \/>\n<meta name=\"twitter:card\" content=\"summary_large_image\" \/>\n<meta name=\"twitter:label1\" content=\"Gesch\u00e4tzte Lesezeit\" \/>\n\t<meta name=\"twitter:data1\" content=\"2\u00a0Minuten\" \/>\n<script type=\"application\/ld+json\" class=\"yoast-schema-graph\">{\"@context\":\"https:\\\/\\\/schema.org\",\"@graph\":[{\"@type\":\"WebPage\",\"@id\":\"https:\\\/\\\/tus.eschringen.de\\\/wordpress\\\/event\\\/sv-wehrden-tus-eschringen\\\/\",\"url\":\"https:\\\/\\\/tus.eschringen.de\\\/wordpress\\\/event\\\/sv-wehrden-tus-eschringen\\\/\",\"name\":\"SV Wehrden - TuS Eschringen - TuS Eschringen\",\"isPartOf\":{\"@id\":\"https:\\\/\\\/tus.eschringen.de\\\/wordpress\\\/#website\"},\"primaryImageOfPage\":{\"@id\":\"https:\\\/\\\/tus.eschringen.de\\\/wordpress\\\/event\\\/sv-wehrden-tus-eschringen\\\/#primaryimage\"},\"image\":{\"@id\":\"https:\\\/\\\/tus.eschringen.de\\\/wordpress\\\/event\\\/sv-wehrden-tus-eschringen\\\/#primaryimage\"},\"thumbnailUrl\":\"https:\\\/\\\/tus.eschringen.de\\\/wordpress\\\/wp-content\\\/uploads\\\/2025\\\/08\\\/2025_08_06_2.jpg\",\"datePublished\":\"2025-07-05T05:03:19+00:00\",\"dateModified\":\"2025-08-07T11:11:03+00:00\",\"breadcrumb\":{\"@id\":\"https:\\\/\\\/tus.eschringen.de\\\/wordpress\\\/event\\\/sv-wehrden-tus-eschringen\\\/#breadcrumb\"},\"inLanguage\":\"de\",\"potentialAction\":[{\"@type\":\"ReadAction\",\"target\":[\"https:\\\/\\\/tus.eschringen.de\\\/wordpress\\\/event\\\/sv-wehrden-tus-eschringen\\\/\"]}]},{\"@type\":\"ImageObject\",\"inLanguage\":\"de\",\"@id\":\"https:\\\/\\\/tus.eschringen.de\\\/wordpress\\\/event\\\/sv-wehrden-tus-eschringen\\\/#primaryimage\",\"url\":\"https:\\\/\\\/i0.wp.com\\\/tus.eschringen.de\\\/wordpress\\\/wp-content\\\/uploads\\\/2025\\\/08\\\/2025_08_06_2.jpg?fit=1000%2C1000&ssl=1\",\"contentUrl\":\"https:\\\/\\\/i0.wp.com\\\/tus.eschringen.de\\\/wordpress\\\/wp-content\\\/uploads\\\/2025\\\/08\\\/2025_08_06_2.jpg?fit=1000%2C1000&ssl=1\",\"width\":1000,\"height\":1000},{\"@type\":\"BreadcrumbList\",\"@id\":\"https:\\\/\\\/tus.eschringen.de\\\/wordpress\\\/event\\\/sv-wehrden-tus-eschringen\\\/#breadcrumb\",\"itemListElement\":[{\"@type\":\"ListItem\",\"position\":1,\"name\":\"Startseite\",\"item\":\"https:\\\/\\\/tus.eschringen.de\\\/wordpress\\\/\"},{\"@type\":\"ListItem\",\"position\":2,\"name\":\"Veranstaltungen\",\"item\":\"https:\\\/\\\/tus.eschringen.de\\\/wordpress\\\/events\\\/\"},{\"@type\":\"ListItem\",\"position\":3,\"name\":\"SV Wehrden &#8211; TuS Eschringen\"}]},{\"@type\":\"WebSite\",\"@id\":\"https:\\\/\\\/tus.eschringen.de\\\/wordpress\\\/#website\",\"url\":\"https:\\\/\\\/tus.eschringen.de\\\/wordpress\\\/\",\"name\":\"TuS Eschringen\",\"description\":\"\",\"publisher\":{\"@id\":\"https:\\\/\\\/tus.eschringen.de\\\/wordpress\\\/#organization\"},\"potentialAction\":[{\"@type\":\"SearchAction\",\"target\":{\"@type\":\"EntryPoint\",\"urlTemplate\":\"https:\\\/\\\/tus.eschringen.de\\\/wordpress\\\/?s={search_term_string}\"},\"query-input\":{\"@type\":\"PropertyValueSpecification\",\"valueRequired\":true,\"valueName\":\"search_term_string\"}}],\"inLanguage\":\"de\"},{\"@type\":\"Organization\",\"@id\":\"https:\\\/\\\/tus.eschringen.de\\\/wordpress\\\/#organization\",\"name\":\"TuS Eschringen\",\"url\":\"https:\\\/\\\/tus.eschringen.de\\\/wordpress\\\/\",\"logo\":{\"@type\":\"ImageObject\",\"inLanguage\":\"de\",\"@id\":\"https:\\\/\\\/tus.eschringen.de\\\/wordpress\\\/#\\\/schema\\\/logo\\\/image\\\/\",\"url\":\"https:\\\/\\\/i0.wp.com\\\/tus.eschringen.de\\\/wordpress\\\/wp-content\\\/uploads\\\/2025\\\/07\\\/Web_kopf.jpg?fit=1260%2C240&ssl=1\",\"contentUrl\":\"https:\\\/\\\/i0.wp.com\\\/tus.eschringen.de\\\/wordpress\\\/wp-content\\\/uploads\\\/2025\\\/07\\\/Web_kopf.jpg?fit=1260%2C240&ssl=1\",\"width\":1260,\"height\":240,\"caption\":\"TuS Eschringen\"},\"image\":{\"@id\":\"https:\\\/\\\/tus.eschringen.de\\\/wordpress\\\/#\\\/schema\\\/logo\\\/image\\\/\"},\"sameAs\":[\"https:\\\/\\\/www.facebook.com\\\/TuS.Eschringen\\\/\",\"https:\\\/\\\/www.instagram.com\\\/tus.eschringen\\\/\"]}]}<\/script>\n<!-- \/ Yoast SEO plugin. -->","yoast_head_json":{"title":"SV Wehrden - TuS Eschringen - TuS Eschringen","robots":{"index":"index","follow":"follow","max-snippet":"max-snippet:-1","max-image-preview":"max-image-preview:large","max-video-preview":"max-video-preview:-1"},"canonical":"https:\/\/tus.eschringen.de\/wordpress\/event\/sv-wehrden-tus-eschringen\/","og_locale":"de_DE","og_type":"article","og_title":"SV Wehrden - TuS Eschringen - TuS Eschringen","og_description":"Kreispokal 1. Runde SV Wehrden &#8211; TuS Eschringen 1:6\u00a0(0:3) Torsch\u00fctzen: 0:1 Sebastian Beck (17. Min, FE) 0:2 Lucas Paul Daniel Forte (36. Min) 0:3 Fabrizio Mazzola (40. Min) 0:4 Sebastian Beck (60. Min) 0:5 Fabrizio Mazzola (70. Min) 0:6 Fabrizio Mazzola (75. Min) 1:6 Istvan Madarasz (86. Min) Spielbericht: TuS \u00fcbersteht die 1. Runde des ... alles lesen","og_url":"https:\/\/tus.eschringen.de\/wordpress\/event\/sv-wehrden-tus-eschringen\/","og_site_name":"TuS Eschringen","article_publisher":"https:\/\/www.facebook.com\/TuS.Eschringen\/","article_modified_time":"2025-08-07T11:11:03+00:00","og_image":[{"url":"https:\/\/tus.eschringen.de\/wordpress\/wp-content\/uploads\/2025\/08\/2025_08_06_2.jpg","type":"","width":"","height":""}],"twitter_card":"summary_large_image","twitter_misc":{"Gesch\u00e4tzte Lesezeit":"2\u00a0Minuten"},"schema":{"@context":"https:\/\/schema.org","@graph":[{"@type":"WebPage","@id":"https:\/\/tus.eschringen.de\/wordpress\/event\/sv-wehrden-tus-eschringen\/","url":"https:\/\/tus.eschringen.de\/wordpress\/event\/sv-wehrden-tus-eschringen\/","name":"SV Wehrden - TuS Eschringen - TuS Eschringen","isPartOf":{"@id":"https:\/\/tus.eschringen.de\/wordpress\/#website"},"primaryImageOfPage":{"@id":"https:\/\/tus.eschringen.de\/wordpress\/event\/sv-wehrden-tus-eschringen\/#primaryimage"},"image":{"@id":"https:\/\/tus.eschringen.de\/wordpress\/event\/sv-wehrden-tus-eschringen\/#primaryimage"},"thumbnailUrl":"https:\/\/tus.eschringen.de\/wordpress\/wp-content\/uploads\/2025\/08\/2025_08_06_2.jpg","datePublished":"2025-07-05T05:03:19+00:00","dateModified":"2025-08-07T11:11:03+00:00","breadcrumb":{"@id":"https:\/\/tus.eschringen.de\/wordpress\/event\/sv-wehrden-tus-eschringen\/#breadcrumb"},"inLanguage":"de","potentialAction":[{"@type":"ReadAction","target":["https:\/\/tus.eschringen.de\/wordpress\/event\/sv-wehrden-tus-eschringen\/"]}]},{"@type":"ImageObject","inLanguage":"de","@id":"https:\/\/tus.eschringen.de\/wordpress\/event\/sv-wehrden-tus-eschringen\/#primaryimage","url":"https:\/\/i0.wp.com\/tus.eschringen.de\/wordpress\/wp-content\/uploads\/2025\/08\/2025_08_06_2.jpg?fit=1000%2C1000&ssl=1","contentUrl":"https:\/\/i0.wp.com\/tus.eschringen.de\/wordpress\/wp-content\/uploads\/2025\/08\/2025_08_06_2.jpg?fit=1000%2C1000&ssl=1","width":1000,"height":1000},{"@type":"BreadcrumbList","@id":"https:\/\/tus.eschringen.de\/wordpress\/event\/sv-wehrden-tus-eschringen\/#breadcrumb","itemListElement":[{"@type":"ListItem","position":1,"name":"Startseite","item":"https:\/\/tus.eschringen.de\/wordpress\/"},{"@type":"ListItem","position":2,"name":"Veranstaltungen","item":"https:\/\/tus.eschringen.de\/wordpress\/events\/"},{"@type":"ListItem","position":3,"name":"SV Wehrden &#8211; TuS Eschringen"}]},{"@type":"WebSite","@id":"https:\/\/tus.eschringen.de\/wordpress\/#website","url":"https:\/\/tus.eschringen.de\/wordpress\/","name":"TuS Eschringen","description":"","publisher":{"@id":"https:\/\/tus.eschringen.de\/wordpress\/#organization"},"potentialAction":[{"@type":"SearchAction","target":{"@type":"EntryPoint","urlTemplate":"https:\/\/tus.eschringen.de\/wordpress\/?s={search_term_string}"},"query-input":{"@type":"PropertyValueSpecification","valueRequired":true,"valueName":"search_term_string"}}],"inLanguage":"de"},{"@type":"Organization","@id":"https:\/\/tus.eschringen.de\/wordpress\/#organization","name":"TuS Eschringen","url":"https:\/\/tus.eschringen.de\/wordpress\/","logo":{"@type":"ImageObject","inLanguage":"de","@id":"https:\/\/tus.eschringen.de\/wordpress\/#\/schema\/logo\/image\/","url":"https:\/\/i0.wp.com\/tus.eschringen.de\/wordpress\/wp-content\/uploads\/2025\/07\/Web_kopf.jpg?fit=1260%2C240&ssl=1","contentUrl":"https:\/\/i0.wp.com\/tus.eschringen.de\/wordpress\/wp-content\/uploads\/2025\/07\/Web_kopf.jpg?fit=1260%2C240&ssl=1","width":1260,"height":240,"caption":"TuS Eschringen"},"image":{"@id":"https:\/\/tus.eschringen.de\/wordpress\/#\/schema\/logo\/image\/"},"sameAs":["https:\/\/www.facebook.com\/TuS.Eschringen\/","https:\/\/www.instagram.com\/tus.eschringen\/"]}]}},"jetpack_sharing_enabled":true,"_links":{"self":[{"href":"https:\/\/tus.eschringen.de\/wordpress\/wp-json\/wp\/v2\/tribe_events\/6099","targetHints":{"allow":["GET"]}}],"collection":[{"href":"https:\/\/tus.eschringen.de\/wordpress\/wp-json\/wp\/v2\/tribe_events"}],"about":[{"href":"https:\/\/tus.eschringen.de\/wordpress\/wp-json\/wp\/v2\/types\/tribe_events"}],"author":[{"embeddable":true,"href":"https:\/\/tus.eschringen.de\/wordpress\/wp-json\/wp\/v2\/users\/1"}],"version-history":[{"count":10,"href":"https:\/\/tus.eschringen.de\/wordpress\/wp-json\/wp\/v2\/tribe_events\/6099\/revisions"}],"predecessor-version":[{"id":6322,"href":"https:\/\/tus.eschringen.de\/wordpress\/wp-json\/wp\/v2\/tribe_events\/6099\/revisions\/6322"}],"wp:attachment":[{"href":"https:\/\/tus.eschringen.de\/wordpress\/wp-json\/wp\/v2\/media?parent=6099"}],"wp:term":[{"taxonomy":"post_tag","embeddable":true,"href":"https:\/\/tus.eschringen.de\/wordpress\/wp-json\/wp\/v2\/tags?post=6099"},{"taxonomy":"tribe_events_cat","embeddable":true,"href":"https:\/\/tus.eschringen.de\/wordpress\/wp-json\/wp\/v2\/tribe_events_cat?post=6099"}],"curies":[{"name":"wp","href":"https:\/\/api.w.org\/{rel}","templated":true}]}}