{"id":5929,"date":"2025-05-26T13:17:30","date_gmt":"2025-05-26T11:17:30","guid":{"rendered":"https:\/\/tus.eschringen.de\/wordpress\/?post_type=tribe_events&#038;p=5929"},"modified":"2025-07-28T08:29:42","modified_gmt":"2025-07-28T06:29:42","slug":"saisonstart-2025-26","status":"publish","type":"tribe_events","link":"https:\/\/tus.eschringen.de\/wordpress\/event\/saisonstart-2025-26\/","title":{"rendered":"SC Halberg Brebach II &#8211; TuS Eschringen II"},"content":{"rendered":"<p>Kreisliga A S\u00fcd<\/p>\n<p>1. Spieltag<\/p>\n<p>SC Halberg Brebach II &#8211; TuS Eschringen II <span style=\"color: #ff0000;\"><strong>3:4<\/strong><\/span> (1:3)<\/p>\n<p>Torsch\u00fctzen:<\/p>\n<p><strong><span style=\"color: #ff0000;\">0:1<\/span> Fabrizio Mazzola (18. Min)<\/strong><br \/>\n<strong><span style=\"color: #ff0000;\">0:2<\/span> Fabrizio Mazzola (29. Min)<\/strong><br \/>\n<strong><span style=\"color: #ff0000;\">0:3<\/span> Maxim Reichert (39. Min)<\/strong><br \/>\n1:3 Ben Fulko Schaller (43. Min)<br \/>\n<strong><span style=\"color: #ff0000;\">1:4<\/span> Luca Amendola (51. Min)<\/strong><br \/>\n2:4 Ben Fulko Schaller (72. Min)<br \/>\n3:4 Valentin Z\u00fchl (93. Min)<\/p>\n<p>Spielbericht:<\/p>\n<p><strong>Gelungener Saisonauftakt der Zweiten<\/strong><\/p>\n<figure id=\"attachment_6233\" aria-describedby=\"caption-attachment-6233\" style=\"width: 390px\" class=\"wp-caption alignright\"><img data-recalc-dims=\"1\" loading=\"lazy\" decoding=\"async\" class=\"wp-image-6233\" src=\"https:\/\/i0.wp.com\/tus.eschringen.de\/wordpress\/wp-content\/uploads\/2025\/05\/2025_07_27_2B.jpg?resize=400%2C400&#038;ssl=1\" alt=\"\" width=\"400\" height=\"400\" srcset=\"https:\/\/i0.wp.com\/tus.eschringen.de\/wordpress\/wp-content\/uploads\/2025\/05\/2025_07_27_2B.jpg?resize=300%2C300&amp;ssl=1 300w, https:\/\/i0.wp.com\/tus.eschringen.de\/wordpress\/wp-content\/uploads\/2025\/05\/2025_07_27_2B.jpg?resize=150%2C150&amp;ssl=1 150w, https:\/\/i0.wp.com\/tus.eschringen.de\/wordpress\/wp-content\/uploads\/2025\/05\/2025_07_27_2B.jpg?resize=768%2C768&amp;ssl=1 768w, https:\/\/i0.wp.com\/tus.eschringen.de\/wordpress\/wp-content\/uploads\/2025\/05\/2025_07_27_2B.jpg?resize=1024%2C1024&amp;ssl=1 1024w, https:\/\/i0.wp.com\/tus.eschringen.de\/wordpress\/wp-content\/uploads\/2025\/05\/2025_07_27_2B.jpg?w=1387&amp;ssl=1 1387w\" sizes=\"auto, (max-width: 400px) 100vw, 400px\" \/><figcaption id=\"caption-attachment-6233\" class=\"wp-caption-text\">Die Zweite holt sich nach dem ersten Saisonsieg das verdiente Lob des Trainers ab.<\/figcaption><\/figure>\n<p>Unsere zweite Mannschaft startete mit einem Sieg in die Saison 2025\/2026. Beim SC Halberg-Brebach II gewann das Team mit 3:4 (1:3).<br \/>\nBereits in der ersten Halbzeit zog der TuS durch zwei sch\u00f6n vorgetragene Kombinationen \u00fcber die rechte Au\u00dfenbahn und einen Doppelpack von Fabrizio Mazzola sowie einen fulminanten Weitschuss von Maxim Reichert auf 0:3 davon. Auch das erste Gegentor durch einen verwandelten Foulelfmeter kurz vor der Pause brachte unsere Mannschaft nicht aus dem Tritt. Denn bereits unmittelbar nach dem Wechsel erzielte Luca Amendola mit einem gezielten Schuss von der Strafraumkante in die untere rechte Ecke das 1:4. Die beiden weiteren Gegentor, das letzte davon kurz vor dem Ende, waren lediglich noch Ergebniskosmetik f\u00fcr den Gastgeber, konnten den verdienten Auftaktsieg unserer Zweiten aber nicht mehr ernsthaft in Gefahr bringen.<\/p>\n","protected":false},"excerpt":{"rendered":"<p>Kreisliga A S\u00fcd 1. Spieltag SC Halberg Brebach II &#8211; TuS Eschringen II 3:4 (1:3) Torsch\u00fctzen: 0:1 Fabrizio Mazzola (18. Min) 0:2 Fabrizio Mazzola (29. Min) 0:3 Maxim Reichert (39. Min) 1:3 Ben Fulko Schaller (43. Min) 1:4 Luca Amendola (51. Min) 2:4 Ben Fulko Schaller (72. Min) 3:4 Valentin Z\u00fchl (93. Min) Spielbericht: Gelungener &#8230; <\/p>\n<p class=\"read-more-container\"><a title=\"SC Halberg Brebach II &#8211; TuS Eschringen II\" class=\"read-more button\" href=\"https:\/\/tus.eschringen.de\/wordpress\/event\/saisonstart-2025-26\/#more-5929\" aria-label=\"Mehr Informationen \u00fcber SC Halberg Brebach II &#8211; TuS Eschringen II\">alles lesen<\/a><\/p>\n","protected":false},"author":1,"featured_media":0,"template":"","meta":{"generate_page_header":"","_tribe_events_status":"","_tribe_events_status_reason":"","footnotes":""},"tags":[],"tribe_events_cat":[12],"class_list":["post-5929","tribe_events","type-tribe_events","status-publish","hentry","tribe_events_cat-kreisliga-a-sued","cat_kreisliga-a-sued"],"yoast_head":"<!-- This site is optimized with the Yoast SEO plugin v27.4 - https:\/\/yoast.com\/product\/yoast-seo-wordpress\/ -->\n<title>SC Halberg Brebach II - TuS Eschringen II - TuS Eschringen<\/title>\n<meta name=\"robots\" content=\"index, follow, max-snippet:-1, max-image-preview:large, max-video-preview:-1\" \/>\n<link rel=\"canonical\" href=\"https:\/\/tus.eschringen.de\/wordpress\/event\/saisonstart-2025-26\/\" \/>\n<meta property=\"og:locale\" content=\"de_DE\" \/>\n<meta property=\"og:type\" content=\"article\" \/>\n<meta property=\"og:title\" content=\"SC Halberg Brebach II - TuS Eschringen II - TuS Eschringen\" \/>\n<meta property=\"og:description\" content=\"Kreisliga A S\u00fcd 1. Spieltag SC Halberg Brebach II &#8211; TuS Eschringen II 3:4 (1:3) Torsch\u00fctzen: 0:1 Fabrizio Mazzola (18. Min) 0:2 Fabrizio Mazzola (29. Min) 0:3 Maxim Reichert (39. Min) 1:3 Ben Fulko Schaller (43. Min) 1:4 Luca Amendola (51. Min) 2:4 Ben Fulko Schaller (72. Min) 3:4 Valentin Z\u00fchl (93. Min) Spielbericht: Gelungener ... alles lesen\" \/>\n<meta property=\"og:url\" content=\"https:\/\/tus.eschringen.de\/wordpress\/event\/saisonstart-2025-26\/\" \/>\n<meta property=\"og:site_name\" content=\"TuS Eschringen\" \/>\n<meta property=\"article:publisher\" content=\"https:\/\/www.facebook.com\/TuS.Eschringen\/\" \/>\n<meta property=\"article:modified_time\" content=\"2025-07-28T06:29:42+00:00\" \/>\n<meta property=\"og:image\" content=\"https:\/\/tus.eschringen.de\/wordpress\/wp-content\/uploads\/2025\/05\/2025_07_27_2B-300x300.jpg\" \/>\n<meta name=\"twitter:card\" content=\"summary_large_image\" \/>\n<meta name=\"twitter:label1\" content=\"Gesch\u00e4tzte Lesezeit\" \/>\n\t<meta name=\"twitter:data1\" content=\"2\u00a0Minuten\" \/>\n<script type=\"application\/ld+json\" class=\"yoast-schema-graph\">{\"@context\":\"https:\\\/\\\/schema.org\",\"@graph\":[{\"@type\":\"WebPage\",\"@id\":\"https:\\\/\\\/tus.eschringen.de\\\/wordpress\\\/event\\\/saisonstart-2025-26\\\/\",\"url\":\"https:\\\/\\\/tus.eschringen.de\\\/wordpress\\\/event\\\/saisonstart-2025-26\\\/\",\"name\":\"SC Halberg Brebach II - TuS Eschringen II - TuS Eschringen\",\"isPartOf\":{\"@id\":\"https:\\\/\\\/tus.eschringen.de\\\/wordpress\\\/#website\"},\"primaryImageOfPage\":{\"@id\":\"https:\\\/\\\/tus.eschringen.de\\\/wordpress\\\/event\\\/saisonstart-2025-26\\\/#primaryimage\"},\"image\":{\"@id\":\"https:\\\/\\\/tus.eschringen.de\\\/wordpress\\\/event\\\/saisonstart-2025-26\\\/#primaryimage\"},\"thumbnailUrl\":\"https:\\\/\\\/tus.eschringen.de\\\/wordpress\\\/wp-content\\\/uploads\\\/2025\\\/05\\\/2025_07_27_2B-300x300.jpg\",\"datePublished\":\"2025-05-26T11:17:30+00:00\",\"dateModified\":\"2025-07-28T06:29:42+00:00\",\"breadcrumb\":{\"@id\":\"https:\\\/\\\/tus.eschringen.de\\\/wordpress\\\/event\\\/saisonstart-2025-26\\\/#breadcrumb\"},\"inLanguage\":\"de\",\"potentialAction\":[{\"@type\":\"ReadAction\",\"target\":[\"https:\\\/\\\/tus.eschringen.de\\\/wordpress\\\/event\\\/saisonstart-2025-26\\\/\"]}]},{\"@type\":\"ImageObject\",\"inLanguage\":\"de\",\"@id\":\"https:\\\/\\\/tus.eschringen.de\\\/wordpress\\\/event\\\/saisonstart-2025-26\\\/#primaryimage\",\"url\":\"https:\\\/\\\/i0.wp.com\\\/tus.eschringen.de\\\/wordpress\\\/wp-content\\\/uploads\\\/2025\\\/05\\\/2025_07_27_2B.jpg?fit=1387%2C1387&ssl=1\",\"contentUrl\":\"https:\\\/\\\/i0.wp.com\\\/tus.eschringen.de\\\/wordpress\\\/wp-content\\\/uploads\\\/2025\\\/05\\\/2025_07_27_2B.jpg?fit=1387%2C1387&ssl=1\",\"width\":1387,\"height\":1387},{\"@type\":\"BreadcrumbList\",\"@id\":\"https:\\\/\\\/tus.eschringen.de\\\/wordpress\\\/event\\\/saisonstart-2025-26\\\/#breadcrumb\",\"itemListElement\":[{\"@type\":\"ListItem\",\"position\":1,\"name\":\"Startseite\",\"item\":\"https:\\\/\\\/tus.eschringen.de\\\/wordpress\\\/\"},{\"@type\":\"ListItem\",\"position\":2,\"name\":\"Veranstaltungen\",\"item\":\"https:\\\/\\\/tus.eschringen.de\\\/wordpress\\\/events\\\/\"},{\"@type\":\"ListItem\",\"position\":3,\"name\":\"SC Halberg Brebach II &#8211; TuS Eschringen II\"}]},{\"@type\":\"WebSite\",\"@id\":\"https:\\\/\\\/tus.eschringen.de\\\/wordpress\\\/#website\",\"url\":\"https:\\\/\\\/tus.eschringen.de\\\/wordpress\\\/\",\"name\":\"TuS Eschringen\",\"description\":\"\",\"publisher\":{\"@id\":\"https:\\\/\\\/tus.eschringen.de\\\/wordpress\\\/#organization\"},\"potentialAction\":[{\"@type\":\"SearchAction\",\"target\":{\"@type\":\"EntryPoint\",\"urlTemplate\":\"https:\\\/\\\/tus.eschringen.de\\\/wordpress\\\/?s={search_term_string}\"},\"query-input\":{\"@type\":\"PropertyValueSpecification\",\"valueRequired\":true,\"valueName\":\"search_term_string\"}}],\"inLanguage\":\"de\"},{\"@type\":\"Organization\",\"@id\":\"https:\\\/\\\/tus.eschringen.de\\\/wordpress\\\/#organization\",\"name\":\"TuS Eschringen\",\"url\":\"https:\\\/\\\/tus.eschringen.de\\\/wordpress\\\/\",\"logo\":{\"@type\":\"ImageObject\",\"inLanguage\":\"de\",\"@id\":\"https:\\\/\\\/tus.eschringen.de\\\/wordpress\\\/#\\\/schema\\\/logo\\\/image\\\/\",\"url\":\"https:\\\/\\\/i0.wp.com\\\/tus.eschringen.de\\\/wordpress\\\/wp-content\\\/uploads\\\/2025\\\/07\\\/Web_kopf.jpg?fit=1260%2C240&ssl=1\",\"contentUrl\":\"https:\\\/\\\/i0.wp.com\\\/tus.eschringen.de\\\/wordpress\\\/wp-content\\\/uploads\\\/2025\\\/07\\\/Web_kopf.jpg?fit=1260%2C240&ssl=1\",\"width\":1260,\"height\":240,\"caption\":\"TuS Eschringen\"},\"image\":{\"@id\":\"https:\\\/\\\/tus.eschringen.de\\\/wordpress\\\/#\\\/schema\\\/logo\\\/image\\\/\"},\"sameAs\":[\"https:\\\/\\\/www.facebook.com\\\/TuS.Eschringen\\\/\",\"https:\\\/\\\/www.instagram.com\\\/tus.eschringen\\\/\"]}]}<\/script>\n<!-- \/ Yoast SEO plugin. -->","yoast_head_json":{"title":"SC Halberg Brebach II - TuS Eschringen II - TuS Eschringen","robots":{"index":"index","follow":"follow","max-snippet":"max-snippet:-1","max-image-preview":"max-image-preview:large","max-video-preview":"max-video-preview:-1"},"canonical":"https:\/\/tus.eschringen.de\/wordpress\/event\/saisonstart-2025-26\/","og_locale":"de_DE","og_type":"article","og_title":"SC Halberg Brebach II - TuS Eschringen II - TuS Eschringen","og_description":"Kreisliga A S\u00fcd 1. Spieltag SC Halberg Brebach II &#8211; TuS Eschringen II 3:4 (1:3) Torsch\u00fctzen: 0:1 Fabrizio Mazzola (18. Min) 0:2 Fabrizio Mazzola (29. Min) 0:3 Maxim Reichert (39. Min) 1:3 Ben Fulko Schaller (43. Min) 1:4 Luca Amendola (51. Min) 2:4 Ben Fulko Schaller (72. Min) 3:4 Valentin Z\u00fchl (93. Min) Spielbericht: Gelungener ... alles lesen","og_url":"https:\/\/tus.eschringen.de\/wordpress\/event\/saisonstart-2025-26\/","og_site_name":"TuS Eschringen","article_publisher":"https:\/\/www.facebook.com\/TuS.Eschringen\/","article_modified_time":"2025-07-28T06:29:42+00:00","og_image":[{"url":"https:\/\/tus.eschringen.de\/wordpress\/wp-content\/uploads\/2025\/05\/2025_07_27_2B-300x300.jpg","type":"","width":"","height":""}],"twitter_card":"summary_large_image","twitter_misc":{"Gesch\u00e4tzte Lesezeit":"2\u00a0Minuten"},"schema":{"@context":"https:\/\/schema.org","@graph":[{"@type":"WebPage","@id":"https:\/\/tus.eschringen.de\/wordpress\/event\/saisonstart-2025-26\/","url":"https:\/\/tus.eschringen.de\/wordpress\/event\/saisonstart-2025-26\/","name":"SC Halberg Brebach II - TuS Eschringen II - TuS Eschringen","isPartOf":{"@id":"https:\/\/tus.eschringen.de\/wordpress\/#website"},"primaryImageOfPage":{"@id":"https:\/\/tus.eschringen.de\/wordpress\/event\/saisonstart-2025-26\/#primaryimage"},"image":{"@id":"https:\/\/tus.eschringen.de\/wordpress\/event\/saisonstart-2025-26\/#primaryimage"},"thumbnailUrl":"https:\/\/tus.eschringen.de\/wordpress\/wp-content\/uploads\/2025\/05\/2025_07_27_2B-300x300.jpg","datePublished":"2025-05-26T11:17:30+00:00","dateModified":"2025-07-28T06:29:42+00:00","breadcrumb":{"@id":"https:\/\/tus.eschringen.de\/wordpress\/event\/saisonstart-2025-26\/#breadcrumb"},"inLanguage":"de","potentialAction":[{"@type":"ReadAction","target":["https:\/\/tus.eschringen.de\/wordpress\/event\/saisonstart-2025-26\/"]}]},{"@type":"ImageObject","inLanguage":"de","@id":"https:\/\/tus.eschringen.de\/wordpress\/event\/saisonstart-2025-26\/#primaryimage","url":"https:\/\/i0.wp.com\/tus.eschringen.de\/wordpress\/wp-content\/uploads\/2025\/05\/2025_07_27_2B.jpg?fit=1387%2C1387&ssl=1","contentUrl":"https:\/\/i0.wp.com\/tus.eschringen.de\/wordpress\/wp-content\/uploads\/2025\/05\/2025_07_27_2B.jpg?fit=1387%2C1387&ssl=1","width":1387,"height":1387},{"@type":"BreadcrumbList","@id":"https:\/\/tus.eschringen.de\/wordpress\/event\/saisonstart-2025-26\/#breadcrumb","itemListElement":[{"@type":"ListItem","position":1,"name":"Startseite","item":"https:\/\/tus.eschringen.de\/wordpress\/"},{"@type":"ListItem","position":2,"name":"Veranstaltungen","item":"https:\/\/tus.eschringen.de\/wordpress\/events\/"},{"@type":"ListItem","position":3,"name":"SC Halberg Brebach II &#8211; TuS Eschringen II"}]},{"@type":"WebSite","@id":"https:\/\/tus.eschringen.de\/wordpress\/#website","url":"https:\/\/tus.eschringen.de\/wordpress\/","name":"TuS Eschringen","description":"","publisher":{"@id":"https:\/\/tus.eschringen.de\/wordpress\/#organization"},"potentialAction":[{"@type":"SearchAction","target":{"@type":"EntryPoint","urlTemplate":"https:\/\/tus.eschringen.de\/wordpress\/?s={search_term_string}"},"query-input":{"@type":"PropertyValueSpecification","valueRequired":true,"valueName":"search_term_string"}}],"inLanguage":"de"},{"@type":"Organization","@id":"https:\/\/tus.eschringen.de\/wordpress\/#organization","name":"TuS Eschringen","url":"https:\/\/tus.eschringen.de\/wordpress\/","logo":{"@type":"ImageObject","inLanguage":"de","@id":"https:\/\/tus.eschringen.de\/wordpress\/#\/schema\/logo\/image\/","url":"https:\/\/i0.wp.com\/tus.eschringen.de\/wordpress\/wp-content\/uploads\/2025\/07\/Web_kopf.jpg?fit=1260%2C240&ssl=1","contentUrl":"https:\/\/i0.wp.com\/tus.eschringen.de\/wordpress\/wp-content\/uploads\/2025\/07\/Web_kopf.jpg?fit=1260%2C240&ssl=1","width":1260,"height":240,"caption":"TuS Eschringen"},"image":{"@id":"https:\/\/tus.eschringen.de\/wordpress\/#\/schema\/logo\/image\/"},"sameAs":["https:\/\/www.facebook.com\/TuS.Eschringen\/","https:\/\/www.instagram.com\/tus.eschringen\/"]}]}},"jetpack_sharing_enabled":true,"_links":{"self":[{"href":"https:\/\/tus.eschringen.de\/wordpress\/wp-json\/wp\/v2\/tribe_events\/5929","targetHints":{"allow":["GET"]}}],"collection":[{"href":"https:\/\/tus.eschringen.de\/wordpress\/wp-json\/wp\/v2\/tribe_events"}],"about":[{"href":"https:\/\/tus.eschringen.de\/wordpress\/wp-json\/wp\/v2\/types\/tribe_events"}],"author":[{"embeddable":true,"href":"https:\/\/tus.eschringen.de\/wordpress\/wp-json\/wp\/v2\/users\/1"}],"version-history":[{"count":9,"href":"https:\/\/tus.eschringen.de\/wordpress\/wp-json\/wp\/v2\/tribe_events\/5929\/revisions"}],"predecessor-version":[{"id":6234,"href":"https:\/\/tus.eschringen.de\/wordpress\/wp-json\/wp\/v2\/tribe_events\/5929\/revisions\/6234"}],"wp:attachment":[{"href":"https:\/\/tus.eschringen.de\/wordpress\/wp-json\/wp\/v2\/media?parent=5929"}],"wp:term":[{"taxonomy":"post_tag","embeddable":true,"href":"https:\/\/tus.eschringen.de\/wordpress\/wp-json\/wp\/v2\/tags?post=5929"},{"taxonomy":"tribe_events_cat","embeddable":true,"href":"https:\/\/tus.eschringen.de\/wordpress\/wp-json\/wp\/v2\/tribe_events_cat?post=5929"}],"curies":[{"name":"wp","href":"https:\/\/api.w.org\/{rel}","templated":true}]}}