{"id":5443,"date":"2024-10-20T12:53:55","date_gmt":"2024-10-20T10:53:55","guid":{"rendered":"https:\/\/tus.eschringen.de\/wordpress\/?post_type=tribe_events&#038;p=5443"},"modified":"2024-11-17T22:50:59","modified_gmt":"2024-11-17T21:50:59","slug":"fc-kandil-saarbruecken-tus-eschringen","status":"publish","type":"tribe_events","link":"https:\/\/tus.eschringen.de\/wordpress\/event\/fc-kandil-saarbruecken-tus-eschringen\/","title":{"rendered":"FC Kandil Saarbr\u00fccken &#8211; TuS Eschringen"},"content":{"rendered":"<p>Landesliga S\u00fcd<\/p>\n<p>18. Spieltag<\/p>\n<p>FC Kandil Saarbr\u00fccken &#8211; TuS Eschringen <span style=\"color: #ff0000;\"><strong>1:0<\/strong><\/span>\u00a0(0:0)<\/p>\n<p>Torsch\u00fctzen:<\/p>\n<p>1:0 Tim Jung (61. Min, FE)<\/p>\n<p>Spielbericht:<\/p>\n<p><strong>Die eigene Haut teuer verkauft<\/strong><\/p>\n<p>Die Reaktion der Gastgeber beim Schlusspfiff sagte vieles \u00fcber das Spiel aus. Der Tabellenf\u00fchrer, Kandil Saarbr\u00fccken, reckte die F\u00e4uste nach oben und schrie seine Freude heraus \u00fcber den 1:0-Sieg gegen unser tapfer k\u00e4mpfendes Team.<br \/>\nDanach sah es allerdings lange Zeit nicht aus. Bis ca. 10 Minuten vor dem Halbzeitpfiff bestimmten die Hausherren das Spiel eindeutig. Mit viel Spielwitz und hohem taktischen Verst\u00e4ndnis rollte eine Welle nach der n\u00e4chsten auf unser Tor. Unsere komplette Mannschaft war zu einem Gro\u00dfteil mit Defensivarbeit besch\u00e4ftigt und hatte ihre liebe M\u00fche und Not, den eigenen Kasten sauber zu halten. Dass dies gelang, war einerseits dem fehlenden Abschlussgl\u00fcck von Kandil, u. a. zwei Lattentreffer, und dem aufopferungsvollen Kampf unserer Mannschaft zu verdanken, die irgendwie immer ein Bein dazwischen hatte. Was dennoch durchkam, wurde zur Beute unseren starken Torwarts Nedim Talundzic. Kurz vor der Pause gelang es unserem Team immer mehr, mit eigenen Ballpassagen, den Gegner vom Tor wegzuhalten. Dennoch war der Halbzeitstand von 0:0 mehr als schmeichelhaft.<br \/>\nIn der zweiten Halbzeit bot sich dann ein anderes Bild. Das Spiel verlief insgesamt ausgeglichener. Bis zum berechtigten Foulelfmeter in der 61. Spielminute, der von Tim Jung verwandelt wurde, war Kandil noch spielst\u00e4rker. Anschlie\u00dfend schalteten die Gastgeber recht fr\u00fch in den Verwaltungsmodus und verlie\u00dfen sich auf Konter \u00fcber ihre schnellen Offensivspieler. Der TuS hatte aber immer mehr gelungene Offensivaktionen aufzuweisen und verzeichnete in der zweiten Halbzeit die Mehrzahl an Gro\u00dfchancen. Wie den Gastgebern in der ersten Halbzeit, gelang es uns aber nicht, eine davon zu verwandeln. Aufgrund des gesamten Spielverlaufs w\u00e4re der Ausgleichstreffer zwar gl\u00fccklich gewesen, aufgrund der guten zweiten Halbzeit aber nicht unverdient. Es kommt hinzu, dass der ansonsten gute Schiedsrichter zwei klare Platzverweise nach T\u00e4tlichkeiten gegen Torsten Ostermann und Ahmad Abou-Sebh nicht mit den berechtigten Roten Karten ahndete.<br \/>\nAm Ende waren wir entt\u00e4uscht, dass wir das Spiel verloren hatten, konnten aber stolz sein auf eine gute Leistung unserer Mannschaft gegen den Ligaprimus, mit der wir erhobenen Hauptes in die Winterpause gehen konnten.<br \/>\nAufgrund der Ergebnisse der Konkurrenz stehen wir mit vier Punkten Vorsprung auf den ersten Abstiegsplatz, der aktuell von Altenwald belegt wird, auf Rang 13 der Tabelle. Wir haben aber nur drei Punkte R\u00fcckstand auf Rang 10, die SG Gro\u00dfrosseln\/St. Nikolaus. Vieles ist m\u00f6glich und wir mittendrin, f\u00fcr Spannung im Jahr 2025 ist gesorgt!<\/p>\n","protected":false},"excerpt":{"rendered":"<p>Landesliga S\u00fcd 18. Spieltag FC Kandil Saarbr\u00fccken &#8211; TuS Eschringen 1:0\u00a0(0:0) Torsch\u00fctzen: 1:0 Tim Jung (61. Min, FE) Spielbericht: Die eigene Haut teuer verkauft Die Reaktion der Gastgeber beim Schlusspfiff sagte vieles \u00fcber das Spiel aus. Der Tabellenf\u00fchrer, Kandil Saarbr\u00fccken, reckte die F\u00e4uste nach oben und schrie seine Freude heraus \u00fcber den 1:0-Sieg gegen unser &#8230; <\/p>\n<p class=\"read-more-container\"><a title=\"FC Kandil Saarbr\u00fccken &#8211; TuS Eschringen\" class=\"read-more button\" href=\"https:\/\/tus.eschringen.de\/wordpress\/event\/fc-kandil-saarbruecken-tus-eschringen\/#more-5443\" aria-label=\"Mehr Informationen \u00fcber FC Kandil Saarbr\u00fccken &#8211; TuS Eschringen\">alles lesen<\/a><\/p>\n","protected":false},"author":1,"featured_media":0,"template":"","meta":{"generate_page_header":"","_tribe_events_status":"","_tribe_events_status_reason":"","footnotes":""},"tags":[],"tribe_events_cat":[11],"class_list":["post-5443","tribe_events","type-tribe_events","status-publish","hentry","tribe_events_cat-landesliga-sued","cat_landesliga-sued"],"yoast_head":"<!-- This site is optimized with the Yoast SEO plugin v27.5 - https:\/\/yoast.com\/product\/yoast-seo-wordpress\/ -->\n<title>FC Kandil Saarbr\u00fccken - TuS Eschringen - TuS Eschringen<\/title>\n<meta name=\"robots\" content=\"index, follow, max-snippet:-1, max-image-preview:large, max-video-preview:-1\" \/>\n<link rel=\"canonical\" href=\"https:\/\/tus.eschringen.de\/wordpress\/event\/fc-kandil-saarbruecken-tus-eschringen\/\" \/>\n<meta property=\"og:locale\" content=\"de_DE\" \/>\n<meta property=\"og:type\" content=\"article\" \/>\n<meta property=\"og:title\" content=\"FC Kandil Saarbr\u00fccken - TuS Eschringen - TuS Eschringen\" \/>\n<meta property=\"og:description\" content=\"Landesliga S\u00fcd 18. Spieltag FC Kandil Saarbr\u00fccken &#8211; TuS Eschringen 1:0\u00a0(0:0) Torsch\u00fctzen: 1:0 Tim Jung (61. Min, FE) Spielbericht: Die eigene Haut teuer verkauft Die Reaktion der Gastgeber beim Schlusspfiff sagte vieles \u00fcber das Spiel aus. Der Tabellenf\u00fchrer, Kandil Saarbr\u00fccken, reckte die F\u00e4uste nach oben und schrie seine Freude heraus \u00fcber den 1:0-Sieg gegen unser ... alles lesen\" \/>\n<meta property=\"og:url\" content=\"https:\/\/tus.eschringen.de\/wordpress\/event\/fc-kandil-saarbruecken-tus-eschringen\/\" \/>\n<meta property=\"og:site_name\" content=\"TuS Eschringen\" \/>\n<meta property=\"article:publisher\" content=\"https:\/\/www.facebook.com\/TuS.Eschringen\/\" \/>\n<meta property=\"article:modified_time\" content=\"2024-11-17T21:50:59+00:00\" \/>\n<meta name=\"twitter:card\" content=\"summary_large_image\" \/>\n<meta name=\"twitter:label1\" content=\"Gesch\u00e4tzte Lesezeit\" \/>\n\t<meta name=\"twitter:data1\" content=\"3\u00a0Minuten\" \/>\n<script type=\"application\/ld+json\" class=\"yoast-schema-graph\">{\"@context\":\"https:\\\/\\\/schema.org\",\"@graph\":[{\"@type\":\"WebPage\",\"@id\":\"https:\\\/\\\/tus.eschringen.de\\\/wordpress\\\/event\\\/fc-kandil-saarbruecken-tus-eschringen\\\/\",\"url\":\"https:\\\/\\\/tus.eschringen.de\\\/wordpress\\\/event\\\/fc-kandil-saarbruecken-tus-eschringen\\\/\",\"name\":\"FC Kandil Saarbr\u00fccken - TuS Eschringen - TuS Eschringen\",\"isPartOf\":{\"@id\":\"https:\\\/\\\/tus.eschringen.de\\\/wordpress\\\/#website\"},\"datePublished\":\"2024-10-20T10:53:55+00:00\",\"dateModified\":\"2024-11-17T21:50:59+00:00\",\"breadcrumb\":{\"@id\":\"https:\\\/\\\/tus.eschringen.de\\\/wordpress\\\/event\\\/fc-kandil-saarbruecken-tus-eschringen\\\/#breadcrumb\"},\"inLanguage\":\"de\",\"potentialAction\":[{\"@type\":\"ReadAction\",\"target\":[\"https:\\\/\\\/tus.eschringen.de\\\/wordpress\\\/event\\\/fc-kandil-saarbruecken-tus-eschringen\\\/\"]}]},{\"@type\":\"BreadcrumbList\",\"@id\":\"https:\\\/\\\/tus.eschringen.de\\\/wordpress\\\/event\\\/fc-kandil-saarbruecken-tus-eschringen\\\/#breadcrumb\",\"itemListElement\":[{\"@type\":\"ListItem\",\"position\":1,\"name\":\"Startseite\",\"item\":\"https:\\\/\\\/tus.eschringen.de\\\/wordpress\\\/\"},{\"@type\":\"ListItem\",\"position\":2,\"name\":\"Veranstaltungen\",\"item\":\"https:\\\/\\\/tus.eschringen.de\\\/wordpress\\\/events\\\/\"},{\"@type\":\"ListItem\",\"position\":3,\"name\":\"FC Kandil Saarbr\u00fccken &#8211; TuS Eschringen\"}]},{\"@type\":\"WebSite\",\"@id\":\"https:\\\/\\\/tus.eschringen.de\\\/wordpress\\\/#website\",\"url\":\"https:\\\/\\\/tus.eschringen.de\\\/wordpress\\\/\",\"name\":\"TuS Eschringen\",\"description\":\"\",\"publisher\":{\"@id\":\"https:\\\/\\\/tus.eschringen.de\\\/wordpress\\\/#organization\"},\"potentialAction\":[{\"@type\":\"SearchAction\",\"target\":{\"@type\":\"EntryPoint\",\"urlTemplate\":\"https:\\\/\\\/tus.eschringen.de\\\/wordpress\\\/?s={search_term_string}\"},\"query-input\":{\"@type\":\"PropertyValueSpecification\",\"valueRequired\":true,\"valueName\":\"search_term_string\"}}],\"inLanguage\":\"de\"},{\"@type\":\"Organization\",\"@id\":\"https:\\\/\\\/tus.eschringen.de\\\/wordpress\\\/#organization\",\"name\":\"TuS Eschringen\",\"url\":\"https:\\\/\\\/tus.eschringen.de\\\/wordpress\\\/\",\"logo\":{\"@type\":\"ImageObject\",\"inLanguage\":\"de\",\"@id\":\"https:\\\/\\\/tus.eschringen.de\\\/wordpress\\\/#\\\/schema\\\/logo\\\/image\\\/\",\"url\":\"https:\\\/\\\/i0.wp.com\\\/tus.eschringen.de\\\/wordpress\\\/wp-content\\\/uploads\\\/2025\\\/07\\\/Web_kopf.jpg?fit=1260%2C240&ssl=1\",\"contentUrl\":\"https:\\\/\\\/i0.wp.com\\\/tus.eschringen.de\\\/wordpress\\\/wp-content\\\/uploads\\\/2025\\\/07\\\/Web_kopf.jpg?fit=1260%2C240&ssl=1\",\"width\":1260,\"height\":240,\"caption\":\"TuS Eschringen\"},\"image\":{\"@id\":\"https:\\\/\\\/tus.eschringen.de\\\/wordpress\\\/#\\\/schema\\\/logo\\\/image\\\/\"},\"sameAs\":[\"https:\\\/\\\/www.facebook.com\\\/TuS.Eschringen\\\/\",\"https:\\\/\\\/www.instagram.com\\\/tus.eschringen\\\/\"]}]}<\/script>\n<!-- \/ Yoast SEO plugin. -->","yoast_head_json":{"title":"FC Kandil Saarbr\u00fccken - TuS Eschringen - TuS Eschringen","robots":{"index":"index","follow":"follow","max-snippet":"max-snippet:-1","max-image-preview":"max-image-preview:large","max-video-preview":"max-video-preview:-1"},"canonical":"https:\/\/tus.eschringen.de\/wordpress\/event\/fc-kandil-saarbruecken-tus-eschringen\/","og_locale":"de_DE","og_type":"article","og_title":"FC Kandil Saarbr\u00fccken - TuS Eschringen - TuS Eschringen","og_description":"Landesliga S\u00fcd 18. Spieltag FC Kandil Saarbr\u00fccken &#8211; TuS Eschringen 1:0\u00a0(0:0) Torsch\u00fctzen: 1:0 Tim Jung (61. Min, FE) Spielbericht: Die eigene Haut teuer verkauft Die Reaktion der Gastgeber beim Schlusspfiff sagte vieles \u00fcber das Spiel aus. Der Tabellenf\u00fchrer, Kandil Saarbr\u00fccken, reckte die F\u00e4uste nach oben und schrie seine Freude heraus \u00fcber den 1:0-Sieg gegen unser ... alles lesen","og_url":"https:\/\/tus.eschringen.de\/wordpress\/event\/fc-kandil-saarbruecken-tus-eschringen\/","og_site_name":"TuS Eschringen","article_publisher":"https:\/\/www.facebook.com\/TuS.Eschringen\/","article_modified_time":"2024-11-17T21:50:59+00:00","twitter_card":"summary_large_image","twitter_misc":{"Gesch\u00e4tzte Lesezeit":"3\u00a0Minuten"},"schema":{"@context":"https:\/\/schema.org","@graph":[{"@type":"WebPage","@id":"https:\/\/tus.eschringen.de\/wordpress\/event\/fc-kandil-saarbruecken-tus-eschringen\/","url":"https:\/\/tus.eschringen.de\/wordpress\/event\/fc-kandil-saarbruecken-tus-eschringen\/","name":"FC Kandil Saarbr\u00fccken - TuS Eschringen - TuS Eschringen","isPartOf":{"@id":"https:\/\/tus.eschringen.de\/wordpress\/#website"},"datePublished":"2024-10-20T10:53:55+00:00","dateModified":"2024-11-17T21:50:59+00:00","breadcrumb":{"@id":"https:\/\/tus.eschringen.de\/wordpress\/event\/fc-kandil-saarbruecken-tus-eschringen\/#breadcrumb"},"inLanguage":"de","potentialAction":[{"@type":"ReadAction","target":["https:\/\/tus.eschringen.de\/wordpress\/event\/fc-kandil-saarbruecken-tus-eschringen\/"]}]},{"@type":"BreadcrumbList","@id":"https:\/\/tus.eschringen.de\/wordpress\/event\/fc-kandil-saarbruecken-tus-eschringen\/#breadcrumb","itemListElement":[{"@type":"ListItem","position":1,"name":"Startseite","item":"https:\/\/tus.eschringen.de\/wordpress\/"},{"@type":"ListItem","position":2,"name":"Veranstaltungen","item":"https:\/\/tus.eschringen.de\/wordpress\/events\/"},{"@type":"ListItem","position":3,"name":"FC Kandil Saarbr\u00fccken &#8211; TuS Eschringen"}]},{"@type":"WebSite","@id":"https:\/\/tus.eschringen.de\/wordpress\/#website","url":"https:\/\/tus.eschringen.de\/wordpress\/","name":"TuS Eschringen","description":"","publisher":{"@id":"https:\/\/tus.eschringen.de\/wordpress\/#organization"},"potentialAction":[{"@type":"SearchAction","target":{"@type":"EntryPoint","urlTemplate":"https:\/\/tus.eschringen.de\/wordpress\/?s={search_term_string}"},"query-input":{"@type":"PropertyValueSpecification","valueRequired":true,"valueName":"search_term_string"}}],"inLanguage":"de"},{"@type":"Organization","@id":"https:\/\/tus.eschringen.de\/wordpress\/#organization","name":"TuS Eschringen","url":"https:\/\/tus.eschringen.de\/wordpress\/","logo":{"@type":"ImageObject","inLanguage":"de","@id":"https:\/\/tus.eschringen.de\/wordpress\/#\/schema\/logo\/image\/","url":"https:\/\/i0.wp.com\/tus.eschringen.de\/wordpress\/wp-content\/uploads\/2025\/07\/Web_kopf.jpg?fit=1260%2C240&ssl=1","contentUrl":"https:\/\/i0.wp.com\/tus.eschringen.de\/wordpress\/wp-content\/uploads\/2025\/07\/Web_kopf.jpg?fit=1260%2C240&ssl=1","width":1260,"height":240,"caption":"TuS Eschringen"},"image":{"@id":"https:\/\/tus.eschringen.de\/wordpress\/#\/schema\/logo\/image\/"},"sameAs":["https:\/\/www.facebook.com\/TuS.Eschringen\/","https:\/\/www.instagram.com\/tus.eschringen\/"]}]}},"jetpack_sharing_enabled":true,"_links":{"self":[{"href":"https:\/\/tus.eschringen.de\/wordpress\/wp-json\/wp\/v2\/tribe_events\/5443","targetHints":{"allow":["GET"]}}],"collection":[{"href":"https:\/\/tus.eschringen.de\/wordpress\/wp-json\/wp\/v2\/tribe_events"}],"about":[{"href":"https:\/\/tus.eschringen.de\/wordpress\/wp-json\/wp\/v2\/types\/tribe_events"}],"author":[{"embeddable":true,"href":"https:\/\/tus.eschringen.de\/wordpress\/wp-json\/wp\/v2\/users\/1"}],"version-history":[{"count":5,"href":"https:\/\/tus.eschringen.de\/wordpress\/wp-json\/wp\/v2\/tribe_events\/5443\/revisions"}],"predecessor-version":[{"id":5543,"href":"https:\/\/tus.eschringen.de\/wordpress\/wp-json\/wp\/v2\/tribe_events\/5443\/revisions\/5543"}],"wp:attachment":[{"href":"https:\/\/tus.eschringen.de\/wordpress\/wp-json\/wp\/v2\/media?parent=5443"}],"wp:term":[{"taxonomy":"post_tag","embeddable":true,"href":"https:\/\/tus.eschringen.de\/wordpress\/wp-json\/wp\/v2\/tags?post=5443"},{"taxonomy":"tribe_events_cat","embeddable":true,"href":"https:\/\/tus.eschringen.de\/wordpress\/wp-json\/wp\/v2\/tribe_events_cat?post=5443"}],"curies":[{"name":"wp","href":"https:\/\/api.w.org\/{rel}","templated":true}]}}