{"id":5255,"date":"2024-09-12T08:20:08","date_gmt":"2024-09-12T06:20:08","guid":{"rendered":"https:\/\/tus.eschringen.de\/wordpress\/?post_type=tribe_events&#038;p=5255"},"modified":"2024-09-23T14:03:15","modified_gmt":"2024-09-23T12:03:15","slug":"sv-walpershofen-tus-eschringen","status":"publish","type":"tribe_events","link":"https:\/\/tus.eschringen.de\/wordpress\/event\/sv-walpershofen-tus-eschringen\/","title":{"rendered":"SV Walpershofen &#8211; TuS Eschringen"},"content":{"rendered":"<p>Landesliga S\u00fcd<\/p>\n<p>9. Spieltag<\/p>\n<p>SV Walpershofen &#8211; TuS Eschringen <span style=\"color: #ff0000;\"><strong>4:1<\/strong><\/span> (3:1)<\/p>\n<p>Torsch\u00fctzen:<\/p>\n<p><strong><span style=\"color: #ff0000;\">0:1<\/span> Inan Reber (5. Min)<\/strong><br \/>\n1:1 Simon Hippchen (6. Min)<br \/>\n2:1 Peter Oswald (19. Min)<br \/>\n3:1 Manuel Stoffel (43. Min)<br \/>\n4:1 Matthias Wunn (87. Min)<\/p>\n<p>Spielbericht:<\/p>\n<p><strong>TuS in Walpershofen unterlegen<\/strong><\/p>\n<p>Gegen den Tabellendritten aus Walpershofen lieferte unsere Mannschaft eine ordentliche Partie, war bei der 1:4-Niederlage aber letztendlich verdienterma\u00dfen unterlegen.<br \/>\nUnser Team kam gut in die Partie. Sch\u00f6n vorgetragene Offensivaktionen f\u00fchrten bereits nach vier Minuten zum Erfolg. Ein satter Schuss von Inan Reber aus ca. 18 Metern zischte durch die Abwehr der Gastgeber und schlug knapp unter dem Tordach ein. Die Freude sollte allerdings nicht lange w\u00e4hren, denn bereits nach sechs Spielminuten verwandelten die Gastgeber einen Abpraller von der Latte in Abstaubermarnier zum Ausgleich. Die folgenden Spielminuten gestalteten sich als munteres, gut anzusehenden Fu\u00dfballspiel, mit Halbchancen auf beiden Seiten. In der 19. Spielminute erm\u00f6glichte ein Ballverlust am eigenen Strafraum die F\u00fchrung der Gastgeber. Die Vorlage nutzte Peter Oswald eiskalt und schoss den Ball von der Kante des 16ers ins untere rechte Toreck. Danach kam ein kleiner Knick in unser Spiel. Walpershofen \u00fcbernahm gerade im Mittelfeld mit starkem Kurzpassspiel mehr und mehr die Kontrolle. Unser Ziel, mit einem knappen 1:2 in die Halbzeit gehen zu k\u00f6nnen, wurde in der 43. Spielminute zerst\u00f6rt, als ein flotter Angriff der Heimmannschaft mit einem Kopfball in den Winkel endete.<br \/>\nDen Weg zur\u00fcck ins Spiel f\u00fcr unsere Mannschaft h\u00e4tte unser Trainer Torsten Ostermann unmittelbar nach der Pause fast geschafft, als er einen Freisto\u00df aus ca. 23 Metern in den Winkel hob, der Walpershofer Torwart aber hervorragend parierte. Im weiteren Spielverlauf bekamen wir keinen richtigen Zugriff mehr. Walpershofen zog sein gekonntes Spiel auch weiterhin auf, wir mussten viel hinterherlaufen und verloren so nach und nach an K\u00f6rnern. Gegen Ende des Matchs, als wir mit letzter Kraft noch einmal versuchten, in der Offensive zum Erfolg zu kommen, f\u00fchrte ein Gegenzug zum endg\u00fcltigen k. o.<br \/>\nUm etwas Z\u00e4hlbares mitnehmen zu k\u00f6nnen, h\u00e4tte es weniger Fehler in der Defensive und mehr richtiger Entscheidungen im letzten Drittel bedurft. Eine Niederlage tut immer weh, nach den Erfolgserlebnissen der letzten Wochen lassen wir uns davon aber nicht umwerfen. Der insgesamt gute Weg muss durch konsequenten Trainingsbesuch und die Bereitschaft des Teams, alles auf dem Platz zu lassen, in den n\u00e4chsten Wochen fortgesetzt werden.<\/p>\n","protected":false},"excerpt":{"rendered":"<p>Landesliga S\u00fcd 9. Spieltag SV Walpershofen &#8211; TuS Eschringen 4:1 (3:1) Torsch\u00fctzen: 0:1 Inan Reber (5. Min) 1:1 Simon Hippchen (6. Min) 2:1 Peter Oswald (19. Min) 3:1 Manuel Stoffel (43. Min) 4:1 Matthias Wunn (87. Min) Spielbericht: TuS in Walpershofen unterlegen Gegen den Tabellendritten aus Walpershofen lieferte unsere Mannschaft eine ordentliche Partie, war bei &#8230; <\/p>\n<p class=\"read-more-container\"><a title=\"SV Walpershofen &#8211; TuS Eschringen\" class=\"read-more button\" href=\"https:\/\/tus.eschringen.de\/wordpress\/event\/sv-walpershofen-tus-eschringen\/#more-5255\" aria-label=\"Mehr Informationen \u00fcber SV Walpershofen &#8211; TuS Eschringen\">alles lesen<\/a><\/p>\n","protected":false},"author":1,"featured_media":0,"template":"","meta":{"generate_page_header":"","_tribe_events_status":"","_tribe_events_status_reason":"","footnotes":""},"tags":[],"tribe_events_cat":[11],"class_list":["post-5255","tribe_events","type-tribe_events","status-publish","hentry","tribe_events_cat-landesliga-sued","cat_landesliga-sued"],"yoast_head":"<!-- This site is optimized with the Yoast SEO plugin v27.5 - https:\/\/yoast.com\/product\/yoast-seo-wordpress\/ -->\n<title>SV Walpershofen - TuS Eschringen - TuS Eschringen<\/title>\n<meta name=\"robots\" content=\"index, follow, max-snippet:-1, max-image-preview:large, max-video-preview:-1\" \/>\n<link rel=\"canonical\" href=\"https:\/\/tus.eschringen.de\/wordpress\/event\/sv-walpershofen-tus-eschringen\/\" \/>\n<meta property=\"og:locale\" content=\"de_DE\" \/>\n<meta property=\"og:type\" content=\"article\" \/>\n<meta property=\"og:title\" content=\"SV Walpershofen - TuS Eschringen - TuS Eschringen\" \/>\n<meta property=\"og:description\" content=\"Landesliga S\u00fcd 9. Spieltag SV Walpershofen &#8211; TuS Eschringen 4:1 (3:1) Torsch\u00fctzen: 0:1 Inan Reber (5. Min) 1:1 Simon Hippchen (6. Min) 2:1 Peter Oswald (19. Min) 3:1 Manuel Stoffel (43. Min) 4:1 Matthias Wunn (87. Min) Spielbericht: TuS in Walpershofen unterlegen Gegen den Tabellendritten aus Walpershofen lieferte unsere Mannschaft eine ordentliche Partie, war bei ... alles lesen\" \/>\n<meta property=\"og:url\" content=\"https:\/\/tus.eschringen.de\/wordpress\/event\/sv-walpershofen-tus-eschringen\/\" \/>\n<meta property=\"og:site_name\" content=\"TuS Eschringen\" \/>\n<meta property=\"article:publisher\" content=\"https:\/\/www.facebook.com\/TuS.Eschringen\/\" \/>\n<meta property=\"article:modified_time\" content=\"2024-09-23T12:03:15+00:00\" \/>\n<meta name=\"twitter:card\" content=\"summary_large_image\" \/>\n<meta name=\"twitter:label1\" content=\"Gesch\u00e4tzte Lesezeit\" \/>\n\t<meta name=\"twitter:data1\" content=\"3\u00a0Minuten\" \/>\n<script type=\"application\/ld+json\" class=\"yoast-schema-graph\">{\"@context\":\"https:\\\/\\\/schema.org\",\"@graph\":[{\"@type\":\"WebPage\",\"@id\":\"https:\\\/\\\/tus.eschringen.de\\\/wordpress\\\/event\\\/sv-walpershofen-tus-eschringen\\\/\",\"url\":\"https:\\\/\\\/tus.eschringen.de\\\/wordpress\\\/event\\\/sv-walpershofen-tus-eschringen\\\/\",\"name\":\"SV Walpershofen - TuS Eschringen - TuS Eschringen\",\"isPartOf\":{\"@id\":\"https:\\\/\\\/tus.eschringen.de\\\/wordpress\\\/#website\"},\"datePublished\":\"2024-09-12T06:20:08+00:00\",\"dateModified\":\"2024-09-23T12:03:15+00:00\",\"breadcrumb\":{\"@id\":\"https:\\\/\\\/tus.eschringen.de\\\/wordpress\\\/event\\\/sv-walpershofen-tus-eschringen\\\/#breadcrumb\"},\"inLanguage\":\"de\",\"potentialAction\":[{\"@type\":\"ReadAction\",\"target\":[\"https:\\\/\\\/tus.eschringen.de\\\/wordpress\\\/event\\\/sv-walpershofen-tus-eschringen\\\/\"]}]},{\"@type\":\"BreadcrumbList\",\"@id\":\"https:\\\/\\\/tus.eschringen.de\\\/wordpress\\\/event\\\/sv-walpershofen-tus-eschringen\\\/#breadcrumb\",\"itemListElement\":[{\"@type\":\"ListItem\",\"position\":1,\"name\":\"Startseite\",\"item\":\"https:\\\/\\\/tus.eschringen.de\\\/wordpress\\\/\"},{\"@type\":\"ListItem\",\"position\":2,\"name\":\"Veranstaltungen\",\"item\":\"https:\\\/\\\/tus.eschringen.de\\\/wordpress\\\/events\\\/\"},{\"@type\":\"ListItem\",\"position\":3,\"name\":\"SV Walpershofen &#8211; TuS Eschringen\"}]},{\"@type\":\"WebSite\",\"@id\":\"https:\\\/\\\/tus.eschringen.de\\\/wordpress\\\/#website\",\"url\":\"https:\\\/\\\/tus.eschringen.de\\\/wordpress\\\/\",\"name\":\"TuS Eschringen\",\"description\":\"\",\"publisher\":{\"@id\":\"https:\\\/\\\/tus.eschringen.de\\\/wordpress\\\/#organization\"},\"potentialAction\":[{\"@type\":\"SearchAction\",\"target\":{\"@type\":\"EntryPoint\",\"urlTemplate\":\"https:\\\/\\\/tus.eschringen.de\\\/wordpress\\\/?s={search_term_string}\"},\"query-input\":{\"@type\":\"PropertyValueSpecification\",\"valueRequired\":true,\"valueName\":\"search_term_string\"}}],\"inLanguage\":\"de\"},{\"@type\":\"Organization\",\"@id\":\"https:\\\/\\\/tus.eschringen.de\\\/wordpress\\\/#organization\",\"name\":\"TuS Eschringen\",\"url\":\"https:\\\/\\\/tus.eschringen.de\\\/wordpress\\\/\",\"logo\":{\"@type\":\"ImageObject\",\"inLanguage\":\"de\",\"@id\":\"https:\\\/\\\/tus.eschringen.de\\\/wordpress\\\/#\\\/schema\\\/logo\\\/image\\\/\",\"url\":\"https:\\\/\\\/i0.wp.com\\\/tus.eschringen.de\\\/wordpress\\\/wp-content\\\/uploads\\\/2025\\\/07\\\/Web_kopf.jpg?fit=1260%2C240&ssl=1\",\"contentUrl\":\"https:\\\/\\\/i0.wp.com\\\/tus.eschringen.de\\\/wordpress\\\/wp-content\\\/uploads\\\/2025\\\/07\\\/Web_kopf.jpg?fit=1260%2C240&ssl=1\",\"width\":1260,\"height\":240,\"caption\":\"TuS Eschringen\"},\"image\":{\"@id\":\"https:\\\/\\\/tus.eschringen.de\\\/wordpress\\\/#\\\/schema\\\/logo\\\/image\\\/\"},\"sameAs\":[\"https:\\\/\\\/www.facebook.com\\\/TuS.Eschringen\\\/\",\"https:\\\/\\\/www.instagram.com\\\/tus.eschringen\\\/\"]}]}<\/script>\n<!-- \/ Yoast SEO plugin. -->","yoast_head_json":{"title":"SV Walpershofen - TuS Eschringen - TuS Eschringen","robots":{"index":"index","follow":"follow","max-snippet":"max-snippet:-1","max-image-preview":"max-image-preview:large","max-video-preview":"max-video-preview:-1"},"canonical":"https:\/\/tus.eschringen.de\/wordpress\/event\/sv-walpershofen-tus-eschringen\/","og_locale":"de_DE","og_type":"article","og_title":"SV Walpershofen - TuS Eschringen - TuS Eschringen","og_description":"Landesliga S\u00fcd 9. Spieltag SV Walpershofen &#8211; TuS Eschringen 4:1 (3:1) Torsch\u00fctzen: 0:1 Inan Reber (5. Min) 1:1 Simon Hippchen (6. Min) 2:1 Peter Oswald (19. Min) 3:1 Manuel Stoffel (43. Min) 4:1 Matthias Wunn (87. Min) Spielbericht: TuS in Walpershofen unterlegen Gegen den Tabellendritten aus Walpershofen lieferte unsere Mannschaft eine ordentliche Partie, war bei ... alles lesen","og_url":"https:\/\/tus.eschringen.de\/wordpress\/event\/sv-walpershofen-tus-eschringen\/","og_site_name":"TuS Eschringen","article_publisher":"https:\/\/www.facebook.com\/TuS.Eschringen\/","article_modified_time":"2024-09-23T12:03:15+00:00","twitter_card":"summary_large_image","twitter_misc":{"Gesch\u00e4tzte Lesezeit":"3\u00a0Minuten"},"schema":{"@context":"https:\/\/schema.org","@graph":[{"@type":"WebPage","@id":"https:\/\/tus.eschringen.de\/wordpress\/event\/sv-walpershofen-tus-eschringen\/","url":"https:\/\/tus.eschringen.de\/wordpress\/event\/sv-walpershofen-tus-eschringen\/","name":"SV Walpershofen - TuS Eschringen - TuS Eschringen","isPartOf":{"@id":"https:\/\/tus.eschringen.de\/wordpress\/#website"},"datePublished":"2024-09-12T06:20:08+00:00","dateModified":"2024-09-23T12:03:15+00:00","breadcrumb":{"@id":"https:\/\/tus.eschringen.de\/wordpress\/event\/sv-walpershofen-tus-eschringen\/#breadcrumb"},"inLanguage":"de","potentialAction":[{"@type":"ReadAction","target":["https:\/\/tus.eschringen.de\/wordpress\/event\/sv-walpershofen-tus-eschringen\/"]}]},{"@type":"BreadcrumbList","@id":"https:\/\/tus.eschringen.de\/wordpress\/event\/sv-walpershofen-tus-eschringen\/#breadcrumb","itemListElement":[{"@type":"ListItem","position":1,"name":"Startseite","item":"https:\/\/tus.eschringen.de\/wordpress\/"},{"@type":"ListItem","position":2,"name":"Veranstaltungen","item":"https:\/\/tus.eschringen.de\/wordpress\/events\/"},{"@type":"ListItem","position":3,"name":"SV Walpershofen &#8211; TuS Eschringen"}]},{"@type":"WebSite","@id":"https:\/\/tus.eschringen.de\/wordpress\/#website","url":"https:\/\/tus.eschringen.de\/wordpress\/","name":"TuS Eschringen","description":"","publisher":{"@id":"https:\/\/tus.eschringen.de\/wordpress\/#organization"},"potentialAction":[{"@type":"SearchAction","target":{"@type":"EntryPoint","urlTemplate":"https:\/\/tus.eschringen.de\/wordpress\/?s={search_term_string}"},"query-input":{"@type":"PropertyValueSpecification","valueRequired":true,"valueName":"search_term_string"}}],"inLanguage":"de"},{"@type":"Organization","@id":"https:\/\/tus.eschringen.de\/wordpress\/#organization","name":"TuS Eschringen","url":"https:\/\/tus.eschringen.de\/wordpress\/","logo":{"@type":"ImageObject","inLanguage":"de","@id":"https:\/\/tus.eschringen.de\/wordpress\/#\/schema\/logo\/image\/","url":"https:\/\/i0.wp.com\/tus.eschringen.de\/wordpress\/wp-content\/uploads\/2025\/07\/Web_kopf.jpg?fit=1260%2C240&ssl=1","contentUrl":"https:\/\/i0.wp.com\/tus.eschringen.de\/wordpress\/wp-content\/uploads\/2025\/07\/Web_kopf.jpg?fit=1260%2C240&ssl=1","width":1260,"height":240,"caption":"TuS Eschringen"},"image":{"@id":"https:\/\/tus.eschringen.de\/wordpress\/#\/schema\/logo\/image\/"},"sameAs":["https:\/\/www.facebook.com\/TuS.Eschringen\/","https:\/\/www.instagram.com\/tus.eschringen\/"]}]}},"jetpack_sharing_enabled":true,"_links":{"self":[{"href":"https:\/\/tus.eschringen.de\/wordpress\/wp-json\/wp\/v2\/tribe_events\/5255","targetHints":{"allow":["GET"]}}],"collection":[{"href":"https:\/\/tus.eschringen.de\/wordpress\/wp-json\/wp\/v2\/tribe_events"}],"about":[{"href":"https:\/\/tus.eschringen.de\/wordpress\/wp-json\/wp\/v2\/types\/tribe_events"}],"author":[{"embeddable":true,"href":"https:\/\/tus.eschringen.de\/wordpress\/wp-json\/wp\/v2\/users\/1"}],"version-history":[{"count":6,"href":"https:\/\/tus.eschringen.de\/wordpress\/wp-json\/wp\/v2\/tribe_events\/5255\/revisions"}],"predecessor-version":[{"id":5321,"href":"https:\/\/tus.eschringen.de\/wordpress\/wp-json\/wp\/v2\/tribe_events\/5255\/revisions\/5321"}],"wp:attachment":[{"href":"https:\/\/tus.eschringen.de\/wordpress\/wp-json\/wp\/v2\/media?parent=5255"}],"wp:term":[{"taxonomy":"post_tag","embeddable":true,"href":"https:\/\/tus.eschringen.de\/wordpress\/wp-json\/wp\/v2\/tags?post=5255"},{"taxonomy":"tribe_events_cat","embeddable":true,"href":"https:\/\/tus.eschringen.de\/wordpress\/wp-json\/wp\/v2\/tribe_events_cat?post=5255"}],"curies":[{"name":"wp","href":"https:\/\/api.w.org\/{rel}","templated":true}]}}