{"id":4315,"date":"2023-08-22T07:59:22","date_gmt":"2023-08-22T05:59:22","guid":{"rendered":"https:\/\/tus.eschringen.de\/wordpress\/?post_type=tribe_events&#038;p=4315"},"modified":"2023-09-23T12:24:24","modified_gmt":"2023-09-23T10:24:24","slug":"fv-bischmisheim-ii-tus-eschringen","status":"publish","type":"tribe_events","link":"https:\/\/tus.eschringen.de\/wordpress\/event\/fv-bischmisheim-ii-tus-eschringen\/","title":{"rendered":"FV Bischmisheim II &#8211; TuS Eschringen"},"content":{"rendered":"<p>Bezirksliga Saarbr\u00fccken<\/p>\n<p>7. Spieltag \u2013 Saison 2023\/24<\/p>\n<p><strong>FV Bischmisheim II &#8211; TuS Eschringen <span style=\"color: #ff0000;\">1:5<\/span>\u00a0(1:2)<\/strong><\/p>\n<p>Torsch\u00fctzen:<\/p>\n<p><strong><span style=\"color: #ff0000;\">0:1<\/span> Orhan Alpaslan (10. Min)<\/strong><br \/>\n1:1 Daniel Gr\u00e4ff (32. Min) HE<br \/>\n<strong><span style=\"color: #ff0000;\">1:2<\/span> Brandon Heblich (41. Min)<\/strong><br \/>\n<strong><span style=\"color: #ff0000;\">1:3<\/span> Philipp Wilhelm (68.Min)<\/strong><br \/>\n<strong><span style=\"color: #ff0000;\">1:4<\/span> Pascal Lorsung (76. Min)<\/strong><br \/>\n<strong><span style=\"color: #ff0000;\">1:5<\/span> Brandon Heblich (86. Min) FE<\/strong><\/p>\n<p>Spielbericht:<\/p>\n<div class=\"\" data-block=\"true\" data-editor=\"dubto\" data-offset-key=\"519pr-0-0\">\n<div class=\"_1mf _1mj\" data-offset-key=\"519pr-0-0\"><strong>Klarer Sieg trotz z\u00e4hem Spiel<\/strong><\/div>\n<\/div>\n<div class=\"\" data-block=\"true\" data-editor=\"dubto\" data-offset-key=\"7b8em-0-0\">\n<div class=\"_1mf _1mj\" data-offset-key=\"7b8em-0-0\"><span data-offset-key=\"7b8em-0-0\">\u00a0<\/span><\/div>\n<\/div>\n<div class=\"\" data-block=\"true\" data-editor=\"dubto\" data-offset-key=\"2932o-0-0\">\n<div class=\"_1mf _1mj\" data-offset-key=\"2932o-0-0\"><span data-offset-key=\"2932o-0-0\">Vorab einmal die Tatsache, dass unser Stammtorh\u00fcter Lukas Pink nicht verf\u00fcgbar war, wir aber mit Kevin Schmitt unseren ehemaligen Torh\u00fcter nach langer Zeit nochmal zwischen den Posten sehen konnten. Er machte seine Sache gut, konnte gegen den Elfmeter nichts machen, hatte daf\u00fcr aber durch eine Fu\u00dfabwehr ein sicher geglaubtes Tor abgewehrt.<\/span><\/div>\n<\/div>\n<div class=\"\" data-block=\"true\" data-editor=\"dubto\" data-offset-key=\"7dffs-0-0\">\n<div class=\"_1mf _1mj\" data-offset-key=\"7dffs-0-0\"><span data-offset-key=\"7dffs-0-0\">Die erste Halbzeit war f\u00fcr die mitgereisten Fans etwas schwer verdaulich. Trotz einer F\u00fchrung durch einen tollen Treffer von Orhan Alpaslan kam unsere Mannschaft nie zu dem Spiel, welches man die letzten Wochen sehen konnte. So kam es auch durch ein unn\u00f6tiges Handspiel zu einem Elfmeter f\u00fcr Bischmisheim, der verwandelt wurde.<\/span><\/div>\n<\/div>\n<div class=\"\" data-block=\"true\" data-editor=\"dubto\" data-offset-key=\"ejvat-0-0\">\n<div class=\"_1mf _1mj\" data-offset-key=\"ejvat-0-0\"><span data-offset-key=\"ejvat-0-0\">Trotz aller F\u00e4higkeiten, die man besitzt, reichte es zur Pause lediglich zu einer d\u00fcnnen F\u00fchrung von 2:1.<\/span><\/div>\n<\/div>\n<div class=\"\" data-block=\"true\" data-editor=\"dubto\" data-offset-key=\"230h7-0-0\">\n<div class=\"_1mf _1mj\" data-offset-key=\"230h7-0-0\"><span data-offset-key=\"230h7-0-0\">Lange Zeit hatte man in der zweiten Halbzeit immer noch dieses komische Gef\u00fchl im Bauch, dass heute die 3 Punkte noch nicht sicher waren. Entweder wurden gute Chancen vergeben, es rettete Pfosten oder Latte oder aber auch ein guter Torh\u00fcter der Gastgeber.<\/span><\/div>\n<\/div>\n<div class=\"\" data-block=\"true\" data-editor=\"dubto\" data-offset-key=\"evkkc-0-0\">\n<div class=\"_1mf _1mj\" data-offset-key=\"evkkc-0-0\"><span data-offset-key=\"evkkc-0-0\">Erst in der 68. Minute mit dem 3:1 von Philipp Wilhelm, der sichtlich befreit mal wieder mit dem Kopf traf, konnte man an einen Sieg glauben.<\/span><\/div>\n<\/div>\n<div class=\"\" data-block=\"true\" data-editor=\"dubto\" data-offset-key=\"eajee-0-0\">\n<div class=\"_1mf _1mj\" data-offset-key=\"eajee-0-0\"><span data-offset-key=\"eajee-0-0\">Bischmisheim war nun auch nicht mehr in der Lage, uns ernsthaft zu gef\u00e4hrden und wir nahmen die Rolle als Favorit an. Ein weiterer Kopfball durch Pascal Lorsung f\u00fchrte zum 4:1. Nach einem Foul an Philipp Wilhelm gab es kurz vor Ende noch einen Elfmeter f\u00fcr uns. Ein heute nicht so \u00fcberzeugender Brandon Heblich zeigte zum Abschluss aber, wie man einen Elfmeter unhaltbar im Tor unterbringt.<\/span><\/div>\n<\/div>\n<div class=\"\" data-block=\"true\" data-editor=\"dubto\" data-offset-key=\"ahpvl-0-0\">\n<div class=\"_1mf _1mj\" data-offset-key=\"ahpvl-0-0\"><span data-offset-key=\"ahpvl-0-0\">Alles in allem ein erk\u00e4mpfter Arbeitssieg, der uns aber zum Spitzenreiter aufschlie\u00dfen l\u00e4sst. Die 3 Punkte wurden geholt, das ist am Ende des Tages das Wichtigste.<\/span><\/div>\n<div data-offset-key=\"ahpvl-0-0\"><\/div>\n<\/div>\n<div data-offset-key=\"ahpvl-0-0\"><img data-recalc-dims=\"1\" loading=\"lazy\" decoding=\"async\" class=\"size-full wp-image-4446 aligncenter\" src=\"https:\/\/i0.wp.com\/tus.eschringen.de\/wordpress\/wp-content\/uploads\/2023\/08\/A_Bhm.jpg?resize=837%2C521&#038;ssl=1\" alt=\"\" width=\"837\" height=\"521\" srcset=\"https:\/\/i0.wp.com\/tus.eschringen.de\/wordpress\/wp-content\/uploads\/2023\/08\/A_Bhm.jpg?w=837&amp;ssl=1 837w, https:\/\/i0.wp.com\/tus.eschringen.de\/wordpress\/wp-content\/uploads\/2023\/08\/A_Bhm.jpg?resize=300%2C187&amp;ssl=1 300w, https:\/\/i0.wp.com\/tus.eschringen.de\/wordpress\/wp-content\/uploads\/2023\/08\/A_Bhm.jpg?resize=768%2C478&amp;ssl=1 768w\" sizes=\"auto, (max-width: 837px) 100vw, 837px\" \/><\/div>\n<div class=\"\" data-block=\"true\" data-editor=\"dubto\" data-offset-key=\"7t798-0-0\">\n<div class=\"_1mf _1mj\" data-offset-key=\"7t798-0-0\"><span data-offset-key=\"7t798-0-0\">\u00a0<\/span><\/div>\n<\/div>\n","protected":false},"excerpt":{"rendered":"<p>Bezirksliga Saarbr\u00fccken 7. Spieltag \u2013 Saison 2023\/24 FV Bischmisheim II &#8211; TuS Eschringen 1:5\u00a0(1:2) Torsch\u00fctzen: 0:1 Orhan Alpaslan (10. Min) 1:1 Daniel Gr\u00e4ff (32. Min) HE 1:2 Brandon Heblich (41. Min) 1:3 Philipp Wilhelm (68.Min) 1:4 Pascal Lorsung (76. Min) 1:5 Brandon Heblich (86. Min) FE Spielbericht: Klarer Sieg trotz z\u00e4hem Spiel \u00a0 Vorab einmal &#8230; <\/p>\n<p class=\"read-more-container\"><a title=\"FV Bischmisheim II &#8211; TuS Eschringen\" class=\"read-more button\" href=\"https:\/\/tus.eschringen.de\/wordpress\/event\/fv-bischmisheim-ii-tus-eschringen\/#more-4315\" aria-label=\"Mehr Informationen \u00fcber FV Bischmisheim II &#8211; TuS Eschringen\">alles lesen<\/a><\/p>\n","protected":false},"author":1,"featured_media":0,"template":"","meta":{"generate_page_header":"","_tribe_events_status":"","_tribe_events_status_reason":"","footnotes":""},"tags":[],"tribe_events_cat":[8],"class_list":["post-4315","tribe_events","type-tribe_events","status-publish","hentry","tribe_events_cat-bezirksliga-saarbruecken","cat_bezirksliga-saarbruecken"],"yoast_head":"<!-- This site is optimized with the Yoast SEO plugin v27.5 - https:\/\/yoast.com\/product\/yoast-seo-wordpress\/ -->\n<title>FV Bischmisheim II - TuS Eschringen - TuS Eschringen<\/title>\n<meta name=\"robots\" content=\"index, follow, max-snippet:-1, max-image-preview:large, max-video-preview:-1\" \/>\n<link rel=\"canonical\" href=\"https:\/\/tus.eschringen.de\/wordpress\/event\/fv-bischmisheim-ii-tus-eschringen\/\" \/>\n<meta property=\"og:locale\" content=\"de_DE\" \/>\n<meta property=\"og:type\" content=\"article\" \/>\n<meta property=\"og:title\" content=\"FV Bischmisheim II - TuS Eschringen - TuS Eschringen\" \/>\n<meta property=\"og:description\" content=\"Bezirksliga Saarbr\u00fccken 7. Spieltag \u2013 Saison 2023\/24 FV Bischmisheim II &#8211; TuS Eschringen 1:5\u00a0(1:2) Torsch\u00fctzen: 0:1 Orhan Alpaslan (10. Min) 1:1 Daniel Gr\u00e4ff (32. Min) HE 1:2 Brandon Heblich (41. Min) 1:3 Philipp Wilhelm (68.Min) 1:4 Pascal Lorsung (76. Min) 1:5 Brandon Heblich (86. Min) FE Spielbericht: Klarer Sieg trotz z\u00e4hem Spiel \u00a0 Vorab einmal ... alles lesen\" \/>\n<meta property=\"og:url\" content=\"https:\/\/tus.eschringen.de\/wordpress\/event\/fv-bischmisheim-ii-tus-eschringen\/\" \/>\n<meta property=\"og:site_name\" content=\"TuS Eschringen\" \/>\n<meta property=\"article:publisher\" content=\"https:\/\/www.facebook.com\/TuS.Eschringen\/\" \/>\n<meta property=\"article:modified_time\" content=\"2023-09-23T10:24:24+00:00\" \/>\n<meta property=\"og:image\" content=\"https:\/\/tus.eschringen.de\/wordpress\/wp-content\/uploads\/2023\/08\/A_Bhm.jpg\" \/>\n<meta name=\"twitter:card\" content=\"summary_large_image\" \/>\n<meta name=\"twitter:label1\" content=\"Gesch\u00e4tzte Lesezeit\" \/>\n\t<meta name=\"twitter:data1\" content=\"3\u00a0Minuten\" \/>\n<script type=\"application\/ld+json\" class=\"yoast-schema-graph\">{\"@context\":\"https:\\\/\\\/schema.org\",\"@graph\":[{\"@type\":\"WebPage\",\"@id\":\"https:\\\/\\\/tus.eschringen.de\\\/wordpress\\\/event\\\/fv-bischmisheim-ii-tus-eschringen\\\/\",\"url\":\"https:\\\/\\\/tus.eschringen.de\\\/wordpress\\\/event\\\/fv-bischmisheim-ii-tus-eschringen\\\/\",\"name\":\"FV Bischmisheim II - TuS Eschringen - TuS Eschringen\",\"isPartOf\":{\"@id\":\"https:\\\/\\\/tus.eschringen.de\\\/wordpress\\\/#website\"},\"primaryImageOfPage\":{\"@id\":\"https:\\\/\\\/tus.eschringen.de\\\/wordpress\\\/event\\\/fv-bischmisheim-ii-tus-eschringen\\\/#primaryimage\"},\"image\":{\"@id\":\"https:\\\/\\\/tus.eschringen.de\\\/wordpress\\\/event\\\/fv-bischmisheim-ii-tus-eschringen\\\/#primaryimage\"},\"thumbnailUrl\":\"https:\\\/\\\/tus.eschringen.de\\\/wordpress\\\/wp-content\\\/uploads\\\/2023\\\/08\\\/A_Bhm.jpg\",\"datePublished\":\"2023-08-22T05:59:22+00:00\",\"dateModified\":\"2023-09-23T10:24:24+00:00\",\"breadcrumb\":{\"@id\":\"https:\\\/\\\/tus.eschringen.de\\\/wordpress\\\/event\\\/fv-bischmisheim-ii-tus-eschringen\\\/#breadcrumb\"},\"inLanguage\":\"de\",\"potentialAction\":[{\"@type\":\"ReadAction\",\"target\":[\"https:\\\/\\\/tus.eschringen.de\\\/wordpress\\\/event\\\/fv-bischmisheim-ii-tus-eschringen\\\/\"]}]},{\"@type\":\"ImageObject\",\"inLanguage\":\"de\",\"@id\":\"https:\\\/\\\/tus.eschringen.de\\\/wordpress\\\/event\\\/fv-bischmisheim-ii-tus-eschringen\\\/#primaryimage\",\"url\":\"https:\\\/\\\/i0.wp.com\\\/tus.eschringen.de\\\/wordpress\\\/wp-content\\\/uploads\\\/2023\\\/08\\\/A_Bhm.jpg?fit=837%2C521&ssl=1\",\"contentUrl\":\"https:\\\/\\\/i0.wp.com\\\/tus.eschringen.de\\\/wordpress\\\/wp-content\\\/uploads\\\/2023\\\/08\\\/A_Bhm.jpg?fit=837%2C521&ssl=1\",\"width\":837,\"height\":521},{\"@type\":\"BreadcrumbList\",\"@id\":\"https:\\\/\\\/tus.eschringen.de\\\/wordpress\\\/event\\\/fv-bischmisheim-ii-tus-eschringen\\\/#breadcrumb\",\"itemListElement\":[{\"@type\":\"ListItem\",\"position\":1,\"name\":\"Startseite\",\"item\":\"https:\\\/\\\/tus.eschringen.de\\\/wordpress\\\/\"},{\"@type\":\"ListItem\",\"position\":2,\"name\":\"Veranstaltungen\",\"item\":\"https:\\\/\\\/tus.eschringen.de\\\/wordpress\\\/events\\\/\"},{\"@type\":\"ListItem\",\"position\":3,\"name\":\"FV Bischmisheim II &#8211; TuS Eschringen\"}]},{\"@type\":\"WebSite\",\"@id\":\"https:\\\/\\\/tus.eschringen.de\\\/wordpress\\\/#website\",\"url\":\"https:\\\/\\\/tus.eschringen.de\\\/wordpress\\\/\",\"name\":\"TuS Eschringen\",\"description\":\"\",\"publisher\":{\"@id\":\"https:\\\/\\\/tus.eschringen.de\\\/wordpress\\\/#organization\"},\"potentialAction\":[{\"@type\":\"SearchAction\",\"target\":{\"@type\":\"EntryPoint\",\"urlTemplate\":\"https:\\\/\\\/tus.eschringen.de\\\/wordpress\\\/?s={search_term_string}\"},\"query-input\":{\"@type\":\"PropertyValueSpecification\",\"valueRequired\":true,\"valueName\":\"search_term_string\"}}],\"inLanguage\":\"de\"},{\"@type\":\"Organization\",\"@id\":\"https:\\\/\\\/tus.eschringen.de\\\/wordpress\\\/#organization\",\"name\":\"TuS Eschringen\",\"url\":\"https:\\\/\\\/tus.eschringen.de\\\/wordpress\\\/\",\"logo\":{\"@type\":\"ImageObject\",\"inLanguage\":\"de\",\"@id\":\"https:\\\/\\\/tus.eschringen.de\\\/wordpress\\\/#\\\/schema\\\/logo\\\/image\\\/\",\"url\":\"https:\\\/\\\/i0.wp.com\\\/tus.eschringen.de\\\/wordpress\\\/wp-content\\\/uploads\\\/2025\\\/07\\\/Web_kopf.jpg?fit=1260%2C240&ssl=1\",\"contentUrl\":\"https:\\\/\\\/i0.wp.com\\\/tus.eschringen.de\\\/wordpress\\\/wp-content\\\/uploads\\\/2025\\\/07\\\/Web_kopf.jpg?fit=1260%2C240&ssl=1\",\"width\":1260,\"height\":240,\"caption\":\"TuS Eschringen\"},\"image\":{\"@id\":\"https:\\\/\\\/tus.eschringen.de\\\/wordpress\\\/#\\\/schema\\\/logo\\\/image\\\/\"},\"sameAs\":[\"https:\\\/\\\/www.facebook.com\\\/TuS.Eschringen\\\/\",\"https:\\\/\\\/www.instagram.com\\\/tus.eschringen\\\/\"]}]}<\/script>\n<!-- \/ Yoast SEO plugin. -->","yoast_head_json":{"title":"FV Bischmisheim II - TuS Eschringen - TuS Eschringen","robots":{"index":"index","follow":"follow","max-snippet":"max-snippet:-1","max-image-preview":"max-image-preview:large","max-video-preview":"max-video-preview:-1"},"canonical":"https:\/\/tus.eschringen.de\/wordpress\/event\/fv-bischmisheim-ii-tus-eschringen\/","og_locale":"de_DE","og_type":"article","og_title":"FV Bischmisheim II - TuS Eschringen - TuS Eschringen","og_description":"Bezirksliga Saarbr\u00fccken 7. Spieltag \u2013 Saison 2023\/24 FV Bischmisheim II &#8211; TuS Eschringen 1:5\u00a0(1:2) Torsch\u00fctzen: 0:1 Orhan Alpaslan (10. Min) 1:1 Daniel Gr\u00e4ff (32. Min) HE 1:2 Brandon Heblich (41. Min) 1:3 Philipp Wilhelm (68.Min) 1:4 Pascal Lorsung (76. Min) 1:5 Brandon Heblich (86. Min) FE Spielbericht: Klarer Sieg trotz z\u00e4hem Spiel \u00a0 Vorab einmal ... alles lesen","og_url":"https:\/\/tus.eschringen.de\/wordpress\/event\/fv-bischmisheim-ii-tus-eschringen\/","og_site_name":"TuS Eschringen","article_publisher":"https:\/\/www.facebook.com\/TuS.Eschringen\/","article_modified_time":"2023-09-23T10:24:24+00:00","og_image":[{"url":"https:\/\/tus.eschringen.de\/wordpress\/wp-content\/uploads\/2023\/08\/A_Bhm.jpg","type":"","width":"","height":""}],"twitter_card":"summary_large_image","twitter_misc":{"Gesch\u00e4tzte Lesezeit":"3\u00a0Minuten"},"schema":{"@context":"https:\/\/schema.org","@graph":[{"@type":"WebPage","@id":"https:\/\/tus.eschringen.de\/wordpress\/event\/fv-bischmisheim-ii-tus-eschringen\/","url":"https:\/\/tus.eschringen.de\/wordpress\/event\/fv-bischmisheim-ii-tus-eschringen\/","name":"FV Bischmisheim II - TuS Eschringen - TuS Eschringen","isPartOf":{"@id":"https:\/\/tus.eschringen.de\/wordpress\/#website"},"primaryImageOfPage":{"@id":"https:\/\/tus.eschringen.de\/wordpress\/event\/fv-bischmisheim-ii-tus-eschringen\/#primaryimage"},"image":{"@id":"https:\/\/tus.eschringen.de\/wordpress\/event\/fv-bischmisheim-ii-tus-eschringen\/#primaryimage"},"thumbnailUrl":"https:\/\/tus.eschringen.de\/wordpress\/wp-content\/uploads\/2023\/08\/A_Bhm.jpg","datePublished":"2023-08-22T05:59:22+00:00","dateModified":"2023-09-23T10:24:24+00:00","breadcrumb":{"@id":"https:\/\/tus.eschringen.de\/wordpress\/event\/fv-bischmisheim-ii-tus-eschringen\/#breadcrumb"},"inLanguage":"de","potentialAction":[{"@type":"ReadAction","target":["https:\/\/tus.eschringen.de\/wordpress\/event\/fv-bischmisheim-ii-tus-eschringen\/"]}]},{"@type":"ImageObject","inLanguage":"de","@id":"https:\/\/tus.eschringen.de\/wordpress\/event\/fv-bischmisheim-ii-tus-eschringen\/#primaryimage","url":"https:\/\/i0.wp.com\/tus.eschringen.de\/wordpress\/wp-content\/uploads\/2023\/08\/A_Bhm.jpg?fit=837%2C521&ssl=1","contentUrl":"https:\/\/i0.wp.com\/tus.eschringen.de\/wordpress\/wp-content\/uploads\/2023\/08\/A_Bhm.jpg?fit=837%2C521&ssl=1","width":837,"height":521},{"@type":"BreadcrumbList","@id":"https:\/\/tus.eschringen.de\/wordpress\/event\/fv-bischmisheim-ii-tus-eschringen\/#breadcrumb","itemListElement":[{"@type":"ListItem","position":1,"name":"Startseite","item":"https:\/\/tus.eschringen.de\/wordpress\/"},{"@type":"ListItem","position":2,"name":"Veranstaltungen","item":"https:\/\/tus.eschringen.de\/wordpress\/events\/"},{"@type":"ListItem","position":3,"name":"FV Bischmisheim II &#8211; TuS Eschringen"}]},{"@type":"WebSite","@id":"https:\/\/tus.eschringen.de\/wordpress\/#website","url":"https:\/\/tus.eschringen.de\/wordpress\/","name":"TuS Eschringen","description":"","publisher":{"@id":"https:\/\/tus.eschringen.de\/wordpress\/#organization"},"potentialAction":[{"@type":"SearchAction","target":{"@type":"EntryPoint","urlTemplate":"https:\/\/tus.eschringen.de\/wordpress\/?s={search_term_string}"},"query-input":{"@type":"PropertyValueSpecification","valueRequired":true,"valueName":"search_term_string"}}],"inLanguage":"de"},{"@type":"Organization","@id":"https:\/\/tus.eschringen.de\/wordpress\/#organization","name":"TuS Eschringen","url":"https:\/\/tus.eschringen.de\/wordpress\/","logo":{"@type":"ImageObject","inLanguage":"de","@id":"https:\/\/tus.eschringen.de\/wordpress\/#\/schema\/logo\/image\/","url":"https:\/\/i0.wp.com\/tus.eschringen.de\/wordpress\/wp-content\/uploads\/2025\/07\/Web_kopf.jpg?fit=1260%2C240&ssl=1","contentUrl":"https:\/\/i0.wp.com\/tus.eschringen.de\/wordpress\/wp-content\/uploads\/2025\/07\/Web_kopf.jpg?fit=1260%2C240&ssl=1","width":1260,"height":240,"caption":"TuS Eschringen"},"image":{"@id":"https:\/\/tus.eschringen.de\/wordpress\/#\/schema\/logo\/image\/"},"sameAs":["https:\/\/www.facebook.com\/TuS.Eschringen\/","https:\/\/www.instagram.com\/tus.eschringen\/"]}]}},"jetpack_sharing_enabled":true,"_links":{"self":[{"href":"https:\/\/tus.eschringen.de\/wordpress\/wp-json\/wp\/v2\/tribe_events\/4315","targetHints":{"allow":["GET"]}}],"collection":[{"href":"https:\/\/tus.eschringen.de\/wordpress\/wp-json\/wp\/v2\/tribe_events"}],"about":[{"href":"https:\/\/tus.eschringen.de\/wordpress\/wp-json\/wp\/v2\/types\/tribe_events"}],"author":[{"embeddable":true,"href":"https:\/\/tus.eschringen.de\/wordpress\/wp-json\/wp\/v2\/users\/1"}],"version-history":[{"count":11,"href":"https:\/\/tus.eschringen.de\/wordpress\/wp-json\/wp\/v2\/tribe_events\/4315\/revisions"}],"predecessor-version":[{"id":4447,"href":"https:\/\/tus.eschringen.de\/wordpress\/wp-json\/wp\/v2\/tribe_events\/4315\/revisions\/4447"}],"wp:attachment":[{"href":"https:\/\/tus.eschringen.de\/wordpress\/wp-json\/wp\/v2\/media?parent=4315"}],"wp:term":[{"taxonomy":"post_tag","embeddable":true,"href":"https:\/\/tus.eschringen.de\/wordpress\/wp-json\/wp\/v2\/tags?post=4315"},{"taxonomy":"tribe_events_cat","embeddable":true,"href":"https:\/\/tus.eschringen.de\/wordpress\/wp-json\/wp\/v2\/tribe_events_cat?post=4315"}],"curies":[{"name":"wp","href":"https:\/\/api.w.org\/{rel}","templated":true}]}}