{"id":4264,"date":"2023-08-13T18:30:43","date_gmt":"2023-08-13T16:30:43","guid":{"rendered":"https:\/\/tus.eschringen.de\/wordpress\/?post_type=tribe_events&#038;p=4264"},"modified":"2023-09-23T12:27:48","modified_gmt":"2023-09-23T10:27:48","slug":"tus-eschringen-fc-neuweiler-2","status":"publish","type":"tribe_events","link":"https:\/\/tus.eschringen.de\/wordpress\/event\/tus-eschringen-fc-neuweiler-2\/","title":{"rendered":"TuS Eschringen &#8211; FC Neuweiler"},"content":{"rendered":"<p>Bezirksliga Saarbr\u00fccken<\/p>\n<p>6. Spieltag \u2013 Saison 2023\/24<\/p>\n<p><strong>TuS Eschringen &#8211; FC Neuweiler <span style=\"color: #ff0000;\">7:3<\/span>\u00a0(3:1)<\/strong><\/p>\n<p>Torsch\u00fctzen:<\/p>\n<p><strong><span style=\"color: #ff0000;\">1:0<\/span> Pascal Lorsung (5. Min)<\/strong><br \/>\n1:1 Nico Jost (11. Min)<br \/>\n<strong><span style=\"color: #ff0000;\">2:1<\/span> Brandon Heblich (19. Min) FE<\/strong><br \/>\n<strong><span style=\"color: #ff0000;\">3:1<\/span> Brandon Heblich (40. Min)<\/strong><br \/>\n<strong><span style=\"color: #ff0000;\">4:1<\/span> Brandon Heblich (70. Min)<\/strong><br \/>\n<strong><span style=\"color: #ff0000;\">5:1<\/span> Saidashraf Khakimov (73. Min)<\/strong><br \/>\n5:2 Edwin Morlang (83. Min)<br \/>\n5:3 Edwin Morlang (87. Min)<br \/>\n<strong><span style=\"color: #ff0000;\">6:3<\/span> Carsten Breit (91. Min)<\/strong><br \/>\n<strong><span style=\"color: #ff0000;\">7:3<\/span> Brandon Heblich (92. Min)<\/strong><\/p>\n<p>Spielbericht:<\/p>\n<p class=\"entry-title\"><strong>Zehn Tore in der Hitze<\/strong><\/p>\n<p>Erst einmal ein gro\u00dfes Lob an alle Spieler, denn als Zuschauer war es schon extrem hei\u00df. Die Trinkpausen waren hoch verdient.<br \/>\nAber zum Spiel: Eschringen begann konzentriert und konnte einmal mehr fr\u00fch in F\u00fchrung gehen. 5 Minuten nach dem F\u00fchrungstreffer war allerdings alles wieder auf null gestellt. Ein verwandelter Elfmeter und ein weiterer Treffer sorgten allerdings f\u00fcr einen leichten Vorsprung zur Pause von 3:1.<br \/>\nNach der Halbzeit dauerte es lange bis wieder Tore fielen. Ein Doppelschlag unserer Jungs zum 5:1 und ein Platzverweis des Gegners bei noch 20 Minuten Restspielzeit machte scheinbar in den K\u00f6pfen unserer Spieler ein H\u00e4kchen hinter das Ergebnis. Und so kam Neuweiler mit 10 Mann durch 2 verwandelte Freist\u00f6\u00dfe wieder ran.<br \/>\nAlso war nochmals Aufwachen angesagt und 2 weitere Treffer f\u00fchrten kurz vor Abpfiff zum Endstand von 7:3.<br \/>\nInsgesamt war der Sieg hoch verdient, die 3 Gegentreffer haben gezeigt, dass kleine Fouls und kurze Unkonzentriertheit aber schnell zu Treffern f\u00fcr den Gegner f\u00fchren k\u00f6nnen.<br \/>\nZuletzt ein Lob an den Schiedsrichter, der alles im Griff hatte und somit keine H\u00e4rte aufkam. Die rote Karte f\u00fcr den Gegenspieler musste er allerdings zeigen, solch eine Aktion geh\u00f6rt nicht auf den Fussballplatz.<\/p>\n<p><img data-recalc-dims=\"1\" loading=\"lazy\" decoding=\"async\" class=\"size-full wp-image-4448 aligncenter\" src=\"https:\/\/i0.wp.com\/tus.eschringen.de\/wordpress\/wp-content\/uploads\/2023\/08\/H_Neuweiler.jpg?resize=1000%2C558&#038;ssl=1\" alt=\"\" width=\"1000\" height=\"558\" srcset=\"https:\/\/i0.wp.com\/tus.eschringen.de\/wordpress\/wp-content\/uploads\/2023\/08\/H_Neuweiler.jpg?w=1000&amp;ssl=1 1000w, https:\/\/i0.wp.com\/tus.eschringen.de\/wordpress\/wp-content\/uploads\/2023\/08\/H_Neuweiler.jpg?resize=300%2C167&amp;ssl=1 300w, https:\/\/i0.wp.com\/tus.eschringen.de\/wordpress\/wp-content\/uploads\/2023\/08\/H_Neuweiler.jpg?resize=768%2C429&amp;ssl=1 768w\" sizes=\"auto, (max-width: 1000px) 100vw, 1000px\" \/><\/p>\n","protected":false},"excerpt":{"rendered":"<p>Bezirksliga Saarbr\u00fccken 6. Spieltag \u2013 Saison 2023\/24 TuS Eschringen &#8211; FC Neuweiler 7:3\u00a0(3:1) Torsch\u00fctzen: 1:0 Pascal Lorsung (5. Min) 1:1 Nico Jost (11. Min) 2:1 Brandon Heblich (19. Min) FE 3:1 Brandon Heblich (40. Min) 4:1 Brandon Heblich (70. Min) 5:1 Saidashraf Khakimov (73. Min) 5:2 Edwin Morlang (83. Min) 5:3 Edwin Morlang (87. Min) &#8230; <\/p>\n<p class=\"read-more-container\"><a title=\"TuS Eschringen &#8211; FC Neuweiler\" class=\"read-more button\" href=\"https:\/\/tus.eschringen.de\/wordpress\/event\/tus-eschringen-fc-neuweiler-2\/#more-4264\" aria-label=\"Mehr Informationen \u00fcber TuS Eschringen &#8211; FC Neuweiler\">alles lesen<\/a><\/p>\n","protected":false},"author":1,"featured_media":0,"template":"","meta":{"generate_page_header":"","_tribe_events_status":"","_tribe_events_status_reason":"","footnotes":""},"tags":[],"tribe_events_cat":[8],"class_list":["post-4264","tribe_events","type-tribe_events","status-publish","hentry","tribe_events_cat-bezirksliga-saarbruecken","cat_bezirksliga-saarbruecken"],"yoast_head":"<!-- This site is optimized with the Yoast SEO plugin v27.5 - https:\/\/yoast.com\/product\/yoast-seo-wordpress\/ -->\n<title>TuS Eschringen - FC Neuweiler - TuS Eschringen<\/title>\n<meta name=\"robots\" content=\"index, follow, max-snippet:-1, max-image-preview:large, max-video-preview:-1\" \/>\n<link rel=\"canonical\" href=\"https:\/\/tus.eschringen.de\/wordpress\/event\/tus-eschringen-fc-neuweiler-2\/\" \/>\n<meta property=\"og:locale\" content=\"de_DE\" \/>\n<meta property=\"og:type\" content=\"article\" \/>\n<meta property=\"og:title\" content=\"TuS Eschringen - FC Neuweiler - TuS Eschringen\" \/>\n<meta property=\"og:description\" content=\"Bezirksliga Saarbr\u00fccken 6. Spieltag \u2013 Saison 2023\/24 TuS Eschringen &#8211; FC Neuweiler 7:3\u00a0(3:1) Torsch\u00fctzen: 1:0 Pascal Lorsung (5. Min) 1:1 Nico Jost (11. Min) 2:1 Brandon Heblich (19. Min) FE 3:1 Brandon Heblich (40. Min) 4:1 Brandon Heblich (70. Min) 5:1 Saidashraf Khakimov (73. Min) 5:2 Edwin Morlang (83. Min) 5:3 Edwin Morlang (87. Min) ... alles lesen\" \/>\n<meta property=\"og:url\" content=\"https:\/\/tus.eschringen.de\/wordpress\/event\/tus-eschringen-fc-neuweiler-2\/\" \/>\n<meta property=\"og:site_name\" content=\"TuS Eschringen\" \/>\n<meta property=\"article:publisher\" content=\"https:\/\/www.facebook.com\/TuS.Eschringen\/\" \/>\n<meta property=\"article:modified_time\" content=\"2023-09-23T10:27:48+00:00\" \/>\n<meta property=\"og:image\" content=\"https:\/\/tus.eschringen.de\/wordpress\/wp-content\/uploads\/2023\/08\/H_Neuweiler.jpg\" \/>\n<meta name=\"twitter:card\" content=\"summary_large_image\" \/>\n<meta name=\"twitter:label1\" content=\"Gesch\u00e4tzte Lesezeit\" \/>\n\t<meta name=\"twitter:data1\" content=\"2\u00a0Minuten\" \/>\n<script type=\"application\/ld+json\" class=\"yoast-schema-graph\">{\"@context\":\"https:\\\/\\\/schema.org\",\"@graph\":[{\"@type\":\"WebPage\",\"@id\":\"https:\\\/\\\/tus.eschringen.de\\\/wordpress\\\/event\\\/tus-eschringen-fc-neuweiler-2\\\/\",\"url\":\"https:\\\/\\\/tus.eschringen.de\\\/wordpress\\\/event\\\/tus-eschringen-fc-neuweiler-2\\\/\",\"name\":\"TuS Eschringen - FC Neuweiler - TuS Eschringen\",\"isPartOf\":{\"@id\":\"https:\\\/\\\/tus.eschringen.de\\\/wordpress\\\/#website\"},\"primaryImageOfPage\":{\"@id\":\"https:\\\/\\\/tus.eschringen.de\\\/wordpress\\\/event\\\/tus-eschringen-fc-neuweiler-2\\\/#primaryimage\"},\"image\":{\"@id\":\"https:\\\/\\\/tus.eschringen.de\\\/wordpress\\\/event\\\/tus-eschringen-fc-neuweiler-2\\\/#primaryimage\"},\"thumbnailUrl\":\"https:\\\/\\\/tus.eschringen.de\\\/wordpress\\\/wp-content\\\/uploads\\\/2023\\\/08\\\/H_Neuweiler.jpg\",\"datePublished\":\"2023-08-13T16:30:43+00:00\",\"dateModified\":\"2023-09-23T10:27:48+00:00\",\"breadcrumb\":{\"@id\":\"https:\\\/\\\/tus.eschringen.de\\\/wordpress\\\/event\\\/tus-eschringen-fc-neuweiler-2\\\/#breadcrumb\"},\"inLanguage\":\"de\",\"potentialAction\":[{\"@type\":\"ReadAction\",\"target\":[\"https:\\\/\\\/tus.eschringen.de\\\/wordpress\\\/event\\\/tus-eschringen-fc-neuweiler-2\\\/\"]}]},{\"@type\":\"ImageObject\",\"inLanguage\":\"de\",\"@id\":\"https:\\\/\\\/tus.eschringen.de\\\/wordpress\\\/event\\\/tus-eschringen-fc-neuweiler-2\\\/#primaryimage\",\"url\":\"https:\\\/\\\/i0.wp.com\\\/tus.eschringen.de\\\/wordpress\\\/wp-content\\\/uploads\\\/2023\\\/08\\\/H_Neuweiler.jpg?fit=1000%2C558&ssl=1\",\"contentUrl\":\"https:\\\/\\\/i0.wp.com\\\/tus.eschringen.de\\\/wordpress\\\/wp-content\\\/uploads\\\/2023\\\/08\\\/H_Neuweiler.jpg?fit=1000%2C558&ssl=1\",\"width\":1000,\"height\":558},{\"@type\":\"BreadcrumbList\",\"@id\":\"https:\\\/\\\/tus.eschringen.de\\\/wordpress\\\/event\\\/tus-eschringen-fc-neuweiler-2\\\/#breadcrumb\",\"itemListElement\":[{\"@type\":\"ListItem\",\"position\":1,\"name\":\"Startseite\",\"item\":\"https:\\\/\\\/tus.eschringen.de\\\/wordpress\\\/\"},{\"@type\":\"ListItem\",\"position\":2,\"name\":\"Veranstaltungen\",\"item\":\"https:\\\/\\\/tus.eschringen.de\\\/wordpress\\\/events\\\/\"},{\"@type\":\"ListItem\",\"position\":3,\"name\":\"TuS Eschringen &#8211; FC Neuweiler\"}]},{\"@type\":\"WebSite\",\"@id\":\"https:\\\/\\\/tus.eschringen.de\\\/wordpress\\\/#website\",\"url\":\"https:\\\/\\\/tus.eschringen.de\\\/wordpress\\\/\",\"name\":\"TuS Eschringen\",\"description\":\"\",\"publisher\":{\"@id\":\"https:\\\/\\\/tus.eschringen.de\\\/wordpress\\\/#organization\"},\"potentialAction\":[{\"@type\":\"SearchAction\",\"target\":{\"@type\":\"EntryPoint\",\"urlTemplate\":\"https:\\\/\\\/tus.eschringen.de\\\/wordpress\\\/?s={search_term_string}\"},\"query-input\":{\"@type\":\"PropertyValueSpecification\",\"valueRequired\":true,\"valueName\":\"search_term_string\"}}],\"inLanguage\":\"de\"},{\"@type\":\"Organization\",\"@id\":\"https:\\\/\\\/tus.eschringen.de\\\/wordpress\\\/#organization\",\"name\":\"TuS Eschringen\",\"url\":\"https:\\\/\\\/tus.eschringen.de\\\/wordpress\\\/\",\"logo\":{\"@type\":\"ImageObject\",\"inLanguage\":\"de\",\"@id\":\"https:\\\/\\\/tus.eschringen.de\\\/wordpress\\\/#\\\/schema\\\/logo\\\/image\\\/\",\"url\":\"https:\\\/\\\/i0.wp.com\\\/tus.eschringen.de\\\/wordpress\\\/wp-content\\\/uploads\\\/2025\\\/07\\\/Web_kopf.jpg?fit=1260%2C240&ssl=1\",\"contentUrl\":\"https:\\\/\\\/i0.wp.com\\\/tus.eschringen.de\\\/wordpress\\\/wp-content\\\/uploads\\\/2025\\\/07\\\/Web_kopf.jpg?fit=1260%2C240&ssl=1\",\"width\":1260,\"height\":240,\"caption\":\"TuS Eschringen\"},\"image\":{\"@id\":\"https:\\\/\\\/tus.eschringen.de\\\/wordpress\\\/#\\\/schema\\\/logo\\\/image\\\/\"},\"sameAs\":[\"https:\\\/\\\/www.facebook.com\\\/TuS.Eschringen\\\/\",\"https:\\\/\\\/www.instagram.com\\\/tus.eschringen\\\/\"]}]}<\/script>\n<!-- \/ Yoast SEO plugin. -->","yoast_head_json":{"title":"TuS Eschringen - FC Neuweiler - TuS Eschringen","robots":{"index":"index","follow":"follow","max-snippet":"max-snippet:-1","max-image-preview":"max-image-preview:large","max-video-preview":"max-video-preview:-1"},"canonical":"https:\/\/tus.eschringen.de\/wordpress\/event\/tus-eschringen-fc-neuweiler-2\/","og_locale":"de_DE","og_type":"article","og_title":"TuS Eschringen - FC Neuweiler - TuS Eschringen","og_description":"Bezirksliga Saarbr\u00fccken 6. Spieltag \u2013 Saison 2023\/24 TuS Eschringen &#8211; FC Neuweiler 7:3\u00a0(3:1) Torsch\u00fctzen: 1:0 Pascal Lorsung (5. Min) 1:1 Nico Jost (11. Min) 2:1 Brandon Heblich (19. Min) FE 3:1 Brandon Heblich (40. Min) 4:1 Brandon Heblich (70. Min) 5:1 Saidashraf Khakimov (73. Min) 5:2 Edwin Morlang (83. Min) 5:3 Edwin Morlang (87. Min) ... alles lesen","og_url":"https:\/\/tus.eschringen.de\/wordpress\/event\/tus-eschringen-fc-neuweiler-2\/","og_site_name":"TuS Eschringen","article_publisher":"https:\/\/www.facebook.com\/TuS.Eschringen\/","article_modified_time":"2023-09-23T10:27:48+00:00","og_image":[{"url":"https:\/\/tus.eschringen.de\/wordpress\/wp-content\/uploads\/2023\/08\/H_Neuweiler.jpg","type":"","width":"","height":""}],"twitter_card":"summary_large_image","twitter_misc":{"Gesch\u00e4tzte Lesezeit":"2\u00a0Minuten"},"schema":{"@context":"https:\/\/schema.org","@graph":[{"@type":"WebPage","@id":"https:\/\/tus.eschringen.de\/wordpress\/event\/tus-eschringen-fc-neuweiler-2\/","url":"https:\/\/tus.eschringen.de\/wordpress\/event\/tus-eschringen-fc-neuweiler-2\/","name":"TuS Eschringen - FC Neuweiler - TuS Eschringen","isPartOf":{"@id":"https:\/\/tus.eschringen.de\/wordpress\/#website"},"primaryImageOfPage":{"@id":"https:\/\/tus.eschringen.de\/wordpress\/event\/tus-eschringen-fc-neuweiler-2\/#primaryimage"},"image":{"@id":"https:\/\/tus.eschringen.de\/wordpress\/event\/tus-eschringen-fc-neuweiler-2\/#primaryimage"},"thumbnailUrl":"https:\/\/tus.eschringen.de\/wordpress\/wp-content\/uploads\/2023\/08\/H_Neuweiler.jpg","datePublished":"2023-08-13T16:30:43+00:00","dateModified":"2023-09-23T10:27:48+00:00","breadcrumb":{"@id":"https:\/\/tus.eschringen.de\/wordpress\/event\/tus-eschringen-fc-neuweiler-2\/#breadcrumb"},"inLanguage":"de","potentialAction":[{"@type":"ReadAction","target":["https:\/\/tus.eschringen.de\/wordpress\/event\/tus-eschringen-fc-neuweiler-2\/"]}]},{"@type":"ImageObject","inLanguage":"de","@id":"https:\/\/tus.eschringen.de\/wordpress\/event\/tus-eschringen-fc-neuweiler-2\/#primaryimage","url":"https:\/\/i0.wp.com\/tus.eschringen.de\/wordpress\/wp-content\/uploads\/2023\/08\/H_Neuweiler.jpg?fit=1000%2C558&ssl=1","contentUrl":"https:\/\/i0.wp.com\/tus.eschringen.de\/wordpress\/wp-content\/uploads\/2023\/08\/H_Neuweiler.jpg?fit=1000%2C558&ssl=1","width":1000,"height":558},{"@type":"BreadcrumbList","@id":"https:\/\/tus.eschringen.de\/wordpress\/event\/tus-eschringen-fc-neuweiler-2\/#breadcrumb","itemListElement":[{"@type":"ListItem","position":1,"name":"Startseite","item":"https:\/\/tus.eschringen.de\/wordpress\/"},{"@type":"ListItem","position":2,"name":"Veranstaltungen","item":"https:\/\/tus.eschringen.de\/wordpress\/events\/"},{"@type":"ListItem","position":3,"name":"TuS Eschringen &#8211; FC Neuweiler"}]},{"@type":"WebSite","@id":"https:\/\/tus.eschringen.de\/wordpress\/#website","url":"https:\/\/tus.eschringen.de\/wordpress\/","name":"TuS Eschringen","description":"","publisher":{"@id":"https:\/\/tus.eschringen.de\/wordpress\/#organization"},"potentialAction":[{"@type":"SearchAction","target":{"@type":"EntryPoint","urlTemplate":"https:\/\/tus.eschringen.de\/wordpress\/?s={search_term_string}"},"query-input":{"@type":"PropertyValueSpecification","valueRequired":true,"valueName":"search_term_string"}}],"inLanguage":"de"},{"@type":"Organization","@id":"https:\/\/tus.eschringen.de\/wordpress\/#organization","name":"TuS Eschringen","url":"https:\/\/tus.eschringen.de\/wordpress\/","logo":{"@type":"ImageObject","inLanguage":"de","@id":"https:\/\/tus.eschringen.de\/wordpress\/#\/schema\/logo\/image\/","url":"https:\/\/i0.wp.com\/tus.eschringen.de\/wordpress\/wp-content\/uploads\/2025\/07\/Web_kopf.jpg?fit=1260%2C240&ssl=1","contentUrl":"https:\/\/i0.wp.com\/tus.eschringen.de\/wordpress\/wp-content\/uploads\/2025\/07\/Web_kopf.jpg?fit=1260%2C240&ssl=1","width":1260,"height":240,"caption":"TuS Eschringen"},"image":{"@id":"https:\/\/tus.eschringen.de\/wordpress\/#\/schema\/logo\/image\/"},"sameAs":["https:\/\/www.facebook.com\/TuS.Eschringen\/","https:\/\/www.instagram.com\/tus.eschringen\/"]}]}},"jetpack_sharing_enabled":true,"_links":{"self":[{"href":"https:\/\/tus.eschringen.de\/wordpress\/wp-json\/wp\/v2\/tribe_events\/4264","targetHints":{"allow":["GET"]}}],"collection":[{"href":"https:\/\/tus.eschringen.de\/wordpress\/wp-json\/wp\/v2\/tribe_events"}],"about":[{"href":"https:\/\/tus.eschringen.de\/wordpress\/wp-json\/wp\/v2\/types\/tribe_events"}],"author":[{"embeddable":true,"href":"https:\/\/tus.eschringen.de\/wordpress\/wp-json\/wp\/v2\/users\/1"}],"version-history":[{"count":17,"href":"https:\/\/tus.eschringen.de\/wordpress\/wp-json\/wp\/v2\/tribe_events\/4264\/revisions"}],"predecessor-version":[{"id":4449,"href":"https:\/\/tus.eschringen.de\/wordpress\/wp-json\/wp\/v2\/tribe_events\/4264\/revisions\/4449"}],"wp:attachment":[{"href":"https:\/\/tus.eschringen.de\/wordpress\/wp-json\/wp\/v2\/media?parent=4264"}],"wp:term":[{"taxonomy":"post_tag","embeddable":true,"href":"https:\/\/tus.eschringen.de\/wordpress\/wp-json\/wp\/v2\/tags?post=4264"},{"taxonomy":"tribe_events_cat","embeddable":true,"href":"https:\/\/tus.eschringen.de\/wordpress\/wp-json\/wp\/v2\/tribe_events_cat?post=4264"}],"curies":[{"name":"wp","href":"https:\/\/api.w.org\/{rel}","templated":true}]}}