{"id":4132,"date":"2023-07-01T15:46:49","date_gmt":"2023-07-01T13:46:49","guid":{"rendered":"https:\/\/tus.eschringen.de\/wordpress\/?post_type=tribe_events&#038;p=4132"},"modified":"2023-09-10T18:26:04","modified_gmt":"2023-09-10T16:26:04","slug":"djk-ensheim-tus-eschringen-6","status":"publish","type":"tribe_events","link":"https:\/\/tus.eschringen.de\/wordpress\/event\/djk-ensheim-tus-eschringen-6\/","title":{"rendered":"DJK Ensheim &#8211; TuS Eschringen"},"content":{"rendered":"<p>Bezirksliga Saarbr\u00fccken<\/p>\n<p>5. Spieltag \u2013 Saison 2023\/24<\/p>\n<p><strong>DJK Ensheim &#8211; TuS Eschringen <span style=\"color: #ff0000;\">0:2<\/span> (0:0)<\/strong><\/p>\n<p>Torsch\u00fctzen:<\/p>\n<p><strong><span style=\"color: #ff0000;\">0:1<\/span> Brandon Heblich (57. Min)<\/strong><br \/>\n<strong><span style=\"color: #ff0000;\">0:2<\/span> Ahmad Abou Sebh (90. Min)<\/strong><\/p>\n<p>Spielbericht:<\/p>\n<p class=\"entry-title\"><strong>Der TuS gewinnt auch das zweite Derby<\/strong><\/p>\n<p>Das Derby hielt, was es im Vorfeld versprach. Herrliches Fu\u00dfballwetter, eine gro\u00dfe Zuschauerkulisse, ein bis in die 15-min\u00fctige Nachspielzeit hinein spannendes Spiel mit vielen Torm\u00f6glichkeiten auf beiden Seiten, zwei aufopferungsvoll k\u00e4mpfende Mannschaften und ein Sieg unseres TuS.<\/p>\n<p>In der ersten Halbzeit \u00fcberlie\u00df Ensheim der Eschringer Mannschaft den Ball, um nach Ballverlusten im Aufbauspiel \u00fcber pl\u00f6tzliches Umschaltspiel zum Erfolg zu kommen. Beg\u00fcnstigt durch einige Fehlp\u00e4sse erspielte sich die DJK ein Chancenplus mit u. a. zwei Lattentreffern. Aber auch der TuS hatte seine Chancen, wobei Torwart Rudel zweimal hervorragend reagierte. So ging es mit dem Spielstand von 0:0 in die Pause.<\/p>\n<p>Nach der Halbzeit versuchte sich Ensheim mit mehr Ballbesitz. Bis ins letzte Drittel sah dies auch erfolgversprechend aus, dort hatte der TuS aber sowohl durch die Kopfballhoheit, als auch durch energisches Zweikampfverhalten am Boden immer wieder Zugriff. Nicht zu vergessen ein absolute Sicherheit ausstrahlender Torwart Lukas Pink. Bei einem der Gegenangriffe trat unser Goalgetter Brandon Heblich auf den Plan. Mit einer sch\u00f6nen Einzelleistung lie\u00df er in der 57. Spielminute mehrere DJKler im Strafraum aussteigen und schob den Ball \u00fcberlegt ins lange Eck ein. Ensheim erh\u00f6hte in der Folge, auch \u00fcber die Einwechselung von frischen Offensivkr\u00e4ften, den Druck, der TuS verlagerte sich aufs Kontern. Das Bild blieb dahingehend gleich, dass der TuS im letzten Drittel die entscheidenden Zweik\u00e4mpfe f\u00fcr sich verbuchen konnte. So stand am Ende hinten die Null, die wesentliche Basis f\u00fcr den Erfolg. In der Nachspielzeit war es unserem Roadrunner Ahmad Abou Sebh vorbehalten, ein Solo im Ensheimer Strafraum mit dem 2:0 abzuschlie\u00dfen.<\/p>\n<p>Nach dem entscheidenden Treffer gab es kein Halten mehr. Der TuS hat einen weiteren wichtigen Sieg eingefahren und liegt nach einem durchaus beachtlichen Startprogramm verlustpunktfrei auf Platz 2 der Tabelle.<\/p>\n","protected":false},"excerpt":{"rendered":"<p>Bezirksliga Saarbr\u00fccken 5. Spieltag \u2013 Saison 2023\/24 DJK Ensheim &#8211; TuS Eschringen 0:2 (0:0) Torsch\u00fctzen: 0:1 Brandon Heblich (57. Min) 0:2 Ahmad Abou Sebh (90. Min) Spielbericht: Der TuS gewinnt auch das zweite Derby Das Derby hielt, was es im Vorfeld versprach. Herrliches Fu\u00dfballwetter, eine gro\u00dfe Zuschauerkulisse, ein bis in die 15-min\u00fctige Nachspielzeit hinein spannendes &#8230; <\/p>\n<p class=\"read-more-container\"><a title=\"DJK Ensheim &#8211; TuS Eschringen\" class=\"read-more button\" href=\"https:\/\/tus.eschringen.de\/wordpress\/event\/djk-ensheim-tus-eschringen-6\/#more-4132\" aria-label=\"Mehr Informationen \u00fcber DJK Ensheim &#8211; TuS Eschringen\">alles lesen<\/a><\/p>\n","protected":false},"author":1,"featured_media":0,"template":"","meta":{"generate_page_header":"","_tribe_events_status":"","_tribe_events_status_reason":"","footnotes":""},"tags":[],"tribe_events_cat":[8],"class_list":["post-4132","tribe_events","type-tribe_events","status-publish","hentry","tribe_events_cat-bezirksliga-saarbruecken","cat_bezirksliga-saarbruecken"],"yoast_head":"<!-- This site is optimized with the Yoast SEO plugin v27.5 - https:\/\/yoast.com\/product\/yoast-seo-wordpress\/ -->\n<title>DJK Ensheim - TuS Eschringen - TuS Eschringen<\/title>\n<meta name=\"robots\" content=\"index, follow, max-snippet:-1, max-image-preview:large, max-video-preview:-1\" \/>\n<link rel=\"canonical\" href=\"https:\/\/tus.eschringen.de\/wordpress\/event\/djk-ensheim-tus-eschringen-6\/\" \/>\n<meta property=\"og:locale\" content=\"de_DE\" \/>\n<meta property=\"og:type\" content=\"article\" \/>\n<meta property=\"og:title\" content=\"DJK Ensheim - TuS Eschringen - TuS Eschringen\" \/>\n<meta property=\"og:description\" content=\"Bezirksliga Saarbr\u00fccken 5. Spieltag \u2013 Saison 2023\/24 DJK Ensheim &#8211; TuS Eschringen 0:2 (0:0) Torsch\u00fctzen: 0:1 Brandon Heblich (57. Min) 0:2 Ahmad Abou Sebh (90. Min) Spielbericht: Der TuS gewinnt auch das zweite Derby Das Derby hielt, was es im Vorfeld versprach. Herrliches Fu\u00dfballwetter, eine gro\u00dfe Zuschauerkulisse, ein bis in die 15-min\u00fctige Nachspielzeit hinein spannendes ... alles lesen\" \/>\n<meta property=\"og:url\" content=\"https:\/\/tus.eschringen.de\/wordpress\/event\/djk-ensheim-tus-eschringen-6\/\" \/>\n<meta property=\"og:site_name\" content=\"TuS Eschringen\" \/>\n<meta property=\"article:publisher\" content=\"https:\/\/www.facebook.com\/TuS.Eschringen\/\" \/>\n<meta property=\"article:modified_time\" content=\"2023-09-10T16:26:04+00:00\" \/>\n<meta name=\"twitter:card\" content=\"summary_large_image\" \/>\n<meta name=\"twitter:label1\" content=\"Gesch\u00e4tzte Lesezeit\" \/>\n\t<meta name=\"twitter:data1\" content=\"2\u00a0Minuten\" \/>\n<script type=\"application\/ld+json\" class=\"yoast-schema-graph\">{\"@context\":\"https:\\\/\\\/schema.org\",\"@graph\":[{\"@type\":\"WebPage\",\"@id\":\"https:\\\/\\\/tus.eschringen.de\\\/wordpress\\\/event\\\/djk-ensheim-tus-eschringen-6\\\/\",\"url\":\"https:\\\/\\\/tus.eschringen.de\\\/wordpress\\\/event\\\/djk-ensheim-tus-eschringen-6\\\/\",\"name\":\"DJK Ensheim - TuS Eschringen - TuS Eschringen\",\"isPartOf\":{\"@id\":\"https:\\\/\\\/tus.eschringen.de\\\/wordpress\\\/#website\"},\"datePublished\":\"2023-07-01T13:46:49+00:00\",\"dateModified\":\"2023-09-10T16:26:04+00:00\",\"breadcrumb\":{\"@id\":\"https:\\\/\\\/tus.eschringen.de\\\/wordpress\\\/event\\\/djk-ensheim-tus-eschringen-6\\\/#breadcrumb\"},\"inLanguage\":\"de\",\"potentialAction\":[{\"@type\":\"ReadAction\",\"target\":[\"https:\\\/\\\/tus.eschringen.de\\\/wordpress\\\/event\\\/djk-ensheim-tus-eschringen-6\\\/\"]}]},{\"@type\":\"BreadcrumbList\",\"@id\":\"https:\\\/\\\/tus.eschringen.de\\\/wordpress\\\/event\\\/djk-ensheim-tus-eschringen-6\\\/#breadcrumb\",\"itemListElement\":[{\"@type\":\"ListItem\",\"position\":1,\"name\":\"Startseite\",\"item\":\"https:\\\/\\\/tus.eschringen.de\\\/wordpress\\\/\"},{\"@type\":\"ListItem\",\"position\":2,\"name\":\"Veranstaltungen\",\"item\":\"https:\\\/\\\/tus.eschringen.de\\\/wordpress\\\/events\\\/\"},{\"@type\":\"ListItem\",\"position\":3,\"name\":\"DJK Ensheim &#8211; TuS Eschringen\"}]},{\"@type\":\"WebSite\",\"@id\":\"https:\\\/\\\/tus.eschringen.de\\\/wordpress\\\/#website\",\"url\":\"https:\\\/\\\/tus.eschringen.de\\\/wordpress\\\/\",\"name\":\"TuS Eschringen\",\"description\":\"\",\"publisher\":{\"@id\":\"https:\\\/\\\/tus.eschringen.de\\\/wordpress\\\/#organization\"},\"potentialAction\":[{\"@type\":\"SearchAction\",\"target\":{\"@type\":\"EntryPoint\",\"urlTemplate\":\"https:\\\/\\\/tus.eschringen.de\\\/wordpress\\\/?s={search_term_string}\"},\"query-input\":{\"@type\":\"PropertyValueSpecification\",\"valueRequired\":true,\"valueName\":\"search_term_string\"}}],\"inLanguage\":\"de\"},{\"@type\":\"Organization\",\"@id\":\"https:\\\/\\\/tus.eschringen.de\\\/wordpress\\\/#organization\",\"name\":\"TuS Eschringen\",\"url\":\"https:\\\/\\\/tus.eschringen.de\\\/wordpress\\\/\",\"logo\":{\"@type\":\"ImageObject\",\"inLanguage\":\"de\",\"@id\":\"https:\\\/\\\/tus.eschringen.de\\\/wordpress\\\/#\\\/schema\\\/logo\\\/image\\\/\",\"url\":\"https:\\\/\\\/i0.wp.com\\\/tus.eschringen.de\\\/wordpress\\\/wp-content\\\/uploads\\\/2025\\\/07\\\/Web_kopf.jpg?fit=1260%2C240&ssl=1\",\"contentUrl\":\"https:\\\/\\\/i0.wp.com\\\/tus.eschringen.de\\\/wordpress\\\/wp-content\\\/uploads\\\/2025\\\/07\\\/Web_kopf.jpg?fit=1260%2C240&ssl=1\",\"width\":1260,\"height\":240,\"caption\":\"TuS Eschringen\"},\"image\":{\"@id\":\"https:\\\/\\\/tus.eschringen.de\\\/wordpress\\\/#\\\/schema\\\/logo\\\/image\\\/\"},\"sameAs\":[\"https:\\\/\\\/www.facebook.com\\\/TuS.Eschringen\\\/\",\"https:\\\/\\\/www.instagram.com\\\/tus.eschringen\\\/\"]}]}<\/script>\n<!-- \/ Yoast SEO plugin. -->","yoast_head_json":{"title":"DJK Ensheim - TuS Eschringen - TuS Eschringen","robots":{"index":"index","follow":"follow","max-snippet":"max-snippet:-1","max-image-preview":"max-image-preview:large","max-video-preview":"max-video-preview:-1"},"canonical":"https:\/\/tus.eschringen.de\/wordpress\/event\/djk-ensheim-tus-eschringen-6\/","og_locale":"de_DE","og_type":"article","og_title":"DJK Ensheim - TuS Eschringen - TuS Eschringen","og_description":"Bezirksliga Saarbr\u00fccken 5. Spieltag \u2013 Saison 2023\/24 DJK Ensheim &#8211; TuS Eschringen 0:2 (0:0) Torsch\u00fctzen: 0:1 Brandon Heblich (57. Min) 0:2 Ahmad Abou Sebh (90. Min) Spielbericht: Der TuS gewinnt auch das zweite Derby Das Derby hielt, was es im Vorfeld versprach. Herrliches Fu\u00dfballwetter, eine gro\u00dfe Zuschauerkulisse, ein bis in die 15-min\u00fctige Nachspielzeit hinein spannendes ... alles lesen","og_url":"https:\/\/tus.eschringen.de\/wordpress\/event\/djk-ensheim-tus-eschringen-6\/","og_site_name":"TuS Eschringen","article_publisher":"https:\/\/www.facebook.com\/TuS.Eschringen\/","article_modified_time":"2023-09-10T16:26:04+00:00","twitter_card":"summary_large_image","twitter_misc":{"Gesch\u00e4tzte Lesezeit":"2\u00a0Minuten"},"schema":{"@context":"https:\/\/schema.org","@graph":[{"@type":"WebPage","@id":"https:\/\/tus.eschringen.de\/wordpress\/event\/djk-ensheim-tus-eschringen-6\/","url":"https:\/\/tus.eschringen.de\/wordpress\/event\/djk-ensheim-tus-eschringen-6\/","name":"DJK Ensheim - TuS Eschringen - TuS Eschringen","isPartOf":{"@id":"https:\/\/tus.eschringen.de\/wordpress\/#website"},"datePublished":"2023-07-01T13:46:49+00:00","dateModified":"2023-09-10T16:26:04+00:00","breadcrumb":{"@id":"https:\/\/tus.eschringen.de\/wordpress\/event\/djk-ensheim-tus-eschringen-6\/#breadcrumb"},"inLanguage":"de","potentialAction":[{"@type":"ReadAction","target":["https:\/\/tus.eschringen.de\/wordpress\/event\/djk-ensheim-tus-eschringen-6\/"]}]},{"@type":"BreadcrumbList","@id":"https:\/\/tus.eschringen.de\/wordpress\/event\/djk-ensheim-tus-eschringen-6\/#breadcrumb","itemListElement":[{"@type":"ListItem","position":1,"name":"Startseite","item":"https:\/\/tus.eschringen.de\/wordpress\/"},{"@type":"ListItem","position":2,"name":"Veranstaltungen","item":"https:\/\/tus.eschringen.de\/wordpress\/events\/"},{"@type":"ListItem","position":3,"name":"DJK Ensheim &#8211; TuS Eschringen"}]},{"@type":"WebSite","@id":"https:\/\/tus.eschringen.de\/wordpress\/#website","url":"https:\/\/tus.eschringen.de\/wordpress\/","name":"TuS Eschringen","description":"","publisher":{"@id":"https:\/\/tus.eschringen.de\/wordpress\/#organization"},"potentialAction":[{"@type":"SearchAction","target":{"@type":"EntryPoint","urlTemplate":"https:\/\/tus.eschringen.de\/wordpress\/?s={search_term_string}"},"query-input":{"@type":"PropertyValueSpecification","valueRequired":true,"valueName":"search_term_string"}}],"inLanguage":"de"},{"@type":"Organization","@id":"https:\/\/tus.eschringen.de\/wordpress\/#organization","name":"TuS Eschringen","url":"https:\/\/tus.eschringen.de\/wordpress\/","logo":{"@type":"ImageObject","inLanguage":"de","@id":"https:\/\/tus.eschringen.de\/wordpress\/#\/schema\/logo\/image\/","url":"https:\/\/i0.wp.com\/tus.eschringen.de\/wordpress\/wp-content\/uploads\/2025\/07\/Web_kopf.jpg?fit=1260%2C240&ssl=1","contentUrl":"https:\/\/i0.wp.com\/tus.eschringen.de\/wordpress\/wp-content\/uploads\/2025\/07\/Web_kopf.jpg?fit=1260%2C240&ssl=1","width":1260,"height":240,"caption":"TuS Eschringen"},"image":{"@id":"https:\/\/tus.eschringen.de\/wordpress\/#\/schema\/logo\/image\/"},"sameAs":["https:\/\/www.facebook.com\/TuS.Eschringen\/","https:\/\/www.instagram.com\/tus.eschringen\/"]}]}},"jetpack_sharing_enabled":true,"_links":{"self":[{"href":"https:\/\/tus.eschringen.de\/wordpress\/wp-json\/wp\/v2\/tribe_events\/4132","targetHints":{"allow":["GET"]}}],"collection":[{"href":"https:\/\/tus.eschringen.de\/wordpress\/wp-json\/wp\/v2\/tribe_events"}],"about":[{"href":"https:\/\/tus.eschringen.de\/wordpress\/wp-json\/wp\/v2\/types\/tribe_events"}],"author":[{"embeddable":true,"href":"https:\/\/tus.eschringen.de\/wordpress\/wp-json\/wp\/v2\/users\/1"}],"version-history":[{"count":7,"href":"https:\/\/tus.eschringen.de\/wordpress\/wp-json\/wp\/v2\/tribe_events\/4132\/revisions"}],"predecessor-version":[{"id":4403,"href":"https:\/\/tus.eschringen.de\/wordpress\/wp-json\/wp\/v2\/tribe_events\/4132\/revisions\/4403"}],"wp:attachment":[{"href":"https:\/\/tus.eschringen.de\/wordpress\/wp-json\/wp\/v2\/media?parent=4132"}],"wp:term":[{"taxonomy":"post_tag","embeddable":true,"href":"https:\/\/tus.eschringen.de\/wordpress\/wp-json\/wp\/v2\/tags?post=4132"},{"taxonomy":"tribe_events_cat","embeddable":true,"href":"https:\/\/tus.eschringen.de\/wordpress\/wp-json\/wp\/v2\/tribe_events_cat?post=4132"}],"curies":[{"name":"wp","href":"https:\/\/api.w.org\/{rel}","templated":true}]}}