{"id":1508,"date":"2018-08-16T14:02:34","date_gmt":"2018-08-16T12:02:34","guid":{"rendered":"http:\/\/tus.eschringen.de\/wordpress\/?post_type=tribe_events&#038;p=1508"},"modified":"2018-09-05T23:33:51","modified_gmt":"2018-09-05T21:33:51","slug":"tus-eschringen-sf-hanweiler","status":"publish","type":"tribe_events","link":"https:\/\/tus.eschringen.de\/wordpress\/event\/tus-eschringen-sf-hanweiler\/","title":{"rendered":"TuS Eschringen &#8211; SF Hanweiler"},"content":{"rendered":"\n\n\n\n\n<p><strong>Bezirksliga Saarbr\u00fccken<br\/><\/strong><\/p>\n\n\n\n<p>5. Spieltag<\/p>\n\n\n\n<p>TuS Eschringen &#8211; SF Hanweiler <strong>12:0 <\/strong>(12:0)<\/p>\n\n\n\n<p><strong>Spielbericht:<\/strong><\/p>\n\n\n\n<p>Es war ein seltsames Spiel f\u00fcr alle Beteiligten und die Zuschauer. Die G\u00e4ste traten lediglich mit acht Spielern an und konnten nur eine Halbzeit lang spielen, da anschlie\u00dfend zwei weitere Spieler kollidierende Termine hatten. Der TuS schaffte es dennoch, ein Match, in dem es nichts zu gewinnen gab, attraktiv zu gestalten. Etwa alle vier Minuten wurde ein Tor erzielt, so dass die Fans auch so auf ihre Kosten kamen.<\/p>\n\n\n\n<p>Von\nBeginn an spielten sich die Ergebnisse lediglich in der Hanweiler H\u00e4lfte ab. In\ndem deshalb stark reduzierten Spielfeld ging es f\u00fcr unsere Mannschaft darum,\ndas Spiel breit zu machen, sich zu bewegen und den Ball schnell laufen zu\nlassen, um dem Gegner den Zugriff auf unsere Spieler zu erschweren und die\nnummerische \u00dcberzahl auszunutzen. All diese Dinge wurden von unserem Team sehr\ngut umgesetzt, so dass man in nur einer Halbzeit auf ein Dutzend Tore kam.\nRes\u00fcmierend kann man daher von einem weiterhin guten Lauf sprechen. Unsere\nMannschaft zeigte sich ger\u00fcstet f\u00fcr die n\u00e4chsten schwierigen Aufgaben.<\/p>\n\n\n\n<p><strong>Torsch\u00fctzen:<\/strong><\/p>\n\n\n\n<p><strong>1:0 Simon Herter (4. Min)<\/strong><br\/><strong>2:0 Simon Herter (14. Min)<\/strong><br\/><strong>3:0 Florian Hoffmann (18. Min)<\/strong><br\/><strong>4:0 Philipp Wilhelm (22. Min)<\/strong><br\/><strong>5:0 Simon Herter (25. Min)<\/strong><br\/><strong>6:0 Philipp Wilhelm (29. Min)<\/strong><br\/><strong>7:0 Daniel Hart (30. Min)<\/strong><br\/><strong>8:0 Daniel Hart (31. Min)<\/strong><br\/><strong>9:0 Simon Herter (36. Min)<\/strong><br\/><strong>10:0 Frank Rase (38. Min)<\/strong><br\/><strong>11:0 Simon Herter (41. Min)<\/strong><br\/><strong>12:0 Philipp Wilhelm (43. Min)<\/strong><\/p>\n\n\n\n\n\n\n","protected":false},"excerpt":{"rendered":"<p>Bezirksliga Saarbr\u00fccken 5. Spieltag TuS Eschringen &#8211; SF Hanweiler 12:0 (12:0) Spielbericht: Es war ein seltsames Spiel f\u00fcr alle Beteiligten und die Zuschauer. Die G\u00e4ste traten lediglich mit acht Spielern an und konnten nur eine Halbzeit lang spielen, da anschlie\u00dfend zwei weitere Spieler kollidierende Termine hatten. Der TuS schaffte es dennoch, ein Match, in dem &#8230; <\/p>\n<p class=\"read-more-container\"><a title=\"TuS Eschringen &#8211; SF Hanweiler\" class=\"read-more button\" href=\"https:\/\/tus.eschringen.de\/wordpress\/event\/tus-eschringen-sf-hanweiler\/#more-1508\" aria-label=\"Mehr Informationen \u00fcber TuS Eschringen &#8211; SF Hanweiler\">alles lesen<\/a><\/p>\n","protected":false},"author":1,"featured_media":0,"template":"","meta":{"generate_page_header":"","_tribe_events_status":"","_tribe_events_status_reason":"","footnotes":""},"tags":[],"tribe_events_cat":[8],"class_list":["post-1508","tribe_events","type-tribe_events","status-publish","hentry","tribe_events_cat-bezirksliga-saarbruecken","cat_bezirksliga-saarbruecken"],"yoast_head":"<!-- This site is optimized with the Yoast SEO plugin v27.4 - https:\/\/yoast.com\/product\/yoast-seo-wordpress\/ -->\n<title>TuS Eschringen - SF Hanweiler - TuS Eschringen<\/title>\n<meta name=\"robots\" content=\"index, follow, max-snippet:-1, max-image-preview:large, max-video-preview:-1\" \/>\n<link rel=\"canonical\" href=\"https:\/\/tus.eschringen.de\/wordpress\/event\/tus-eschringen-sf-hanweiler\/\" \/>\n<meta property=\"og:locale\" content=\"de_DE\" \/>\n<meta property=\"og:type\" content=\"article\" \/>\n<meta property=\"og:title\" content=\"TuS Eschringen - SF Hanweiler - TuS Eschringen\" \/>\n<meta property=\"og:description\" content=\"Bezirksliga Saarbr\u00fccken 5. Spieltag TuS Eschringen &#8211; SF Hanweiler 12:0 (12:0) Spielbericht: Es war ein seltsames Spiel f\u00fcr alle Beteiligten und die Zuschauer. Die G\u00e4ste traten lediglich mit acht Spielern an und konnten nur eine Halbzeit lang spielen, da anschlie\u00dfend zwei weitere Spieler kollidierende Termine hatten. Der TuS schaffte es dennoch, ein Match, in dem ... alles lesen\" \/>\n<meta property=\"og:url\" content=\"https:\/\/tus.eschringen.de\/wordpress\/event\/tus-eschringen-sf-hanweiler\/\" \/>\n<meta property=\"og:site_name\" content=\"TuS Eschringen\" \/>\n<meta property=\"article:publisher\" content=\"https:\/\/www.facebook.com\/TuS.Eschringen\/\" \/>\n<meta property=\"article:modified_time\" content=\"2018-09-05T21:33:51+00:00\" \/>\n<meta name=\"twitter:card\" content=\"summary_large_image\" \/>\n<meta name=\"twitter:label1\" content=\"Gesch\u00e4tzte Lesezeit\" \/>\n\t<meta name=\"twitter:data1\" content=\"1\u00a0Minute\" \/>\n<script type=\"application\/ld+json\" class=\"yoast-schema-graph\">{\"@context\":\"https:\\\/\\\/schema.org\",\"@graph\":[{\"@type\":\"WebPage\",\"@id\":\"https:\\\/\\\/tus.eschringen.de\\\/wordpress\\\/event\\\/tus-eschringen-sf-hanweiler\\\/\",\"url\":\"https:\\\/\\\/tus.eschringen.de\\\/wordpress\\\/event\\\/tus-eschringen-sf-hanweiler\\\/\",\"name\":\"TuS Eschringen - SF Hanweiler - TuS Eschringen\",\"isPartOf\":{\"@id\":\"https:\\\/\\\/tus.eschringen.de\\\/wordpress\\\/#website\"},\"datePublished\":\"2018-08-16T12:02:34+00:00\",\"dateModified\":\"2018-09-05T21:33:51+00:00\",\"breadcrumb\":{\"@id\":\"https:\\\/\\\/tus.eschringen.de\\\/wordpress\\\/event\\\/tus-eschringen-sf-hanweiler\\\/#breadcrumb\"},\"inLanguage\":\"de\",\"potentialAction\":[{\"@type\":\"ReadAction\",\"target\":[\"https:\\\/\\\/tus.eschringen.de\\\/wordpress\\\/event\\\/tus-eschringen-sf-hanweiler\\\/\"]}]},{\"@type\":\"BreadcrumbList\",\"@id\":\"https:\\\/\\\/tus.eschringen.de\\\/wordpress\\\/event\\\/tus-eschringen-sf-hanweiler\\\/#breadcrumb\",\"itemListElement\":[{\"@type\":\"ListItem\",\"position\":1,\"name\":\"Startseite\",\"item\":\"https:\\\/\\\/tus.eschringen.de\\\/wordpress\\\/\"},{\"@type\":\"ListItem\",\"position\":2,\"name\":\"Veranstaltungen\",\"item\":\"https:\\\/\\\/tus.eschringen.de\\\/wordpress\\\/events\\\/\"},{\"@type\":\"ListItem\",\"position\":3,\"name\":\"TuS Eschringen &#8211; SF Hanweiler\"}]},{\"@type\":\"WebSite\",\"@id\":\"https:\\\/\\\/tus.eschringen.de\\\/wordpress\\\/#website\",\"url\":\"https:\\\/\\\/tus.eschringen.de\\\/wordpress\\\/\",\"name\":\"TuS Eschringen\",\"description\":\"\",\"publisher\":{\"@id\":\"https:\\\/\\\/tus.eschringen.de\\\/wordpress\\\/#organization\"},\"potentialAction\":[{\"@type\":\"SearchAction\",\"target\":{\"@type\":\"EntryPoint\",\"urlTemplate\":\"https:\\\/\\\/tus.eschringen.de\\\/wordpress\\\/?s={search_term_string}\"},\"query-input\":{\"@type\":\"PropertyValueSpecification\",\"valueRequired\":true,\"valueName\":\"search_term_string\"}}],\"inLanguage\":\"de\"},{\"@type\":\"Organization\",\"@id\":\"https:\\\/\\\/tus.eschringen.de\\\/wordpress\\\/#organization\",\"name\":\"TuS Eschringen\",\"url\":\"https:\\\/\\\/tus.eschringen.de\\\/wordpress\\\/\",\"logo\":{\"@type\":\"ImageObject\",\"inLanguage\":\"de\",\"@id\":\"https:\\\/\\\/tus.eschringen.de\\\/wordpress\\\/#\\\/schema\\\/logo\\\/image\\\/\",\"url\":\"https:\\\/\\\/i0.wp.com\\\/tus.eschringen.de\\\/wordpress\\\/wp-content\\\/uploads\\\/2025\\\/07\\\/Web_kopf.jpg?fit=1260%2C240&ssl=1\",\"contentUrl\":\"https:\\\/\\\/i0.wp.com\\\/tus.eschringen.de\\\/wordpress\\\/wp-content\\\/uploads\\\/2025\\\/07\\\/Web_kopf.jpg?fit=1260%2C240&ssl=1\",\"width\":1260,\"height\":240,\"caption\":\"TuS Eschringen\"},\"image\":{\"@id\":\"https:\\\/\\\/tus.eschringen.de\\\/wordpress\\\/#\\\/schema\\\/logo\\\/image\\\/\"},\"sameAs\":[\"https:\\\/\\\/www.facebook.com\\\/TuS.Eschringen\\\/\",\"https:\\\/\\\/www.instagram.com\\\/tus.eschringen\\\/\"]}]}<\/script>\n<!-- \/ Yoast SEO plugin. -->","yoast_head_json":{"title":"TuS Eschringen - SF Hanweiler - TuS Eschringen","robots":{"index":"index","follow":"follow","max-snippet":"max-snippet:-1","max-image-preview":"max-image-preview:large","max-video-preview":"max-video-preview:-1"},"canonical":"https:\/\/tus.eschringen.de\/wordpress\/event\/tus-eschringen-sf-hanweiler\/","og_locale":"de_DE","og_type":"article","og_title":"TuS Eschringen - SF Hanweiler - TuS Eschringen","og_description":"Bezirksliga Saarbr\u00fccken 5. Spieltag TuS Eschringen &#8211; SF Hanweiler 12:0 (12:0) Spielbericht: Es war ein seltsames Spiel f\u00fcr alle Beteiligten und die Zuschauer. Die G\u00e4ste traten lediglich mit acht Spielern an und konnten nur eine Halbzeit lang spielen, da anschlie\u00dfend zwei weitere Spieler kollidierende Termine hatten. Der TuS schaffte es dennoch, ein Match, in dem ... alles lesen","og_url":"https:\/\/tus.eschringen.de\/wordpress\/event\/tus-eschringen-sf-hanweiler\/","og_site_name":"TuS Eschringen","article_publisher":"https:\/\/www.facebook.com\/TuS.Eschringen\/","article_modified_time":"2018-09-05T21:33:51+00:00","twitter_card":"summary_large_image","twitter_misc":{"Gesch\u00e4tzte Lesezeit":"1\u00a0Minute"},"schema":{"@context":"https:\/\/schema.org","@graph":[{"@type":"WebPage","@id":"https:\/\/tus.eschringen.de\/wordpress\/event\/tus-eschringen-sf-hanweiler\/","url":"https:\/\/tus.eschringen.de\/wordpress\/event\/tus-eschringen-sf-hanweiler\/","name":"TuS Eschringen - SF Hanweiler - TuS Eschringen","isPartOf":{"@id":"https:\/\/tus.eschringen.de\/wordpress\/#website"},"datePublished":"2018-08-16T12:02:34+00:00","dateModified":"2018-09-05T21:33:51+00:00","breadcrumb":{"@id":"https:\/\/tus.eschringen.de\/wordpress\/event\/tus-eschringen-sf-hanweiler\/#breadcrumb"},"inLanguage":"de","potentialAction":[{"@type":"ReadAction","target":["https:\/\/tus.eschringen.de\/wordpress\/event\/tus-eschringen-sf-hanweiler\/"]}]},{"@type":"BreadcrumbList","@id":"https:\/\/tus.eschringen.de\/wordpress\/event\/tus-eschringen-sf-hanweiler\/#breadcrumb","itemListElement":[{"@type":"ListItem","position":1,"name":"Startseite","item":"https:\/\/tus.eschringen.de\/wordpress\/"},{"@type":"ListItem","position":2,"name":"Veranstaltungen","item":"https:\/\/tus.eschringen.de\/wordpress\/events\/"},{"@type":"ListItem","position":3,"name":"TuS Eschringen &#8211; SF Hanweiler"}]},{"@type":"WebSite","@id":"https:\/\/tus.eschringen.de\/wordpress\/#website","url":"https:\/\/tus.eschringen.de\/wordpress\/","name":"TuS Eschringen","description":"","publisher":{"@id":"https:\/\/tus.eschringen.de\/wordpress\/#organization"},"potentialAction":[{"@type":"SearchAction","target":{"@type":"EntryPoint","urlTemplate":"https:\/\/tus.eschringen.de\/wordpress\/?s={search_term_string}"},"query-input":{"@type":"PropertyValueSpecification","valueRequired":true,"valueName":"search_term_string"}}],"inLanguage":"de"},{"@type":"Organization","@id":"https:\/\/tus.eschringen.de\/wordpress\/#organization","name":"TuS Eschringen","url":"https:\/\/tus.eschringen.de\/wordpress\/","logo":{"@type":"ImageObject","inLanguage":"de","@id":"https:\/\/tus.eschringen.de\/wordpress\/#\/schema\/logo\/image\/","url":"https:\/\/i0.wp.com\/tus.eschringen.de\/wordpress\/wp-content\/uploads\/2025\/07\/Web_kopf.jpg?fit=1260%2C240&ssl=1","contentUrl":"https:\/\/i0.wp.com\/tus.eschringen.de\/wordpress\/wp-content\/uploads\/2025\/07\/Web_kopf.jpg?fit=1260%2C240&ssl=1","width":1260,"height":240,"caption":"TuS Eschringen"},"image":{"@id":"https:\/\/tus.eschringen.de\/wordpress\/#\/schema\/logo\/image\/"},"sameAs":["https:\/\/www.facebook.com\/TuS.Eschringen\/","https:\/\/www.instagram.com\/tus.eschringen\/"]}]}},"jetpack_sharing_enabled":true,"_links":{"self":[{"href":"https:\/\/tus.eschringen.de\/wordpress\/wp-json\/wp\/v2\/tribe_events\/1508","targetHints":{"allow":["GET"]}}],"collection":[{"href":"https:\/\/tus.eschringen.de\/wordpress\/wp-json\/wp\/v2\/tribe_events"}],"about":[{"href":"https:\/\/tus.eschringen.de\/wordpress\/wp-json\/wp\/v2\/types\/tribe_events"}],"author":[{"embeddable":true,"href":"https:\/\/tus.eschringen.de\/wordpress\/wp-json\/wp\/v2\/users\/1"}],"version-history":[{"count":5,"href":"https:\/\/tus.eschringen.de\/wordpress\/wp-json\/wp\/v2\/tribe_events\/1508\/revisions"}],"predecessor-version":[{"id":1669,"href":"https:\/\/tus.eschringen.de\/wordpress\/wp-json\/wp\/v2\/tribe_events\/1508\/revisions\/1669"}],"wp:attachment":[{"href":"https:\/\/tus.eschringen.de\/wordpress\/wp-json\/wp\/v2\/media?parent=1508"}],"wp:term":[{"taxonomy":"post_tag","embeddable":true,"href":"https:\/\/tus.eschringen.de\/wordpress\/wp-json\/wp\/v2\/tags?post=1508"},{"taxonomy":"tribe_events_cat","embeddable":true,"href":"https:\/\/tus.eschringen.de\/wordpress\/wp-json\/wp\/v2\/tribe_events_cat?post=1508"}],"curies":[{"name":"wp","href":"https:\/\/api.w.org\/{rel}","templated":true}]}}