{"id":131,"date":"2016-02-24T21:21:32","date_gmt":"2016-02-24T20:21:32","guid":{"rendered":"http:\/\/tus.eschringen.de\/wordpress\/?post_type=tribe_events&#038;p=131"},"modified":"2016-02-24T21:21:32","modified_gmt":"2016-02-24T20:21:32","slug":"fussball-tus-eschringen-tus-jaegersfreude","status":"publish","type":"tribe_events","link":"https:\/\/tus.eschringen.de\/wordpress\/event\/fussball-tus-eschringen-tus-jaegersfreude\/","title":{"rendered":"Fussball: TuS Eschringen &#8211; TuS J\u00e4gersfreude"},"content":{"rendered":"<p><strong>Bezirksliga Saarbr\u00fccken &#8211; 14. Spieltag<\/strong><\/p>\n<p>TuS Eschringen &#8211; TuS J\u00e4gersfreude\u00a0<span style=\"color: #ff0000;\"><strong> 2:4<\/strong><\/span> (1:3)<\/p>\n<p><strong>Spielbericht:<\/strong><\/p>\n<p>Der TuS war in der kompletten ersten Halbzeit die spielerisch bessere Mannschaft, vergab allerdings die sich bietenden Gelegenheiten. J\u00e4gersfreude machte unserem Team in Effektivit\u00e4t vor, wie es geht. Die ersten beiden Torsch\u00fcsse landeten direkt in unserem Kasten und so war bereits nach 21 Minuten eine gewisse Vorentscheidung gefallen. Durch das Anschlusstor von Florian Hoffmann keimte kurzzeitig wieder Hoffnung auf. Diese wurde allerdings durch eine Unachtsamkeit in der Abwehr und das damit verbundene 1:3 wieder zunichte gemacht. Als in der 57. Spielminute das 1:4 fiel, war das Spiel verloren. Eschringen bekam keinen Zug mehr in Richtung Tor von J\u00e4gersfreude hin. Der Anschlusstreffer per Elfmeter von Johann Kronwid konnte daran nichts mehr \u00e4ndern. Das Kirwespiel ging leider an die Gastmannschaft.<\/p>\n<p>Torsch\u00fctzen:<br \/>\n0:1 Umut Taskiran (13.)<br \/>\n0:2 Martin Kupny (21.)<br \/>\n<span style=\"color: #ff0000;\"><strong>1:2<\/strong> <\/span>Florian Hoffmann (36.)<br \/>\n1:3 Ulas Celik (40.)<br \/>\n1:4 Martin Kupny (57.)<br \/>\n<span style=\"color: #ff0000;\"><strong>2:4<\/strong><\/span> Johann Kronwid (80.)<\/p>\n","protected":false},"excerpt":{"rendered":"<p>Bezirksliga Saarbr\u00fccken &#8211; 14. Spieltag TuS Eschringen &#8211; TuS J\u00e4gersfreude\u00a0 2:4 (1:3) Spielbericht: Der TuS war in der kompletten ersten Halbzeit die spielerisch bessere Mannschaft, vergab allerdings die sich bietenden Gelegenheiten. J\u00e4gersfreude machte unserem Team in Effektivit\u00e4t vor, wie es geht. Die ersten beiden Torsch\u00fcsse landeten direkt in unserem Kasten und so war bereits nach &#8230; <\/p>\n<p class=\"read-more-container\"><a title=\"Fussball: TuS Eschringen &#8211; TuS J\u00e4gersfreude\" class=\"read-more button\" href=\"https:\/\/tus.eschringen.de\/wordpress\/event\/fussball-tus-eschringen-tus-jaegersfreude\/#more-131\" aria-label=\"Mehr Informationen \u00fcber Fussball: TuS Eschringen &#8211; TuS J\u00e4gersfreude\">alles lesen<\/a><\/p>\n","protected":false},"author":1,"featured_media":0,"template":"","meta":{"generate_page_header":"","_tribe_events_status":"","_tribe_events_status_reason":"","footnotes":""},"tags":[],"tribe_events_cat":[],"class_list":["post-131","tribe_events","type-tribe_events","status-publish","hentry"],"yoast_head":"<!-- This site is optimized with the Yoast SEO plugin v27.5 - https:\/\/yoast.com\/product\/yoast-seo-wordpress\/ -->\n<title>Fussball: TuS Eschringen - TuS J\u00e4gersfreude - TuS Eschringen<\/title>\n<meta name=\"robots\" content=\"index, follow, max-snippet:-1, max-image-preview:large, max-video-preview:-1\" \/>\n<link rel=\"canonical\" href=\"https:\/\/tus.eschringen.de\/wordpress\/event\/fussball-tus-eschringen-tus-jaegersfreude\/\" \/>\n<meta property=\"og:locale\" content=\"de_DE\" \/>\n<meta property=\"og:type\" content=\"article\" \/>\n<meta property=\"og:title\" content=\"Fussball: TuS Eschringen - TuS J\u00e4gersfreude - TuS Eschringen\" \/>\n<meta property=\"og:description\" content=\"Bezirksliga Saarbr\u00fccken &#8211; 14. Spieltag TuS Eschringen &#8211; TuS J\u00e4gersfreude\u00a0 2:4 (1:3) Spielbericht: Der TuS war in der kompletten ersten Halbzeit die spielerisch bessere Mannschaft, vergab allerdings die sich bietenden Gelegenheiten. J\u00e4gersfreude machte unserem Team in Effektivit\u00e4t vor, wie es geht. Die ersten beiden Torsch\u00fcsse landeten direkt in unserem Kasten und so war bereits nach ... alles lesen\" \/>\n<meta property=\"og:url\" content=\"https:\/\/tus.eschringen.de\/wordpress\/event\/fussball-tus-eschringen-tus-jaegersfreude\/\" \/>\n<meta property=\"og:site_name\" content=\"TuS Eschringen\" \/>\n<meta property=\"article:publisher\" content=\"https:\/\/www.facebook.com\/TuS.Eschringen\/\" \/>\n<meta name=\"twitter:card\" content=\"summary_large_image\" \/>\n<meta name=\"twitter:label1\" content=\"Gesch\u00e4tzte Lesezeit\" \/>\n\t<meta name=\"twitter:data1\" content=\"1\u00a0Minute\" \/>\n<script type=\"application\/ld+json\" class=\"yoast-schema-graph\">{\"@context\":\"https:\\\/\\\/schema.org\",\"@graph\":[{\"@type\":\"WebPage\",\"@id\":\"https:\\\/\\\/tus.eschringen.de\\\/wordpress\\\/event\\\/fussball-tus-eschringen-tus-jaegersfreude\\\/\",\"url\":\"https:\\\/\\\/tus.eschringen.de\\\/wordpress\\\/event\\\/fussball-tus-eschringen-tus-jaegersfreude\\\/\",\"name\":\"Fussball: TuS Eschringen - TuS J\u00e4gersfreude - TuS Eschringen\",\"isPartOf\":{\"@id\":\"https:\\\/\\\/tus.eschringen.de\\\/wordpress\\\/#website\"},\"datePublished\":\"2016-02-24T20:21:32+00:00\",\"breadcrumb\":{\"@id\":\"https:\\\/\\\/tus.eschringen.de\\\/wordpress\\\/event\\\/fussball-tus-eschringen-tus-jaegersfreude\\\/#breadcrumb\"},\"inLanguage\":\"de\",\"potentialAction\":[{\"@type\":\"ReadAction\",\"target\":[\"https:\\\/\\\/tus.eschringen.de\\\/wordpress\\\/event\\\/fussball-tus-eschringen-tus-jaegersfreude\\\/\"]}]},{\"@type\":\"BreadcrumbList\",\"@id\":\"https:\\\/\\\/tus.eschringen.de\\\/wordpress\\\/event\\\/fussball-tus-eschringen-tus-jaegersfreude\\\/#breadcrumb\",\"itemListElement\":[{\"@type\":\"ListItem\",\"position\":1,\"name\":\"Startseite\",\"item\":\"https:\\\/\\\/tus.eschringen.de\\\/wordpress\\\/\"},{\"@type\":\"ListItem\",\"position\":2,\"name\":\"Veranstaltungen\",\"item\":\"https:\\\/\\\/tus.eschringen.de\\\/wordpress\\\/events\\\/\"},{\"@type\":\"ListItem\",\"position\":3,\"name\":\"Fussball: TuS Eschringen &#8211; TuS J\u00e4gersfreude\"}]},{\"@type\":\"WebSite\",\"@id\":\"https:\\\/\\\/tus.eschringen.de\\\/wordpress\\\/#website\",\"url\":\"https:\\\/\\\/tus.eschringen.de\\\/wordpress\\\/\",\"name\":\"TuS Eschringen\",\"description\":\"\",\"publisher\":{\"@id\":\"https:\\\/\\\/tus.eschringen.de\\\/wordpress\\\/#organization\"},\"potentialAction\":[{\"@type\":\"SearchAction\",\"target\":{\"@type\":\"EntryPoint\",\"urlTemplate\":\"https:\\\/\\\/tus.eschringen.de\\\/wordpress\\\/?s={search_term_string}\"},\"query-input\":{\"@type\":\"PropertyValueSpecification\",\"valueRequired\":true,\"valueName\":\"search_term_string\"}}],\"inLanguage\":\"de\"},{\"@type\":\"Organization\",\"@id\":\"https:\\\/\\\/tus.eschringen.de\\\/wordpress\\\/#organization\",\"name\":\"TuS Eschringen\",\"url\":\"https:\\\/\\\/tus.eschringen.de\\\/wordpress\\\/\",\"logo\":{\"@type\":\"ImageObject\",\"inLanguage\":\"de\",\"@id\":\"https:\\\/\\\/tus.eschringen.de\\\/wordpress\\\/#\\\/schema\\\/logo\\\/image\\\/\",\"url\":\"https:\\\/\\\/i0.wp.com\\\/tus.eschringen.de\\\/wordpress\\\/wp-content\\\/uploads\\\/2025\\\/07\\\/Web_kopf.jpg?fit=1260%2C240&ssl=1\",\"contentUrl\":\"https:\\\/\\\/i0.wp.com\\\/tus.eschringen.de\\\/wordpress\\\/wp-content\\\/uploads\\\/2025\\\/07\\\/Web_kopf.jpg?fit=1260%2C240&ssl=1\",\"width\":1260,\"height\":240,\"caption\":\"TuS Eschringen\"},\"image\":{\"@id\":\"https:\\\/\\\/tus.eschringen.de\\\/wordpress\\\/#\\\/schema\\\/logo\\\/image\\\/\"},\"sameAs\":[\"https:\\\/\\\/www.facebook.com\\\/TuS.Eschringen\\\/\",\"https:\\\/\\\/www.instagram.com\\\/tus.eschringen\\\/\"]}]}<\/script>\n<!-- \/ Yoast SEO plugin. -->","yoast_head_json":{"title":"Fussball: TuS Eschringen - TuS J\u00e4gersfreude - TuS Eschringen","robots":{"index":"index","follow":"follow","max-snippet":"max-snippet:-1","max-image-preview":"max-image-preview:large","max-video-preview":"max-video-preview:-1"},"canonical":"https:\/\/tus.eschringen.de\/wordpress\/event\/fussball-tus-eschringen-tus-jaegersfreude\/","og_locale":"de_DE","og_type":"article","og_title":"Fussball: TuS Eschringen - TuS J\u00e4gersfreude - TuS Eschringen","og_description":"Bezirksliga Saarbr\u00fccken &#8211; 14. Spieltag TuS Eschringen &#8211; TuS J\u00e4gersfreude\u00a0 2:4 (1:3) Spielbericht: Der TuS war in der kompletten ersten Halbzeit die spielerisch bessere Mannschaft, vergab allerdings die sich bietenden Gelegenheiten. J\u00e4gersfreude machte unserem Team in Effektivit\u00e4t vor, wie es geht. Die ersten beiden Torsch\u00fcsse landeten direkt in unserem Kasten und so war bereits nach ... alles lesen","og_url":"https:\/\/tus.eschringen.de\/wordpress\/event\/fussball-tus-eschringen-tus-jaegersfreude\/","og_site_name":"TuS Eschringen","article_publisher":"https:\/\/www.facebook.com\/TuS.Eschringen\/","twitter_card":"summary_large_image","twitter_misc":{"Gesch\u00e4tzte Lesezeit":"1\u00a0Minute"},"schema":{"@context":"https:\/\/schema.org","@graph":[{"@type":"WebPage","@id":"https:\/\/tus.eschringen.de\/wordpress\/event\/fussball-tus-eschringen-tus-jaegersfreude\/","url":"https:\/\/tus.eschringen.de\/wordpress\/event\/fussball-tus-eschringen-tus-jaegersfreude\/","name":"Fussball: TuS Eschringen - TuS J\u00e4gersfreude - TuS Eschringen","isPartOf":{"@id":"https:\/\/tus.eschringen.de\/wordpress\/#website"},"datePublished":"2016-02-24T20:21:32+00:00","breadcrumb":{"@id":"https:\/\/tus.eschringen.de\/wordpress\/event\/fussball-tus-eschringen-tus-jaegersfreude\/#breadcrumb"},"inLanguage":"de","potentialAction":[{"@type":"ReadAction","target":["https:\/\/tus.eschringen.de\/wordpress\/event\/fussball-tus-eschringen-tus-jaegersfreude\/"]}]},{"@type":"BreadcrumbList","@id":"https:\/\/tus.eschringen.de\/wordpress\/event\/fussball-tus-eschringen-tus-jaegersfreude\/#breadcrumb","itemListElement":[{"@type":"ListItem","position":1,"name":"Startseite","item":"https:\/\/tus.eschringen.de\/wordpress\/"},{"@type":"ListItem","position":2,"name":"Veranstaltungen","item":"https:\/\/tus.eschringen.de\/wordpress\/events\/"},{"@type":"ListItem","position":3,"name":"Fussball: TuS Eschringen &#8211; TuS J\u00e4gersfreude"}]},{"@type":"WebSite","@id":"https:\/\/tus.eschringen.de\/wordpress\/#website","url":"https:\/\/tus.eschringen.de\/wordpress\/","name":"TuS Eschringen","description":"","publisher":{"@id":"https:\/\/tus.eschringen.de\/wordpress\/#organization"},"potentialAction":[{"@type":"SearchAction","target":{"@type":"EntryPoint","urlTemplate":"https:\/\/tus.eschringen.de\/wordpress\/?s={search_term_string}"},"query-input":{"@type":"PropertyValueSpecification","valueRequired":true,"valueName":"search_term_string"}}],"inLanguage":"de"},{"@type":"Organization","@id":"https:\/\/tus.eschringen.de\/wordpress\/#organization","name":"TuS Eschringen","url":"https:\/\/tus.eschringen.de\/wordpress\/","logo":{"@type":"ImageObject","inLanguage":"de","@id":"https:\/\/tus.eschringen.de\/wordpress\/#\/schema\/logo\/image\/","url":"https:\/\/i0.wp.com\/tus.eschringen.de\/wordpress\/wp-content\/uploads\/2025\/07\/Web_kopf.jpg?fit=1260%2C240&ssl=1","contentUrl":"https:\/\/i0.wp.com\/tus.eschringen.de\/wordpress\/wp-content\/uploads\/2025\/07\/Web_kopf.jpg?fit=1260%2C240&ssl=1","width":1260,"height":240,"caption":"TuS Eschringen"},"image":{"@id":"https:\/\/tus.eschringen.de\/wordpress\/#\/schema\/logo\/image\/"},"sameAs":["https:\/\/www.facebook.com\/TuS.Eschringen\/","https:\/\/www.instagram.com\/tus.eschringen\/"]}]}},"jetpack_sharing_enabled":true,"_links":{"self":[{"href":"https:\/\/tus.eschringen.de\/wordpress\/wp-json\/wp\/v2\/tribe_events\/131","targetHints":{"allow":["GET"]}}],"collection":[{"href":"https:\/\/tus.eschringen.de\/wordpress\/wp-json\/wp\/v2\/tribe_events"}],"about":[{"href":"https:\/\/tus.eschringen.de\/wordpress\/wp-json\/wp\/v2\/types\/tribe_events"}],"author":[{"embeddable":true,"href":"https:\/\/tus.eschringen.de\/wordpress\/wp-json\/wp\/v2\/users\/1"}],"version-history":[{"count":0,"href":"https:\/\/tus.eschringen.de\/wordpress\/wp-json\/wp\/v2\/tribe_events\/131\/revisions"}],"wp:attachment":[{"href":"https:\/\/tus.eschringen.de\/wordpress\/wp-json\/wp\/v2\/media?parent=131"}],"wp:term":[{"taxonomy":"post_tag","embeddable":true,"href":"https:\/\/tus.eschringen.de\/wordpress\/wp-json\/wp\/v2\/tags?post=131"},{"taxonomy":"tribe_events_cat","embeddable":true,"href":"https:\/\/tus.eschringen.de\/wordpress\/wp-json\/wp\/v2\/tribe_events_cat?post=131"}],"curies":[{"name":"wp","href":"https:\/\/api.w.org\/{rel}","templated":true}]}}